{"id":10,"date":"2024-01-15T16:48:45","date_gmt":"2024-01-15T15:48:45","guid":{"rendered":"https:\/\/www.asphaltsprenger.de\/?page_id=10"},"modified":"2026-04-21T13:39:01","modified_gmt":"2026-04-21T11:39:01","slug":"timetable-2025","status":"publish","type":"page","link":"https:\/\/www.asphaltsprenger.de\/en\/timetable-2025\/","title":{"rendered":"Timetable 2025"},"content":{"rendered":"<p>[et_pb_section fb_built=&#8220;1&#8243; custom_padding_last_edited=&#8220;on|phone&#8220; admin_label=&#8220;Section&#8220; _builder_version=&#8220;4.24.2&#8243; _module_preset=&#8220;default&#8220; background_color=&#8220;#153A4C&#8220; custom_padding=&#8220;120px||||false|false&#8220; custom_padding_tablet=&#8220;80px||||false|false&#8220; custom_padding_phone=&#8220;40px||||false|false&#8220; da_popup_slug=&#8220;programm&#8220; da_is_singular=&#8220;off&#8220; da_dark_close=&#8220;off&#8220; da_disable_devices=&#8220;off|off|off&#8220; locked=&#8220;off&#8220; global_colors_info=&#8220;{}&#8220; da_is_popup=&#8220;off&#8220; da_exit_intent=&#8220;off&#8220; da_has_close=&#8220;on&#8220; da_alt_close=&#8220;off&#8220; da_not_modal=&#8220;on&#8220; da_with_loader=&#8220;off&#8220; da_has_shadow=&#8220;on&#8220;][et_pb_row _builder_version=&#8220;4.24.2&#8243; _module_preset=&#8220;default&#8220; width_tablet=&#8220;&#8220; width_phone=&#8220;85%&#8220; width_last_edited=&#8220;on|phone&#8220; global_colors_info=&#8220;{}&#8220;][et_pb_column type=&#8220;4_4&#8243; _builder_version=&#8220;4.23.4&#8243; _module_preset=&#8220;default&#8220; global_colors_info=&#8220;{}&#8220;][et_pb_text _builder_version=&#8220;4.27.4&#8243; _module_preset=&#8220;default&#8220; header_font=&#8220;|||on|||||&#8220; background_layout=&#8220;dark&#8220; header_font_size_tablet=&#8220;&#8220; header_font_size_phone=&#8220;&#8220; header_font_size_last_edited=&#8220;on|phone&#8220; global_colors_info=&#8220;{}&#8220; header_text_color__hover_enabled=&#8220;on|hover&#8220; header_text_color__hover=&#8220;#D40064&#8243; header_letter_spacing__hover=&#8220;15px&#8220; header_letter_spacing__hover_enabled=&#8220;on|hover&#8220;]<\/p>\n<h1>Timetable 2025<\/h1>\n<p>[\/et_pb_text][\/et_pb_column][\/et_pb_row][et_pb_row module_class=&#8220;buttons-inline&#8220; _builder_version=&#8220;4.24.2&#8243; _module_preset=&#8220;default&#8220; width_tablet=&#8220;&#8220; width_phone=&#8220;85%&#8220; width_last_edited=&#8220;on|phone&#8220; custom_margin=&#8220;||||false|false&#8220; custom_padding=&#8220;||0px||false|false&#8220; global_colors_info=&#8220;{}&#8220;][et_pb_column type=&#8220;4_4&#8243; _builder_version=&#8220;4.23.4&#8243; _module_preset=&#8220;default&#8220; global_colors_info=&#8220;{}&#8220;][et_pb_button button_url=&#8220;@ET-DC@eyJkeW5hbWljIjp0cnVlLCJjb250ZW50IjoicG9zdF9saW5rX3VybF9wYWdlIiwic2V0dGluZ3MiOnsicG9zdF9pZCI6IjM1ODEifX0=@&#8220; button_text=&#8220;Programm 2025&#8243; admin_label=&#8220;Button Programm&#8220; _builder_version=&#8220;4.27.4&#8243; _dynamic_attributes=&#8220;button_url&#8220; _module_preset=&#8220;default&#8220; button_icon=&#8220;&#xf101;||fa||900&#8243; button_icon_placement=&#8220;left&#8220; button_on_hover=&#8220;off&#8220; global_colors_info=&#8220;{}&#8220;][\/et_pb_button][et_pb_button button_url=&#8220;https:\/\/www.asphaltsprenger.de\/wp-content\/uploads\/2025\/05\/Asphaltsprenger2025_Lageplan.pdf&#8220; url_new_window=&#8220;on&#8220; button_text=&#8220;Lageplan 2025 (PDF)&#8220; disabled_on=&#8220;off|off|off&#8220; admin_label=&#8220;Button Lageplan&#8220; _builder_version=&#8220;4.27.4&#8243; _module_preset=&#8220;default&#8220; button_icon=&#8220;&#xf101;||fa||900&#8243; button_icon_placement=&#8220;left&#8220; button_on_hover=&#8220;off&#8220; global_colors_info=&#8220;{}&#8220;][\/et_pb_button][\/et_pb_column][\/et_pb_row][\/et_pb_section][et_pb_section fb_built=&#8220;1&#8243; custom_padding_last_edited=&#8220;on|phone&#8220; admin_label=&#8220;Timetable&#8220; module_id=&#8220;timetable&#8220; module_class=&#8220;et-scroll-table&#8220; _builder_version=&#8220;4.27.4&#8243; _module_preset=&#8220;default&#8220; background_color=&#8220;RGBA(255,255,255,0)&#8220; width=&#8220;100%&#8220; max_width=&#8220;1080px&#8220; module_alignment=&#8220;center&#8220; overflow-x=&#8220;scroll&#8220; overflow-y=&#8220;hidden&#8220; custom_padding=&#8220;50px||0px||false|false&#8220; custom_padding_tablet=&#8220;50px|10px|0px||false|false&#8220; custom_padding_phone=&#8220;50px||0px||false|false&#8220; custom_css_main_element=&#8220;display:flex;&#8220; da_is_singular=&#8220;off&#8220; da_dark_close=&#8220;off&#8220; da_disable_devices=&#8220;off|off|off&#8220; global_colors_info=&#8220;{}&#8220; custom_css_main_element_last_edited=&#8220;off|desktop&#8220; da_is_popup=&#8220;off&#8220; da_exit_intent=&#8220;off&#8220; da_has_close=&#8220;on&#8220; da_alt_close=&#8220;off&#8220; da_not_modal=&#8220;on&#8220; da_with_loader=&#8220;off&#8220; da_has_shadow=&#8220;on&#8220;][et_pb_row use_custom_gutter=&#8220;on&#8220; gutter_width=&#8220;1&#8243; admin_label=&#8220;Zeit&#8220; module_class=&#8220;et-scroll-table-column&#8220; _builder_version=&#8220;4.27.4&#8243; _module_preset=&#8220;default&#8220; background_color=&#8220;#153A4C&#8220; z_index=&#8220;13&#8243; width=&#8220;40%&#8220; custom_padding=&#8220;0px||0px||false|false&#8220; custom_css_main_element=&#8220;min-width: 100px;||position: -webkit-sticky !important;||position: sticky !important;||left: 0;||p {||  font-size: 24px !important;||  font-weight: 800;||}&#8220; border_width_right=&#8220;12px&#8220; border_color_right=&#8220;#153A4C&#8220; global_colors_info=&#8220;{}&#8220; custom_css_main_element_last_edited=&#8220;off|tablet&#8220; custom_css_main_element_tablet=&#8220;min-width: 100px;||position: -webkit-sticky !important;||position: sticky !important;||left: 0;||p {||  font-size: 24px !important;||  font-weight: 800;||}&#8220;][et_pb_column type=&#8220;4_4&#8243; _builder_version=&#8220;4.23.4&#8243; _module_preset=&#8220;default&#8220; background_color=&#8220;RGBA(255,255,255,0)&#8220; global_colors_info=&#8220;{}&#8220;][et_pb_text _builder_version=&#8220;4.27.4&#8243; _module_preset=&#8220;default&#8220; background_color=&#8220;#D40064&#8243; background_layout=&#8220;dark&#8220; height=&#8220;60px&#8220; custom_padding=&#8220;10px||||false|false&#8220; custom_css_main_element=&#8220;display:flex;||align-items:center;||justify-content: center;&#8220; border_width_bottom=&#8220;12px&#8220; border_color_bottom=&#8220;#153A4C&#8220; global_colors_info=&#8220;{}&#8220;]<\/p>\n<h2>Zeit<\/h2>\n<p>[\/et_pb_text][et_pb_text _builder_version=&#8220;4.27.4&#8243; _module_preset=&#8220;default&#8220; background_color=&#8220;RGBA(255,255,255,0)&#8220; height=&#8220;205px&#8220; custom_padding=&#8220;||||false|false&#8220; global_colors_info=&#8220;{}&#8220;]<\/p>\n<p>13<\/p>\n<p>[\/et_pb_text][et_pb_text _builder_version=&#8220;4.27.4&#8243; _module_preset=&#8220;default&#8220; background_color=&#8220;RGBA(255,255,255,0)&#8220; height=&#8220;205px&#8220; custom_padding=&#8220;||||false|false&#8220; global_colors_info=&#8220;{}&#8220;]<\/p>\n<p>14<\/p>\n<p>[\/et_pb_text][et_pb_text _builder_version=&#8220;4.27.4&#8243; _module_preset=&#8220;default&#8220; background_color=&#8220;RGBA(255,255,255,0)&#8220; height=&#8220;205px&#8220; custom_padding=&#8220;||||false|false&#8220; global_colors_info=&#8220;{}&#8220;]<\/p>\n<p>15<\/p>\n<p>[\/et_pb_text][et_pb_text _builder_version=&#8220;4.27.4&#8243; _module_preset=&#8220;default&#8220; background_color=&#8220;RGBA(255,255,255,0)&#8220; height=&#8220;205px&#8220; custom_padding=&#8220;||||false|false&#8220; global_colors_info=&#8220;{}&#8220;]<\/p>\n<p>16<\/p>\n<p>[\/et_pb_text][et_pb_text _builder_version=&#8220;4.27.4&#8243; _module_preset=&#8220;default&#8220; background_color=&#8220;RGBA(255,255,255,0)&#8220; height=&#8220;205px&#8220; custom_padding=&#8220;||||false|false&#8220; global_colors_info=&#8220;{}&#8220;]<\/p>\n<p>17<\/p>\n<p>[\/et_pb_text][et_pb_text _builder_version=&#8220;4.27.4&#8243; _module_preset=&#8220;default&#8220; background_color=&#8220;RGBA(255,255,255,0)&#8220; height=&#8220;205px&#8220; custom_padding=&#8220;||||false|false&#8220; global_colors_info=&#8220;{}&#8220;]<\/p>\n<p>18<\/p>\n<p>[\/et_pb_text][et_pb_text _builder_version=&#8220;4.27.4&#8243; _module_preset=&#8220;default&#8220; background_color=&#8220;RGBA(255,255,255,0)&#8220; height=&#8220;205px&#8220; custom_padding=&#8220;||||false|false&#8220; global_colors_info=&#8220;{}&#8220;]<\/p>\n<p>19<\/p>\n<p>[\/et_pb_text][et_pb_text _builder_version=&#8220;4.27.4&#8243; _module_preset=&#8220;default&#8220; background_color=&#8220;RGBA(255,255,255,0)&#8220; height=&#8220;150px&#8220; custom_padding=&#8220;||||false|false&#8220; global_colors_info=&#8220;{}&#8220;]<\/p>\n<p>20<\/p>\n<p>[\/et_pb_text][\/et_pb_column][\/et_pb_row][et_pb_row use_custom_gutter=&#8220;on&#8220; gutter_width=&#8220;1&#8243; admin_label=&#8220;Billeb\u00fchne&#8220; module_class=&#8220;et-scroll-table-column&#8220; _builder_version=&#8220;4.27.4&#8243; _module_preset=&#8220;default&#8220; width=&#8220;100%&#8220; custom_padding=&#8220;0px||0px||false|false&#8220; border_width_right=&#8220;12px&#8220; border_color_right=&#8220;#153A4C&#8220; global_colors_info=&#8220;{}&#8220;][et_pb_column type=&#8220;4_4&#8243; _builder_version=&#8220;4.23.4&#8243; _module_preset=&#8220;default&#8220; global_colors_info=&#8220;{}&#8220;][et_pb_text _builder_version=&#8220;4.27.4&#8243; _module_preset=&#8220;default&#8220; background_color=&#8220;#FFFFFF&#8220; text_orientation=&#8220;center&#8220; height=&#8220;60px&#8220; custom_padding=&#8220;10px|8px||8px|false|true&#8220; custom_padding_tablet=&#8220;|25px||25px|false|true&#8220; custom_padding_phone=&#8220;10px||||false|true&#8220; custom_padding_last_edited=&#8220;on|phone&#8220; custom_css_main_element=&#8220;display:flex;||align-items:center;||justify-content: center;&#8220; border_width_bottom=&#8220;12px&#8220; border_color_bottom=&#8220;#153A4C&#8220; global_colors_info=&#8220;{}&#8220;]<\/p>\n<h2>Billeb\u00fchne<\/h2>\n<p>[\/et_pb_text][et_pb_text _builder_version=&#8220;4.27.4&#8243; _module_preset=&#8220;default&#8220; background_color=&#8220;#4ecc14&#8243; height=&#8220;95px&#8220; custom_margin=&#8220;95px||10px||false|false&#8220; custom_padding=&#8220;|10px||10px|false|true&#8220; link_option_url=&#8220;#rundgang-abtstadtgruen&#8220; custom_css_main_element=&#8220;display:flex;||align-items:center;||justify-content: center;||h3 {||  margin-bottom: 0px !important;||}||p, h3 {||  color: #153a4c !important;||}&#8220; border_width_top=&#8220;6px&#8220; border_color_top=&#8220;#153A4C&#8220; border_color_bottom=&#8220;#153A4C&#8220; box_shadow_style=&#8220;preset4&#8243; box_shadow_horizontal=&#8220;7px&#8220; box_shadow_vertical=&#8220;8px&#8220; locked=&#8220;off&#8220; global_colors_info=&#8220;{}&#8220;]<\/p>\n<h3>Abteilung Stadtgr\u00fcn<\/h3>\n<p>Rundgang<\/p>\n<p>ab 13:30 Uhr<\/p>\n<p>[\/et_pb_text][et_pb_text _builder_version=&#8220;4.27.4&#8243; _module_preset=&#8220;default&#8220; background_color=&#8220;#4ecc14&#8243; height=&#8220;95px&#8220; custom_margin=&#8220;||10px||false|false&#8220; custom_padding=&#8220;|10px||10px|false|true&#8220; link_option_url=&#8220;#rundgang-andreasdorau&#8220; custom_css_main_element=&#8220;display:flex;||align-items:center;||justify-content: center;||h3 {||  margin-bottom: 0px !important;||}||p, h3 {||  color: #153a4c !important;||}&#8220; border_width_top=&#8220;6px&#8220; border_color_top=&#8220;#153A4C&#8220; border_color_bottom=&#8220;#153A4C&#8220; box_shadow_style=&#8220;preset4&#8243; box_shadow_horizontal=&#8220;7px&#8220; box_shadow_vertical=&#8220;8px&#8220; locked=&#8220;off&#8220; global_colors_info=&#8220;{}&#8220;]<\/p>\n<h3>Andreas Dorau und Marcel Gein<\/h3>\n<p>Rundgang<\/p>\n<p>ab 14:00 Uhr<\/p>\n<p>[\/et_pb_text][et_pb_text _builder_version=&#8220;4.27.4&#8243; _module_preset=&#8220;default&#8220; background_color=&#8220;#4ecc14&#8243; height=&#8220;95px&#8220; custom_margin=&#8220;||10px||false|false&#8220; custom_padding=&#8220;|10px||10px|false|true&#8220; link_option_url=&#8220;#rundgang-hereon&#8220; custom_css_main_element=&#8220;display:flex;||align-items:center;||justify-content: center;||h3 {||  margin-bottom: 0px !important;||}||p, h3 {||  color: #153a4c !important;||}&#8220; border_width_top=&#8220;6px&#8220; border_color_top=&#8220;#153A4C&#8220; border_color_bottom=&#8220;#153A4C&#8220; box_shadow_style=&#8220;preset4&#8243; box_shadow_horizontal=&#8220;7px&#8220; box_shadow_vertical=&#8220;8px&#8220; locked=&#8220;off&#8220; global_colors_info=&#8220;{}&#8220;]<\/p>\n<h3>Helmholtz-Zentrum hereon<\/h3>\n<p>Rundgang<\/p>\n<p>ab 14:30 Uhr<\/p>\n<p>[\/et_pb_text][et_pb_text _builder_version=&#8220;4.27.4&#8243; _module_preset=&#8220;default&#8220; background_color=&#8220;#ff7f34&#8243; height=&#8220;150px&#8220; custom_margin=&#8220;||174px||false|false&#8220; custom_margin_tablet=&#8220;||178px||false|false&#8220; custom_margin_phone=&#8220;||184px||false|false&#8220; custom_margin_last_edited=&#8220;on|phone&#8220; custom_padding=&#8220;|10px||10px|false|true&#8220; link_option_url=&#8220;#musik-mariamkiria&#8220; custom_css_main_element=&#8220;display:flex;||align-items:center;||justify-content: center;||p, h3 {||  color: #153645 !important;||}&#8220; border_width_top=&#8220;6px&#8220; border_color_top=&#8220;#153A4C&#8220; border_color_bottom=&#8220;#153A4C&#8220; box_shadow_style=&#8220;preset4&#8243; box_shadow_horizontal=&#8220;7px&#8220; box_shadow_vertical=&#8220;8px&#8220; locked=&#8220;off&#8220; global_colors_info=&#8220;{}&#8220;]<\/p>\n<h3>Mariam Kiria<\/h3>\n<p>Georgian-Folk<\/p>\n<p>15:00 Uhr<\/p>\n<p>[\/et_pb_text][et_pb_image src=&#8220;https:\/\/www.asphaltsprenger.de\/wp-content\/uploads\/2025\/04\/tt_igel.webp&#8220; _builder_version=&#8220;4.27.4&#8243; _module_preset=&#8220;default&#8220; custom_margin=&#8220;||||false|false&#8220; custom_padding=&#8220;||||false|false&#8220; global_colors_info=&#8220;{}&#8220;][\/et_pb_image][et_pb_text _builder_version=&#8220;4.27.4&#8243; _module_preset=&#8220;default&#8220; background_color=&#8220;#ff7f34&#8243; height=&#8220;150px&#8220; custom_margin=&#8220;||30px||false|false&#8220; custom_padding=&#8220;|10px||10px|false|true&#8220; link_option_url=&#8220;#musik-uebersee&#8220; custom_css_main_element=&#8220;display:flex;||align-items:center;||justify-content: center;||p, h3 {||  color: #153645 !important;||}&#8220; border_width_top=&#8220;6px&#8220; border_color_top=&#8220;#153A4C&#8220; border_color_bottom=&#8220;#153A4C&#8220; box_shadow_style=&#8220;preset4&#8243; box_shadow_horizontal=&#8220;7px&#8220; box_shadow_vertical=&#8220;8px&#8220; locked=&#8220;off&#8220; global_colors_info=&#8220;{}&#8220;]<\/p>\n<h3>\u00dcbersee<\/h3>\n<p>Hamburger Schule<\/p>\n<p>17:00 Uhr<\/p>\n<p>[\/et_pb_text][et_pb_text _builder_version=&#8220;4.27.4&#8243; _module_preset=&#8220;default&#8220; text_font_size=&#8220;16px&#8220; text_line_height=&#8220;1.4em&#8220; header_3_font_size=&#8220;16px&#8220; background_image=&#8220;https:\/\/www.asphaltsprenger.de\/wp-content\/uploads\/2025\/04\/tt_discohase.webp&#8220; background_size=&#8220;contain&#8220; text_orientation=&#8220;center&#8220; height=&#8220;230px&#8220; custom_margin=&#8220;||||false|false&#8220; custom_css_main_element=&#8220;display:flex;||align-items:center;||justify-content: center;&#8220; border_width_top=&#8220;6px&#8220; border_color_top=&#8220;#153A4C&#8220; border_color_bottom=&#8220;#153A4C&#8220; global_colors_info=&#8220;{}&#8220;][\/et_pb_text][et_pb_text _builder_version=&#8220;4.27.4&#8243; _module_preset=&#8220;default&#8220; background_color=&#8220;#ff7f34&#8243; height=&#8220;150px&#8220; custom_margin=&#8220;||205px||false|false&#8220; custom_padding=&#8220;|10px||10px|false|true&#8220; link_option_url=&#8220;#musik-diefeigenflittchen&#8220; custom_css_main_element=&#8220;display:flex;||align-items:center;||justify-content: center;||p, h3 {||  color: #153645 !important;||}&#8220; border_width_top=&#8220;6px&#8220; border_color_top=&#8220;#153A4C&#8220; border_color_bottom=&#8220;#153A4C&#8220; box_shadow_style=&#8220;preset4&#8243; box_shadow_horizontal=&#8220;7px&#8220; box_shadow_vertical=&#8220;8px&#8220; locked=&#8220;off&#8220; global_colors_info=&#8220;{}&#8220;]<\/p>\n<h3>Die Feigen Flittchen<\/h3>\n<p>Post-Pop-Punk<\/p>\n<p>19:00 Uhr<\/p>\n<p>[\/et_pb_text][\/et_pb_column][\/et_pb_row][et_pb_row use_custom_gutter=&#8220;on&#8220; gutter_width=&#8220;1&#8243; admin_label=&#8220;Hallohalle&#8220; module_class=&#8220;et-scroll-table-column&#8220; _builder_version=&#8220;4.27.4&#8243; _module_preset=&#8220;default&#8220; width=&#8220;100%&#8220; custom_padding=&#8220;0px||0px||false|false&#8220; border_width_right=&#8220;12px&#8220; border_color_right=&#8220;#153A4C&#8220; global_colors_info=&#8220;{}&#8220;][et_pb_column type=&#8220;4_4&#8243; _builder_version=&#8220;4.23.4&#8243; _module_preset=&#8220;default&#8220; global_colors_info=&#8220;{}&#8220;][et_pb_text _builder_version=&#8220;4.27.4&#8243; _module_preset=&#8220;default&#8220; background_color=&#8220;#FFFFFF&#8220; text_orientation=&#8220;center&#8220; height=&#8220;60px&#8220; custom_padding=&#8220;10px|8px||8px|false|true&#8220; custom_css_main_element=&#8220;display:flex;||align-items:center;||justify-content: center;&#8220; border_width_bottom=&#8220;12px&#8220; border_color_bottom=&#8220;#153A4C&#8220; global_colors_info=&#8220;{}&#8220;]<\/p>\n<h2>Vortragszelt<\/h2>\n<p>[\/et_pb_text][et_pb_text _builder_version=&#8220;4.27.4&#8243; _module_preset=&#8220;default&#8220; background_color=&#8220;#238220&#8243; height=&#8220;95px&#8220; custom_margin=&#8220;95px||10px||false|false&#8220; custom_padding=&#8220;|10px||10px|false|true&#8220; link_option_url=&#8220;#vortrag-anaamil&#8220; custom_css_main_element=&#8220;display:flex;||align-items:center;||justify-content: center;&#8220; border_width_top=&#8220;6px&#8220; border_color_top=&#8220;#153A4C&#8220; border_color_bottom=&#8220;#153A4C&#8220; box_shadow_style=&#8220;preset4&#8243; box_shadow_horizontal=&#8220;7px&#8220; box_shadow_vertical=&#8220;8px&#8220; locked=&#8220;off&#8220; global_colors_info=&#8220;{}&#8220;]<\/p>\n<h3>12 m\u00b2 mit Ana Amil<\/h3>\n<p>Parkraum<\/p>\n<p>13:30 Uhr<\/p>\n<p>[\/et_pb_text][et_pb_text _builder_version=&#8220;4.27.4&#8243; _module_preset=&#8220;default&#8220; background_color=&#8220;#238220&#8243; height=&#8220;95px&#8220; custom_margin=&#8220;||10px||false|false&#8220; custom_padding=&#8220;|10px||10px|false|true&#8220; link_option_url=&#8220;#vortrag-halloev&#8220; custom_css_main_element=&#8220;display:flex;||align-items:center;||justify-content: center;&#8220; border_width_top=&#8220;6px&#8220; border_color_top=&#8220;#153A4C&#8220; border_color_bottom=&#8220;#153A4C&#8220; box_shadow_style=&#8220;preset4&#8243; box_shadow_horizontal=&#8220;7px&#8220; box_shadow_vertical=&#8220;8px&#8220; locked=&#8220;off&#8220; global_colors_info=&#8220;{}&#8220;]<\/p>\n<h3>Hallo PARKS<\/h3>\n<p>Begegnungsr\u00e4ume<\/p>\n<p>14:00 Uhr<\/p>\n<p>[\/et_pb_text][et_pb_text _builder_version=&#8220;4.27.4&#8243; _module_preset=&#8220;default&#8220; background_color=&#8220;#238220&#8243; height=&#8220;95px&#8220; custom_margin=&#8220;||110px||false|false&#8220; custom_padding=&#8220;|10px||10px|false|true&#8220; link_option_url=&#8220;#vortrag-organismendemokratie&#8220; custom_css_main_element=&#8220;display:flex;||align-items:center;||justify-content: center;||h3 {||  margin-bottom: 0px !important;||}&#8220; border_width_top=&#8220;6px&#8220; border_color_top=&#8220;#153A4C&#8220; border_color_bottom=&#8220;#153A4C&#8220; box_shadow_style=&#8220;preset4&#8243; box_shadow_horizontal=&#8220;7px&#8220; box_shadow_vertical=&#8220;8px&#8220; locked=&#8220;off&#8220; global_colors_info=&#8220;{}&#8220;]<\/p>\n<h3>Organismen-Demokratie<\/h3>\n<p>f\u00fcr alle Lebewesen<\/p>\n<p>14:30 Uhr<\/p>\n<p>[\/et_pb_text][et_pb_text _builder_version=&#8220;4.27.4&#8243; _module_preset=&#8220;default&#8220; background_color=&#8220;#238220&#8243; height=&#8220;95px&#8220; custom_margin=&#8220;||60px||false|false&#8220; custom_padding=&#8220;|10px||10px|false|true&#8220; link_option_url=&#8220; #vortrag-wildekehlen&#8220; custom_css_main_element=&#8220;display:flex;||align-items:center;||justify-content: center;||p {||  line-height: 1.1 !important;||}&#8220; border_width_top=&#8220;6px&#8220; border_color_top=&#8220;#153A4C&#8220; border_color_bottom=&#8220;#153A4C&#8220; box_shadow_style=&#8220;preset4&#8243; box_shadow_horizontal=&#8220;7px&#8220; box_shadow_vertical=&#8220;8px&#8220; locked=&#8220;off&#8220; global_colors_info=&#8220;{}&#8220;]<\/p>\n<h3>Wilde Kehlen<\/h3>\n<p>musikalisch-literarische Performance<\/p>\n<p>15:30 Uhr<\/p>\n<p>[\/et_pb_text][et_pb_text _builder_version=&#8220;4.27.4&#8243; _module_preset=&#8220;default&#8220; background_color=&#8220;#238220&#8243; height=&#8220;95px&#8220; custom_margin=&#8220;||8px||false|false&#8220; custom_margin_tablet=&#8220;||8px||false|false&#8220; custom_margin_phone=&#8220;||16px||false|false&#8220; custom_margin_last_edited=&#8220;on|phone&#8220; custom_padding=&#8220;|10px||10px|false|true&#8220; link_option_url=&#8220;#vortrag-farn&#8220; custom_css_main_element=&#8220;display:flex;||align-items:center;||justify-content: center;&#8220; border_width_top=&#8220;6px&#8220; border_color_top=&#8220;#153A4C&#8220; border_color_bottom=&#8220;#153A4C&#8220; box_shadow_style=&#8220;preset4&#8243; box_shadow_horizontal=&#8220;7px&#8220; box_shadow_vertical=&#8220;8px&#8220; locked=&#8220;off&#8220; global_colors_info=&#8220;{}&#8220;]<\/p>\n<h3>Farn<\/h3>\n<p>\u00d6kologie von rechts<\/p>\n<p>16:15 Uhr<\/p>\n<p>[\/et_pb_text][et_pb_image src=&#8220;https:\/\/www.asphaltsprenger.de\/wp-content\/uploads\/2025\/04\/tt_gras.webp&#8220; _builder_version=&#8220;4.27.4&#8243; _module_preset=&#8220;default&#8220; global_colors_info=&#8220;{}&#8220;][\/et_pb_image][et_pb_text _builder_version=&#8220;4.27.4&#8243; _module_preset=&#8220;default&#8220; background_color=&#8220;#d80056&#8243; height=&#8220;200px&#8220; custom_margin=&#8220;0px||45px||false|false&#8220; custom_margin_tablet=&#8220;0px||45px||false|false&#8220; custom_margin_phone=&#8220;0px||37px||false|false&#8220; custom_margin_last_edited=&#8220;on|phone&#8220; custom_padding=&#8220;|10px||10px|false|true&#8220; link_option_url=&#8220;#kids-ingamarieramcke&#8220; custom_css_main_element=&#8220;display:flex;||align-items:center;||justify-content: center;&#8220; border_width_top=&#8220;6px&#8220; border_color_top=&#8220;#153A4C&#8220; border_color_bottom=&#8220;#153A4C&#8220; box_shadow_style=&#8220;preset4&#8243; box_shadow_horizontal=&#8220;7px&#8220; box_shadow_vertical=&#8220;8px&#8220; locked=&#8220;off&#8220; global_colors_info=&#8220;{}&#8220;]<\/p>\n<h3>Inga Marie Ramcke<\/h3>\n<p>Reisef\u00fchrer f\u00fcr Tiere<\/p>\n<p>17:00 Uhr<\/p>\n<p>[\/et_pb_text][et_pb_text _builder_version=&#8220;4.27.4&#8243; _module_preset=&#8220;default&#8220; text_font_size=&#8220;16px&#8220; text_line_height=&#8220;1.4em&#8220; header_3_font_size=&#8220;16px&#8220; text_orientation=&#8220;center&#8220; height=&#8220;510px&#8220; height_tablet=&#8220;510px&#8220; height_phone=&#8220;517px&#8220; height_last_edited=&#8220;on|phone&#8220; max_height_last_edited=&#8220;off|phone&#8220; custom_margin=&#8220;||10px||false|false&#8220; custom_css_main_element=&#8220;display:flex;||align-items:center;||justify-content: center;&#8220; border_width_top=&#8220;6px&#8220; border_color_top=&#8220;#153A4C&#8220; border_color_bottom=&#8220;#153A4C&#8220; global_colors_info=&#8220;{}&#8220;][\/et_pb_text][\/et_pb_column][\/et_pb_row][et_pb_row use_custom_gutter=&#8220;on&#8220; gutter_width=&#8220;1&#8243; admin_label=&#8220;Musiklaster&#8220; module_class=&#8220;et-scroll-table-column&#8220; _builder_version=&#8220;4.23.4&#8243; _module_preset=&#8220;default&#8220; width=&#8220;100%&#8220; custom_padding=&#8220;0px||0px||false|false&#8220; border_width_right=&#8220;12px&#8220; border_color_right=&#8220;#153A4C&#8220; global_colors_info=&#8220;{}&#8220;][et_pb_column type=&#8220;4_4&#8243; _builder_version=&#8220;4.23.4&#8243; _module_preset=&#8220;default&#8220; global_colors_info=&#8220;{}&#8220;][et_pb_text _builder_version=&#8220;4.24.3&#8243; _module_preset=&#8220;default&#8220; background_color=&#8220;#FFFFFF&#8220; text_orientation=&#8220;center&#8220; height=&#8220;60px&#8220; custom_padding=&#8220;10px|15px||15px|false|true&#8220; custom_css_main_element=&#8220;display:flex;||align-items:center;||justify-content: center;&#8220; border_width_bottom=&#8220;12px&#8220; border_color_bottom=&#8220;#153A4C&#8220; global_colors_info=&#8220;{}&#8220;]<\/p>\n<h2>Musiklaster<\/h2>\n<p>[\/et_pb_text][et_pb_image src=&#8220;https:\/\/www.asphaltsprenger.de\/wp-content\/uploads\/2025\/04\/tt_fledermaus.webp&#8220; align=&#8220;center&#8220; _builder_version=&#8220;4.27.4&#8243; _module_preset=&#8220;default&#8220; max_height=&#8220;93px&#8220; custom_margin=&#8220;-12px||15px||false|false&#8220; custom_margin_tablet=&#8220;-12px||17px||false|false&#8220; custom_margin_phone=&#8220;-12px||15px||false|false&#8220; custom_margin_last_edited=&#8220;on|phone&#8220; custom_padding=&#8220;||||false|false&#8220; global_colors_info=&#8220;{}&#8220;][\/et_pb_image][et_pb_text _builder_version=&#8220;4.27.4&#8243; _module_preset=&#8220;default&#8220; background_color=&#8220;#ff7f34&#8243; height=&#8220;150px&#8220; custom_margin=&#8220;10px||60px||false|false&#8220; custom_padding=&#8220;|10px||10px|false|true&#8220; link_option_url=&#8220;#musik-mona-alex-florin&#8220; custom_css_main_element=&#8220;display:flex;||align-items:center;||justify-content: center;||p, h3 {||  color: #153645 !important;||}&#8220; border_width_top=&#8220;6px&#8220; border_color_top=&#8220;#153A4C&#8220; border_color_bottom=&#8220;#153A4C&#8220; box_shadow_style=&#8220;preset4&#8243; box_shadow_horizontal=&#8220;7px&#8220; box_shadow_vertical=&#8220;8px&#8220; locked=&#8220;off&#8220; global_colors_info=&#8220;{}&#8220;]<\/p>\n<h3>Mona &amp; Alex\u00a0Florin<\/h3>\n<p>Jazz<\/p>\n<p>13:30 Uhr<\/p>\n<p>[\/et_pb_text][et_pb_text _builder_version=&#8220;4.27.4&#8243; _module_preset=&#8220;default&#8220; background_color=&#8220;#ff7f34&#8243; height=&#8220;150px&#8220; custom_margin=&#8220;||55px||false|false&#8220; custom_padding=&#8220;|10px||10px|false|true&#8220; link_option_url=&#8220;#musik-thusproblem&#8220; custom_css_main_element=&#8220;display:flex;||align-items:center;||justify-content: center;||p, h3 {||  color: #153645 !important;||}&#8220; border_width_top=&#8220;6px&#8220; border_color_top=&#8220;#153A4C&#8220; border_color_bottom=&#8220;#153A4C&#8220; box_shadow_style=&#8220;preset4&#8243; box_shadow_horizontal=&#8220;7px&#8220; box_shadow_vertical=&#8220;8px&#8220; locked=&#8220;off&#8220; global_colors_info=&#8220;{}&#8220;]<\/p>\n<h3>Thus Problem<\/h3>\n<p>Indie-Rock<\/p>\n<p>14:30 Uhr<\/p>\n<p>[\/et_pb_text][et_pb_text _builder_version=&#8220;4.27.4&#8243; _module_preset=&#8220;default&#8220; background_color=&#8220;#4ecc14&#8243; height=&#8220;200px&#8220; custom_margin=&#8220;||10px||false|false&#8220; custom_padding=&#8220;|10px||10px|false|true&#8220; link_option_url=&#8220;#musik-andreasdorau&#8220; custom_css_main_element=&#8220;display:flex;||align-items:center;||justify-content: center;||p, h3 {||  color: #153a4c !important;||}&#8220; border_width_top=&#8220;6px&#8220; border_color_top=&#8220;#153A4C&#8220; border_color_bottom=&#8220;#153A4C&#8220; box_shadow_style=&#8220;preset4&#8243; box_shadow_horizontal=&#8220;7px&#8220; box_shadow_vertical=&#8220;8px&#8220; locked=&#8220;off&#8220; global_colors_info=&#8220;{}&#8220;]<\/p>\n<h3>Andreas Dorau und Marcel Gein<\/h3>\n<p>Rundgang<\/p>\n<p>15:30 Uhr<\/p>\n<p>[\/et_pb_text][et_pb_text _builder_version=&#8220;4.27.4&#8243; _module_preset=&#8220;default&#8220; background_color=&#8220;#ff7f34&#8243; height=&#8220;150px&#8220; custom_margin=&#8220;||150px||false|false&#8220; custom_padding=&#8220;|10px||10px|false|true&#8220; link_option_url=&#8220;#musik-hannahgrosch&#8220; custom_css_main_element=&#8220;display:flex;||align-items:center;||justify-content: center;||p, h3 {||  color: #153645 !important;||}&#8220; border_width_top=&#8220;6px&#8220; border_color_top=&#8220;#153A4C&#8220; border_color_bottom=&#8220;#153A4C&#8220; box_shadow_style=&#8220;preset4&#8243; box_shadow_horizontal=&#8220;7px&#8220; box_shadow_vertical=&#8220;8px&#8220; locked=&#8220;off&#8220; global_colors_info=&#8220;{}&#8220;]<\/p>\n<h3>Hannah Grosch<\/h3>\n<p>Avantgarde-Alternative<\/p>\n<p>16:30 Uhr<\/p>\n<p>[\/et_pb_text][et_pb_text _builder_version=&#8220;4.27.4&#8243; _module_preset=&#8220;default&#8220; background_color=&#8220;#ff7f34&#8243; height=&#8220;150px&#8220; custom_margin=&#8220;||10px||false|false&#8220; custom_padding=&#8220;|10px||10px|false|true&#8220; link_option_url=&#8220;#musik-bertawissing&#8220; custom_css_main_element=&#8220;display:flex;||align-items:center;||justify-content: center;||p, h3 {||  color: #153645 !important;||}&#8220; border_width_top=&#8220;6px&#8220; border_color_top=&#8220;#153A4C&#8220; border_color_bottom=&#8220;#153A4C&#8220; box_shadow_style=&#8220;preset4&#8243; box_shadow_horizontal=&#8220;7px&#8220; box_shadow_vertical=&#8220;8px&#8220; locked=&#8220;off&#8220; global_colors_info=&#8220;{}&#8220;]<\/p>\n<h3>John Winston Berta und Oliver Wissing<\/h3>\n<p>80er<\/p>\n<p>18:00 Uhr<\/p>\n<p>[\/et_pb_text][et_pb_text _builder_version=&#8220;4.27.4&#8243; _module_preset=&#8220;default&#8220; text_font_size=&#8220;16px&#8220; text_line_height=&#8220;1.4em&#8220; header_3_font_size=&#8220;16px&#8220; background_image=&#8220;https:\/\/www.asphaltsprenger.de\/wp-content\/uploads\/2024\/03\/ameisen_tt-1.webp&#8220; background_size=&#8220;contain&#8220; text_orientation=&#8220;center&#8220; height=&#8220;260px&#8220; custom_margin=&#8220;||145px||false|false&#8220; custom_margin_tablet=&#8220;||140px||false|false&#8220; custom_margin_phone=&#8220;||144px||false|false&#8220; custom_margin_last_edited=&#8220;on|phone&#8220; custom_css_main_element=&#8220;display:flex;||align-items:center;||justify-content: center;&#8220; border_width_top=&#8220;6px&#8220; border_color_top=&#8220;#153A4C&#8220; border_color_bottom=&#8220;#153A4C&#8220; global_colors_info=&#8220;{}&#8220;][\/et_pb_text][\/et_pb_column][\/et_pb_row][et_pb_row use_custom_gutter=&#8220;on&#8220; gutter_width=&#8220;1&#8243; admin_label=&#8220;Ameise&#8220; module_class=&#8220;et-scroll-table-column&#8220; _builder_version=&#8220;4.23.4&#8243; _module_preset=&#8220;default&#8220; width=&#8220;100%&#8220; custom_padding=&#8220;0px||0px||false|false&#8220; border_width_right=&#8220;12px&#8220; border_color_right=&#8220;#153A4C&#8220; global_colors_info=&#8220;{}&#8220;][et_pb_column type=&#8220;4_4&#8243; _builder_version=&#8220;4.23.4&#8243; _module_preset=&#8220;default&#8220; global_colors_info=&#8220;{}&#8220;][et_pb_text _builder_version=&#8220;4.24.3&#8243; _module_preset=&#8220;default&#8220; background_color=&#8220;#FFFFFF&#8220; text_orientation=&#8220;center&#8220; height=&#8220;60px&#8220; custom_padding=&#8220;10px|47px||47px|false|true&#8220; custom_css_main_element=&#8220;display:flex;||align-items:center;||justify-content: center;&#8220; border_width_bottom=&#8220;12px&#8220; border_color_bottom=&#8220;#153A4C&#8220; global_colors_info=&#8220;{}&#8220;]<\/p>\n<h2>Ameise<\/h2>\n<p>[\/et_pb_text][et_pb_image src=&#8220;https:\/\/www.asphaltsprenger.de\/wp-content\/uploads\/2025\/04\/tt_taube1.webp&#8220; _builder_version=&#8220;4.27.4&#8243; _module_preset=&#8220;default&#8220; custom_margin=&#8220;405px||848px||false|false&#8220; custom_margin_tablet=&#8220;||855px||false|false&#8220; custom_margin_phone=&#8220;||862px||false|false&#8220; custom_margin_last_edited=&#8220;on|phone&#8220; custom_padding=&#8220;|||20px|false|false&#8220; global_colors_info=&#8220;{}&#8220;][\/et_pb_image][et_pb_text _builder_version=&#8220;4.27.4&#8243; _module_preset=&#8220;default&#8220; background_color=&#8220;#ff7f34&#8243; height=&#8220;95px&#8220; custom_margin=&#8220;||140px||false|false&#8220; custom_padding=&#8220;|10px||10px|false|true&#8220; link_option_url=&#8220;#musik-wosto&#8220; custom_css_main_element=&#8220;display:flex;||align-items:center;||justify-content: center;||p, h3 {||  color: #153645 !important;||}&#8220; border_width_top=&#8220;6px&#8220; border_color_top=&#8220;#153A4C&#8220; border_color_bottom=&#8220;#153A4C&#8220; box_shadow_style=&#8220;preset4&#8243; box_shadow_horizontal=&#8220;7px&#8220; box_shadow_vertical=&#8220;8px&#8220; locked=&#8220;off&#8220; global_colors_info=&#8220;{}&#8220;]<\/p>\n<h3>Wosto<\/h3>\n<p>Teerpappe<\/p>\n<p>ab 19:30 Uhr<\/p>\n<p>[\/et_pb_text][\/et_pb_column][\/et_pb_row][et_pb_row use_custom_gutter=&#8220;on&#8220; gutter_width=&#8220;1&#8243; admin_label=&#8220;Zauberzelt&#8220; module_class=&#8220;et-scroll-table-column&#8220; _builder_version=&#8220;4.24.3&#8243; _module_preset=&#8220;default&#8220; width=&#8220;100%&#8220; custom_padding=&#8220;0px||0px||false|false&#8220; border_color_right=&#8220;#1D3C4C&#8220; global_colors_info=&#8220;{}&#8220;][et_pb_column type=&#8220;4_4&#8243; _builder_version=&#8220;4.23.4&#8243; _module_preset=&#8220;default&#8220; global_colors_info=&#8220;{}&#8220;][et_pb_text _builder_version=&#8220;4.27.4&#8243; _module_preset=&#8220;default&#8220; background_color=&#8220;#FFFFFF&#8220; text_orientation=&#8220;center&#8220; height=&#8220;60px&#8220; custom_padding=&#8220;10px|10px||10px|false|true&#8220; custom_padding_tablet=&#8220;10px|10px||10px|false|true&#8220; custom_padding_phone=&#8220;|20px||20px|false|true&#8220; custom_padding_last_edited=&#8220;on|phone&#8220; custom_css_main_element=&#8220;display:flex;||align-items:center;||justify-content: center;&#8220; border_width_bottom=&#8220;12px&#8220; border_color_bottom=&#8220;#153A4C&#8220; global_colors_info=&#8220;{}&#8220;]<\/p>\n<h2>Kinderzelt<\/h2>\n<p>[\/et_pb_text][et_pb_text _builder_version=&#8220;4.27.4&#8243; _module_preset=&#8220;default&#8220; text_font_size=&#8220;16px&#8220; text_line_height=&#8220;1.4em&#8220; header_3_font_size=&#8220;16px&#8220; background_image=&#8220;https:\/\/www.asphaltsprenger.de\/wp-content\/uploads\/2025\/04\/tt_taube2.webp&#8220; background_size=&#8220;contain&#8220; background_position=&#8220;bottom_center&#8220; text_orientation=&#8220;center&#8220; height=&#8220;140px&#8220; custom_margin=&#8220;370px|20px|0px||false|false&#8220; custom_margin_tablet=&#8220;370px|20px|0px||false|false&#8220; custom_margin_phone=&#8220;370px||||false|false&#8220; custom_margin_last_edited=&#8220;on|phone&#8220; custom_css_main_element=&#8220;display:flex;||align-items:center;||justify-content: center;&#8220; border_width_top=&#8220;6px&#8220; border_color_top=&#8220;#153A4C&#8220; border_color_bottom=&#8220;#153A4C&#8220; global_colors_info=&#8220;{}&#8220;][\/et_pb_text][et_pb_text _builder_version=&#8220;4.27.4&#8243; _module_preset=&#8220;default&#8220; background_color=&#8220;#d80056&#8243; height=&#8220;150px&#8220; custom_margin=&#8220;||55px||false|false&#8220; custom_padding=&#8220;|10px||10px|false|true&#8220; link_option_url=&#8220;#kids-bnetheatermimekry&#8220; custom_css_main_element=&#8220;display:flex;||align-items:center;||justify-content: center;&#8220; border_width_top=&#8220;6px&#8220; border_color_top=&#8220;#153A4C&#8220; border_color_bottom=&#8220;#153A4C&#8220; box_shadow_style=&#8220;preset4&#8243; box_shadow_horizontal=&#8220;7px&#8220; box_shadow_vertical=&#8220;8px&#8220; locked=&#8220;off&#8220; global_colors_info=&#8220;{}&#8220;]<\/p>\n<h3>Theater MIMEKRY<\/h3>\n<p>Das Gro\u00dfe Gewusel<\/p>\n<p>15:30 Uhr<\/p>\n<p>[\/et_pb_text][et_pb_text _builder_version=&#8220;4.27.4&#8243; _module_preset=&#8220;default&#8220; text_font_size=&#8220;16px&#8220; text_line_height=&#8220;1.4em&#8220; header_3_font_size=&#8220;16px&#8220; background_image=&#8220;https:\/\/www.asphaltsprenger.de\/wp-content\/uploads\/2025\/04\/tt_boxen.webp&#8220; background_size=&#8220;contain&#8220; text_orientation=&#8220;center&#8220; height=&#8220;870px&#8220; custom_margin=&#8220;||||false|false&#8220; custom_css_main_element=&#8220;display:flex;||align-items:center;||justify-content: center;&#8220; border_width_top=&#8220;6px&#8220; border_color_top=&#8220;#153A4C&#8220; border_color_bottom=&#8220;#153A4C&#8220; global_colors_info=&#8220;{}&#8220;][\/et_pb_text][\/et_pb_column][\/et_pb_row][\/et_pb_section][et_pb_section fb_built=&#8220;1&#8243; _builder_version=&#8220;4.27.4&#8243; _module_preset=&#8220;default&#8220; background_color=&#8220;#153A4C&#8220; custom_margin=&#8220;||||false|false&#8220; custom_padding=&#8220;0px||||false|false&#8220; da_is_singular=&#8220;off&#8220; da_dark_close=&#8220;off&#8220; da_disable_devices=&#8220;off|off|off&#8220; global_colors_info=&#8220;{}&#8220; da_is_popup=&#8220;off&#8220; da_exit_intent=&#8220;off&#8220; da_has_close=&#8220;on&#8220; da_alt_close=&#8220;off&#8220; da_not_modal=&#8220;on&#8220; da_with_loader=&#8220;off&#8220; da_has_shadow=&#8220;on&#8220;][et_pb_row column_structure=&#8220;1_4,1_4,1_4,1_4&#8243; make_equal=&#8220;on&#8220; _builder_version=&#8220;4.27.4&#8243; _module_preset=&#8220;default&#8220; global_colors_info=&#8220;{}&#8220;][et_pb_column type=&#8220;1_4&#8243; _builder_version=&#8220;4.27.4&#8243; _module_preset=&#8220;default&#8220; background_color=&#8220;#4ECC14&#8243; global_colors_info=&#8220;{}&#8220;][et_pb_text _builder_version=&#8220;4.27.4&#8243; _module_preset=&#8220;default&#8220; text_font=&#8220;|800||on|||||&#8220; text_text_color=&#8220;#153A4C&#8220; text_font_size=&#8220;22px&#8220; background_color=&#8220;#4ECC14&#8243; text_orientation=&#8220;center&#8220; background_layout=&#8220;dark&#8220; custom_margin=&#8220;15px||||false|false&#8220; custom_margin_tablet=&#8220;0px||||false|false&#8220; custom_margin_phone=&#8220;0px||||false|false&#8220; custom_margin_last_edited=&#8220;on|tablet&#8220; custom_padding=&#8220;10px||10px||true|false&#8220; global_colors_info=&#8220;{}&#8220;]<\/p>\n<p>Rundg\u00e4nge<\/p>\n<p>[\/et_pb_text][\/et_pb_column][et_pb_column type=&#8220;1_4&#8243; _builder_version=&#8220;4.27.4&#8243; _module_preset=&#8220;default&#8220; background_color=&#8220;#ff7f34&#8243; global_colors_info=&#8220;{}&#8220;][et_pb_text _builder_version=&#8220;4.27.4&#8243; _module_preset=&#8220;default&#8220; text_font=&#8220;|800||on|||||&#8220; text_text_color=&#8220;#153645&#8243; text_font_size=&#8220;22px&#8220; background_color=&#8220;RGBA(255,255,255,0)&#8220; text_orientation=&#8220;center&#8220; background_layout=&#8220;dark&#8220; custom_margin=&#8220;15px||||false|false&#8220; custom_margin_tablet=&#8220;0px||||false|false&#8220; custom_margin_phone=&#8220;0px||||false|false&#8220; custom_margin_last_edited=&#8220;on|tablet&#8220; custom_padding=&#8220;10px||10px||true|false&#8220; global_colors_info=&#8220;{}&#8220;]<\/p>\n<p>Musik<\/p>\n<p>[\/et_pb_text][\/et_pb_column][et_pb_column type=&#8220;1_4&#8243; _builder_version=&#8220;4.27.4&#8243; _module_preset=&#8220;default&#8220; background_color=&#8220;#098F38&#8243; global_colors_info=&#8220;{}&#8220;][et_pb_text _builder_version=&#8220;4.27.4&#8243; _module_preset=&#8220;default&#8220; text_font=&#8220;|800||on|||||&#8220; text_font_size=&#8220;22px&#8220; background_color=&#8220;#238220&#8243; text_orientation=&#8220;center&#8220; background_layout=&#8220;dark&#8220; custom_padding=&#8220;10px||10px||true|false&#8220; global_colors_info=&#8220;{}&#8220;]<\/p>\n<p>Workshops &amp; Vortr\u00e4ge<\/p>\n<p>[\/et_pb_text][\/et_pb_column][et_pb_column type=&#8220;1_4&#8243; _builder_version=&#8220;4.27.4&#8243; _module_preset=&#8220;default&#8220; background_color=&#8220;#d80056&#8243; global_colors_info=&#8220;{}&#8220;][et_pb_text _builder_version=&#8220;4.27.4&#8243; _module_preset=&#8220;default&#8220; text_font=&#8220;|800||on|||||&#8220; text_font_size=&#8220;22px&#8220; background_color=&#8220;#d80056&#8243; text_orientation=&#8220;center&#8220; background_layout=&#8220;dark&#8220; custom_margin=&#8220;15px||||false|false&#8220; custom_margin_tablet=&#8220;0px||||false|false&#8220; custom_margin_phone=&#8220;0px||||false|false&#8220; custom_margin_last_edited=&#8220;on|tablet&#8220; custom_padding=&#8220;10px||10px||true|false&#8220; global_colors_info=&#8220;{}&#8220;]<\/p>\n<p>F\u00fcr Kids<\/p>\n<p>[\/et_pb_text][\/et_pb_column][\/et_pb_row][\/et_pb_section][et_pb_section fb_built=&#8220;1&#8243; custom_padding_last_edited=&#8220;on|phone&#8220; admin_label=&#8220;Popup &#8211; #rundgang-abtstadtgruen&#8220; module_id=&#8220;rundgang-abtstadtgruen&#8220; module_class=&#8220;popup dark single&#8220; _builder_version=&#8220;4.27.4&#8243; _module_preset=&#8220;default&#8220; background_color=&#8220;#153A4C&#8220; max_width=&#8220;1200px&#8220; custom_padding=&#8220;40px||40px||true|false&#8220; custom_padding_tablet=&#8220;30px||0px||false|false&#8220; custom_padding_phone=&#8220;15px||||false|false&#8220; da_is_popup=&#8220;on&#8220; da_popup_slug=&#8220;rundgang-abtstadtgruen&#8220; da_disable_devices=&#8220;off|off|off&#8220; locked=&#8220;off&#8220; collapsed=&#8220;on&#8220; global_colors_info=&#8220;{}&#8220; da_exit_intent=&#8220;off&#8220; da_has_close=&#8220;on&#8220; da_alt_close=&#8220;off&#8220; da_dark_close=&#8220;on&#8220; da_not_modal=&#8220;on&#8220; da_is_singular=&#8220;on&#8220; da_with_loader=&#8220;off&#8220; da_has_shadow=&#8220;on&#8220;][et_pb_row _builder_version=&#8220;4.24.0&#8243; _module_preset=&#8220;default&#8220; width_tablet=&#8220;&#8220; width_phone=&#8220;85%&#8220; width_last_edited=&#8220;on|phone&#8220; custom_padding=&#8220;||0px||false|false&#8220; global_colors_info=&#8220;{}&#8220;][et_pb_column type=&#8220;4_4&#8243; _builder_version=&#8220;4.23.4&#8243; _module_preset=&#8220;default&#8220; global_colors_info=&#8220;{}&#8220;][et_pb_text _builder_version=&#8220;4.27.4&#8243; _module_preset=&#8220;default&#8220; background_layout=&#8220;dark&#8220; header_3_font_size_tablet=&#8220;&#8220; header_3_font_size_phone=&#8220;&#8220; header_3_font_size_last_edited=&#8220;on|phone&#8220; global_colors_info=&#8220;{}&#8220;]<\/p>\n<h3>Abteilung Stadtgr\u00fcn (Bezirk Mitte)<\/h3>\n<p>13:30 Uhr \u2013 Billeb\u00fchne<\/p>\n<p>[\/et_pb_text][\/et_pb_column][\/et_pb_row][et_pb_row column_structure=&#8220;2_5,3_5&#8243; custom_padding_last_edited=&#8220;on|phone&#8220; module_class=&#8220;buttons-inline&#8220; _builder_version=&#8220;4.23.4&#8243; _module_preset=&#8220;default&#8220; width_tablet=&#8220;&#8220; width_phone=&#8220;85%&#8220; width_last_edited=&#8220;on|phone&#8220; custom_padding=&#8220;||||false|false&#8220; custom_padding_tablet=&#8220;15px||||false|false&#8220; custom_padding_phone=&#8220;5px||||false|false&#8220; global_colors_info=&#8220;{}&#8220;][et_pb_column type=&#8220;2_5&#8243; _builder_version=&#8220;4.23.4&#8243; _module_preset=&#8220;default&#8220; global_colors_info=&#8220;{}&#8220;][et_pb_gallery gallery_ids=&#8220;2735&#8243; fullwidth=&#8220;on&#8220; module_class=&#8220;events&#8220; _builder_version=&#8220;4.27.4&#8243; _module_preset=&#8220;default&#8220; background_layout=&#8220;dark&#8220; global_colors_info=&#8220;{}&#8220;][\/et_pb_gallery][\/et_pb_column][et_pb_column type=&#8220;3_5&#8243; _builder_version=&#8220;4.23.4&#8243; _module_preset=&#8220;default&#8220; global_colors_info=&#8220;{}&#8220;][et_pb_text _builder_version=&#8220;4.27.4&#8243; _module_preset=&#8220;default&#8220; background_layout=&#8220;dark&#8220; global_colors_info=&#8220;{}&#8220;]<\/p>\n<p>Infos folgen<\/p>\n<p>[\/et_pb_text][et_pb_button url_new_window=&#8220;on&#8220; button_text=&#8220;Website&#8220; disabled_on=&#8220;on|on|on&#8220; admin_label=&#8220;Website&#8220; _builder_version=&#8220;4.27.4&#8243; _module_preset=&#8220;45c9fbc4-8fa9-455f-93b5-96c41c77970a&#8220; button_icon=&#8220;&#xf101;||fa||900&#8243; button_icon_placement=&#8220;left&#8220; button_on_hover=&#8220;off&#8220; disabled=&#8220;on&#8220; global_colors_info=&#8220;{}&#8220;][\/et_pb_button][et_pb_button button_url=&#8220;https:\/\/instagram.com\/&#8220; url_new_window=&#8220;on&#8220; button_text=&#8220;Instagram&#8220; disabled_on=&#8220;on|on|on&#8220; admin_label=&#8220;Instagram&#8220; _builder_version=&#8220;4.27.4&#8243; _module_preset=&#8220;default&#8220; button_icon=&#8220;&#xf101;||fa||900&#8243; button_icon_placement=&#8220;left&#8220; button_on_hover=&#8220;off&#8220; disabled=&#8220;on&#8220; global_colors_info=&#8220;{}&#8220;][\/et_pb_button][\/et_pb_column][\/et_pb_row][\/et_pb_section][et_pb_section fb_built=&#8220;1&#8243; custom_padding_last_edited=&#8220;on|phone&#8220; admin_label=&#8220;Popup &#8211; #rundgang-andreasdorau&#8220; module_id=&#8220;rundgang-andreasdorau&#8220; module_class=&#8220;popup dark single&#8220; _builder_version=&#8220;4.27.4&#8243; _module_preset=&#8220;default&#8220; background_color=&#8220;#153A4C&#8220; max_width=&#8220;1200px&#8220; custom_padding=&#8220;40px||40px||true|false&#8220; custom_padding_tablet=&#8220;30px||0px||false|false&#8220; custom_padding_phone=&#8220;15px||||false|false&#8220; da_is_popup=&#8220;on&#8220; da_popup_slug=&#8220;rundgang-andreasdorau&#8220; da_disable_devices=&#8220;off|off|off&#8220; locked=&#8220;off&#8220; collapsed=&#8220;off&#8220; global_colors_info=&#8220;{}&#8220; da_exit_intent=&#8220;off&#8220; da_has_close=&#8220;on&#8220; da_alt_close=&#8220;off&#8220; da_dark_close=&#8220;on&#8220; da_not_modal=&#8220;on&#8220; da_is_singular=&#8220;on&#8220; da_with_loader=&#8220;off&#8220; da_has_shadow=&#8220;on&#8220;][et_pb_row _builder_version=&#8220;4.24.0&#8243; _module_preset=&#8220;default&#8220; width_tablet=&#8220;&#8220; width_phone=&#8220;85%&#8220; width_last_edited=&#8220;on|phone&#8220; custom_padding=&#8220;||0px||false|false&#8220; global_colors_info=&#8220;{}&#8220;][et_pb_column type=&#8220;4_4&#8243; _builder_version=&#8220;4.23.4&#8243; _module_preset=&#8220;default&#8220; global_colors_info=&#8220;{}&#8220;][et_pb_text _builder_version=&#8220;4.27.4&#8243; _module_preset=&#8220;default&#8220; background_layout=&#8220;dark&#8220; header_3_font_size_tablet=&#8220;&#8220; header_3_font_size_phone=&#8220;&#8220; header_3_font_size_last_edited=&#8220;on|phone&#8220; global_colors_info=&#8220;{}&#8220;]<\/p>\n<h3>Andreas Dorau und Marcel Gein: audiovisueller Rundgang<\/h3>\n<p>14:00 Uhr \u2013 Billeb\u00fchne<br \/>15:30 Uhr \u2013 Musiklaster<\/p>\n<p>[\/et_pb_text][\/et_pb_column][\/et_pb_row][et_pb_row column_structure=&#8220;2_5,3_5&#8243; custom_padding_last_edited=&#8220;on|phone&#8220; module_class=&#8220;buttons-inline&#8220; _builder_version=&#8220;4.23.4&#8243; _module_preset=&#8220;default&#8220; width_tablet=&#8220;&#8220; width_phone=&#8220;85%&#8220; width_last_edited=&#8220;on|phone&#8220; custom_padding=&#8220;||||false|false&#8220; custom_padding_tablet=&#8220;15px||||false|false&#8220; custom_padding_phone=&#8220;5px||||false|false&#8220; global_colors_info=&#8220;{}&#8220;][et_pb_column type=&#8220;2_5&#8243; _builder_version=&#8220;4.23.4&#8243; _module_preset=&#8220;default&#8220; global_colors_info=&#8220;{}&#8220;][et_pb_gallery gallery_ids=&#8220;2816&#8243; fullwidth=&#8220;on&#8220; module_class=&#8220;events&#8220; _builder_version=&#8220;4.27.4&#8243; _module_preset=&#8220;default&#8220; background_layout=&#8220;dark&#8220; global_colors_info=&#8220;{}&#8220;][\/et_pb_gallery][\/et_pb_column][et_pb_column type=&#8220;3_5&#8243; _builder_version=&#8220;4.23.4&#8243; _module_preset=&#8220;default&#8220; global_colors_info=&#8220;{}&#8220;][et_pb_text _builder_version=&#8220;4.27.4&#8243; _module_preset=&#8220;default&#8220; background_layout=&#8220;dark&#8220; global_colors_info=&#8220;{}&#8220;]<\/p>\n<p>Andreas Dorau, K\u00fcnstler und Musiker aus Hamburg, ver\u00f6ffentlicht bereits seit 1981 unregelm\u00e4\u00dfig Tontr\u00e4ger. Ein Thema, welches sich um sein gesamtes Oeuvre zieht, sind Tiere und Natur. Bei dem Asphaltsprenger ist er zum dritten Mal zu Gast und pr\u00e4sentiert und kommentiert St\u00fccke \u00fcber die norddeutsche Tierwelt. Es erwartet Sie ein audiovisueller Rundgang in f\u00fcnf Stationen. Fachkundige Tierexperten kommen auch zu Wort. Seien Sie dabei!<\/p>\n<p>Technische Leitung: Marcel Gein<\/p>\n<p>[\/et_pb_text][et_pb_button button_url=&#8220;https:\/\/www.tapeterecords.de\/artists\/andreas-dorau&#8220; url_new_window=&#8220;on&#8220; button_text=&#8220;Website&#8220; disabled_on=&#8220;off|off|off&#8220; _builder_version=&#8220;4.24.2&#8243; _module_preset=&#8220;45c9fbc4-8fa9-455f-93b5-96c41c77970a&#8220; button_icon=&#8220;&#xf101;||fa||900&#8243; button_icon_placement=&#8220;left&#8220; button_on_hover=&#8220;off&#8220; global_colors_info=&#8220;{}&#8220;][\/et_pb_button][et_pb_button button_url=&#8220;https:\/\/instagram.com\/andreas.dorau&#8220; url_new_window=&#8220;on&#8220; button_text=&#8220;Instagram&#8220; disabled_on=&#8220;off|off|off&#8220; _builder_version=&#8220;4.24.2&#8243; _module_preset=&#8220;default&#8220; button_icon=&#8220;&#xf101;||fa||900&#8243; button_icon_placement=&#8220;left&#8220; button_on_hover=&#8220;off&#8220; global_colors_info=&#8220;{}&#8220;][\/et_pb_button][\/et_pb_column][\/et_pb_row][\/et_pb_section][et_pb_section fb_built=&#8220;1&#8243; custom_padding_last_edited=&#8220;on|phone&#8220; admin_label=&#8220;Popup &#8211; #rundgang-hereon&#8220; module_id=&#8220;rundgang-hereon&#8220; module_class=&#8220;popup dark single&#8220; _builder_version=&#8220;4.27.4&#8243; _module_preset=&#8220;default&#8220; background_color=&#8220;#153A4C&#8220; max_width=&#8220;1200px&#8220; custom_padding=&#8220;40px||40px||true|false&#8220; custom_padding_tablet=&#8220;30px||0px||false|false&#8220; custom_padding_phone=&#8220;15px||||false|false&#8220; da_is_popup=&#8220;on&#8220; da_popup_slug=&#8220;rundgang-hereon&#8220; da_disable_devices=&#8220;off|off|off&#8220; locked=&#8220;off&#8220; collapsed=&#8220;on&#8220; global_colors_info=&#8220;{}&#8220; da_exit_intent=&#8220;off&#8220; da_has_close=&#8220;on&#8220; da_alt_close=&#8220;off&#8220; da_dark_close=&#8220;on&#8220; da_not_modal=&#8220;on&#8220; da_is_singular=&#8220;on&#8220; da_with_loader=&#8220;off&#8220; da_has_shadow=&#8220;on&#8220;][et_pb_row _builder_version=&#8220;4.24.0&#8243; _module_preset=&#8220;default&#8220; width_tablet=&#8220;&#8220; width_phone=&#8220;85%&#8220; width_last_edited=&#8220;on|phone&#8220; custom_padding=&#8220;||0px||false|false&#8220; global_colors_info=&#8220;{}&#8220;][et_pb_column type=&#8220;4_4&#8243; _builder_version=&#8220;4.23.4&#8243; _module_preset=&#8220;default&#8220; global_colors_info=&#8220;{}&#8220;][et_pb_text _builder_version=&#8220;4.27.4&#8243; _module_preset=&#8220;default&#8220; background_layout=&#8220;dark&#8220; header_3_font_size_tablet=&#8220;&#8220; header_3_font_size_phone=&#8220;&#8220; header_3_font_size_last_edited=&#8220;on|phone&#8220; global_colors_info=&#8220;{}&#8220;]<\/p>\n<h3>Helmholtz-Zentrum hereon<\/h3>\n<p>14:30 Uhr \u2013 Billeb\u00fchne<\/p>\n<p>[\/et_pb_text][\/et_pb_column][\/et_pb_row][et_pb_row column_structure=&#8220;2_5,3_5&#8243; custom_padding_last_edited=&#8220;on|phone&#8220; module_class=&#8220;buttons-inline&#8220; _builder_version=&#8220;4.23.4&#8243; _module_preset=&#8220;default&#8220; width_tablet=&#8220;&#8220; width_phone=&#8220;85%&#8220; width_last_edited=&#8220;on|phone&#8220; custom_padding=&#8220;||||false|false&#8220; custom_padding_tablet=&#8220;15px||||false|false&#8220; custom_padding_phone=&#8220;5px||||false|false&#8220; global_colors_info=&#8220;{}&#8220;][et_pb_column type=&#8220;2_5&#8243; _builder_version=&#8220;4.23.4&#8243; _module_preset=&#8220;default&#8220; global_colors_info=&#8220;{}&#8220;][et_pb_gallery gallery_ids=&#8220;3409&#8243; fullwidth=&#8220;on&#8220; module_class=&#8220;events&#8220; _builder_version=&#8220;4.27.4&#8243; _module_preset=&#8220;default&#8220; background_layout=&#8220;dark&#8220; global_colors_info=&#8220;{}&#8220;][\/et_pb_gallery][\/et_pb_column][et_pb_column type=&#8220;3_5&#8243; _builder_version=&#8220;4.23.4&#8243; _module_preset=&#8220;default&#8220; global_colors_info=&#8220;{}&#8220;][et_pb_text _builder_version=&#8220;4.27.4&#8243; _module_preset=&#8220;default&#8220; background_layout=&#8220;dark&#8220; global_colors_info=&#8220;{}&#8220;]<\/p>\n<p><strong>Messrundgang: Ultrafeine Partikel in der Stadtluft<\/strong><\/p>\n<p>Wie sauber ist die Luft, die wir atmen? Bei diesem Messrundgang nehmen wir mit einem mobilen Messger\u00e4t die Konzentration ultrafeiner Partikel gemeinsam unter die Lupe \u2013 winzige Schadstoffe aus Verkehr, Industrie und anderen Quellen, die tief in die Lunge eindringen k\u00f6nnen. Gemeinsam erkunden wir die Umgebung des Festivals, zeigen live die Messwerte und erkl\u00e4ren, was sie bedeuten. Kommt mit auf einen wissenschaftlichen Spaziergang und erfahrt mehr \u00fcber unsichtbare Belastungen in unserer Atemluft!<\/p>\n<p><a href=\"#stand-hereon\">zu unserem Mitmachstand<\/a><\/p>\n<p>[\/et_pb_text][et_pb_button button_url=&#8220;https:\/\/www.hereon.de\/institutes\/coastal_environmental_chemistry\/chemistry_transport_modelling\/index.php.de&#8220; url_new_window=&#8220;on&#8220; button_text=&#8220;Hereon&#8220; disabled_on=&#8220;off|off|off&#8220; admin_label=&#8220;Hereon&#8220; _builder_version=&#8220;4.27.4&#8243; _module_preset=&#8220;default&#8220; button_icon=&#8220;&#xf101;||fa||900&#8243; button_icon_placement=&#8220;left&#8220; button_on_hover=&#8220;off&#8220; locked=&#8220;off&#8220; global_colors_info=&#8220;{}&#8220;][\/et_pb_button][et_pb_button button_url=&#8220;https:\/\/hcdc.hereon.de\/urbanaqf\/&#8220; url_new_window=&#8220;on&#8220; button_text=&#8220;AQF\/Luftqualit\u00e4ts\u00advorhersage&#8220; disabled_on=&#8220;off|off|off&#8220; admin_label=&#8220;AQF\/Luftqualit\u00e4ts\u00advorhersage&#8220; _builder_version=&#8220;4.27.4&#8243; _module_preset=&#8220;default&#8220; button_icon=&#8220;&#xf101;||fa||900&#8243; button_icon_placement=&#8220;left&#8220; button_on_hover=&#8220;off&#8220; locked=&#8220;off&#8220; global_colors_info=&#8220;{}&#8220;][\/et_pb_button][et_pb_button button_url=&#8220;https:\/\/www.hereon.de\/innovation_transfer\/communication_media\/social_media\/index.php.de&#8220; url_new_window=&#8220;on&#8220; button_text=&#8220;Social Media&#8220; disabled_on=&#8220;off|off|off&#8220; admin_label=&#8220;Social Media&#8220; _builder_version=&#8220;4.27.4&#8243; _module_preset=&#8220;default&#8220; button_icon=&#8220;&#xf101;||fa||900&#8243; button_icon_placement=&#8220;left&#8220; button_on_hover=&#8220;off&#8220; locked=&#8220;off&#8220; global_colors_info=&#8220;{}&#8220;][\/et_pb_button][\/et_pb_column][\/et_pb_row][\/et_pb_section][et_pb_section fb_built=&#8220;1&#8243; custom_padding_last_edited=&#8220;off|phone&#8220; admin_label=&#8220;Popup &#8211; #musik-mariamkiria&#8220; module_id=&#8220;musik-mariamkiria&#8220; module_class=&#8220;popup dark single&#8220; _builder_version=&#8220;4.27.4&#8243; _module_preset=&#8220;default&#8220; background_color=&#8220;#153A4C&#8220; max_width=&#8220;1200px&#8220; custom_padding_tablet=&#8220;1.5em||0em||false|false&#8220; da_is_popup=&#8220;on&#8220; da_popup_slug=&#8220;musik-mariamkiria&#8220; da_disable_devices=&#8220;off|off|off&#8220; locked=&#8220;off&#8220; collapsed=&#8220;on&#8220; global_colors_info=&#8220;{}&#8220; da_exit_intent=&#8220;off&#8220; da_has_close=&#8220;on&#8220; da_alt_close=&#8220;off&#8220; da_dark_close=&#8220;on&#8220; da_not_modal=&#8220;on&#8220; da_is_singular=&#8220;on&#8220; da_with_loader=&#8220;off&#8220; da_has_shadow=&#8220;on&#8220;][et_pb_row _builder_version=&#8220;4.24.2&#8243; _module_preset=&#8220;default&#8220; width_tablet=&#8220;&#8220; width_phone=&#8220;85%&#8220; width_last_edited=&#8220;on|phone&#8220; custom_padding=&#8220;||0px||false|false&#8220; global_colors_info=&#8220;{}&#8220;][et_pb_column type=&#8220;4_4&#8243; _builder_version=&#8220;4.23.4&#8243; _module_preset=&#8220;default&#8220; global_colors_info=&#8220;{}&#8220;][et_pb_text _builder_version=&#8220;4.27.4&#8243; _module_preset=&#8220;default&#8220; background_layout=&#8220;dark&#8220; global_colors_info=&#8220;{}&#8220;]<\/p>\n<h3>Mariam Kiria<\/h3>\n<p>15:00 Uhr \u2013 Billeb\u00fchne<\/p>\n<p>[\/et_pb_text][\/et_pb_column][\/et_pb_row][et_pb_row column_structure=&#8220;2_5,3_5&#8243; custom_padding_last_edited=&#8220;on|phone&#8220; module_class=&#8220;buttons-inline&#8220; _builder_version=&#8220;4.23.4&#8243; _module_preset=&#8220;default&#8220; width_tablet=&#8220;&#8220; width_phone=&#8220;85%&#8220; width_last_edited=&#8220;on|phone&#8220; custom_padding=&#8220;||||false|false&#8220; custom_padding_tablet=&#8220;15px||||false|false&#8220; custom_padding_phone=&#8220;5px||||false|false&#8220; global_colors_info=&#8220;{}&#8220;][et_pb_column type=&#8220;2_5&#8243; _builder_version=&#8220;4.23.4&#8243; _module_preset=&#8220;default&#8220; global_colors_info=&#8220;{}&#8220;][et_pb_gallery gallery_ids=&#8220;3130&#8243; fullwidth=&#8220;on&#8220; _builder_version=&#8220;4.27.4&#8243; _module_preset=&#8220;default&#8220; background_layout=&#8220;dark&#8220; global_colors_info=&#8220;{}&#8220;][\/et_pb_gallery][\/et_pb_column][et_pb_column type=&#8220;3_5&#8243; _builder_version=&#8220;4.23.4&#8243; _module_preset=&#8220;default&#8220; global_colors_info=&#8220;{}&#8220;][et_pb_text _builder_version=&#8220;4.27.4&#8243; _module_preset=&#8220;default&#8220; background_layout=&#8220;dark&#8220; global_colors_info=&#8220;{}&#8220;]<\/p>\n<p class=\"p1\">Mariam Kiria, die georgische S\u00e4ngerin, verzaubert mit gef\u00fchlvollen Chansons und traditionellen Volksliedern aus ihrer Heimat. Ein vielf\u00e4ltiges Mosaik aus Geschichten und Liedern, das in die zauberhafte Welt Georgiens entf\u00fchrt \u2013 ein Konzert, das ber\u00fchrt.<\/p>\n<p>[\/et_pb_text][et_pb_button button_url=&#8220;https:\/\/mariamkiria.de\/&#8220; url_new_window=&#8220;on&#8220; button_text=&#8220;Website&#8220; disabled_on=&#8220;off|off|off&#8220; admin_label=&#8220;Website&#8220; _builder_version=&#8220;4.27.4&#8243; _module_preset=&#8220;45c9fbc4-8fa9-455f-93b5-96c41c77970a&#8220; button_icon=&#8220;&#xf101;||fa||900&#8243; button_icon_placement=&#8220;left&#8220; button_on_hover=&#8220;off&#8220; global_colors_info=&#8220;{}&#8220;][\/et_pb_button][et_pb_button button_url=&#8220;https:\/\/www.instagram.com\/mariamkiria.music\/&#8220; url_new_window=&#8220;on&#8220; button_text=&#8220;Instagram&#8220; disabled_on=&#8220;off|off|off&#8220; admin_label=&#8220;Instagram&#8220; _builder_version=&#8220;4.27.4&#8243; _module_preset=&#8220;default&#8220; button_icon=&#8220;&#xf101;||fa||900&#8243; button_icon_placement=&#8220;left&#8220; button_on_hover=&#8220;off&#8220; global_colors_info=&#8220;{}&#8220;][\/et_pb_button][\/et_pb_column][\/et_pb_row][\/et_pb_section][et_pb_section fb_built=&#8220;1&#8243; custom_padding_last_edited=&#8220;off|phone&#8220; admin_label=&#8220;Popup &#8211; #musik-uebersee&#8220; module_id=&#8220;musik-uebersee&#8220; module_class=&#8220;popup dark single&#8220; _builder_version=&#8220;4.27.4&#8243; _module_preset=&#8220;default&#8220; background_color=&#8220;#153A4C&#8220; max_width=&#8220;1200px&#8220; custom_padding_tablet=&#8220;1.5em||0em||false|false&#8220; da_is_popup=&#8220;on&#8220; da_popup_slug=&#8220;musik-uebersee&#8220; da_disable_devices=&#8220;off|off|off&#8220; locked=&#8220;off&#8220; collapsed=&#8220;on&#8220; global_colors_info=&#8220;{}&#8220; da_exit_intent=&#8220;off&#8220; da_has_close=&#8220;on&#8220; da_alt_close=&#8220;off&#8220; da_dark_close=&#8220;on&#8220; da_not_modal=&#8220;on&#8220; da_is_singular=&#8220;on&#8220; da_with_loader=&#8220;off&#8220; da_has_shadow=&#8220;on&#8220;][et_pb_row _builder_version=&#8220;4.24.2&#8243; _module_preset=&#8220;default&#8220; width_tablet=&#8220;&#8220; width_phone=&#8220;85%&#8220; width_last_edited=&#8220;on|phone&#8220; custom_padding=&#8220;||0px||false|false&#8220; global_colors_info=&#8220;{}&#8220;][et_pb_column type=&#8220;4_4&#8243; _builder_version=&#8220;4.23.4&#8243; _module_preset=&#8220;default&#8220; global_colors_info=&#8220;{}&#8220;][et_pb_text _builder_version=&#8220;4.27.4&#8243; _module_preset=&#8220;default&#8220; background_layout=&#8220;dark&#8220; global_colors_info=&#8220;{}&#8220;]<\/p>\n<h3>\u00dcbersee<\/h3>\n<p>17:00 Uhr \u2013 Billeb\u00fchne<\/p>\n<p>[\/et_pb_text][\/et_pb_column][\/et_pb_row][et_pb_row column_structure=&#8220;2_5,3_5&#8243; custom_padding_last_edited=&#8220;on|phone&#8220; module_class=&#8220;buttons-inline&#8220; _builder_version=&#8220;4.23.4&#8243; _module_preset=&#8220;default&#8220; width_tablet=&#8220;&#8220; width_phone=&#8220;85%&#8220; width_last_edited=&#8220;on|phone&#8220; custom_padding=&#8220;||||false|false&#8220; custom_padding_tablet=&#8220;15px||||false|false&#8220; custom_padding_phone=&#8220;5px||||false|false&#8220; global_colors_info=&#8220;{}&#8220;][et_pb_column type=&#8220;2_5&#8243; _builder_version=&#8220;4.23.4&#8243; _module_preset=&#8220;default&#8220; global_colors_info=&#8220;{}&#8220;][et_pb_gallery gallery_ids=&#8220;2835&#8243; fullwidth=&#8220;on&#8220; _builder_version=&#8220;4.27.4&#8243; _module_preset=&#8220;default&#8220; background_layout=&#8220;dark&#8220; global_colors_info=&#8220;{}&#8220;][\/et_pb_gallery][\/et_pb_column][et_pb_column type=&#8220;3_5&#8243; _builder_version=&#8220;4.23.4&#8243; _module_preset=&#8220;default&#8220; global_colors_info=&#8220;{}&#8220;][et_pb_text _builder_version=&#8220;4.27.4&#8243; _module_preset=&#8220;default&#8220; background_layout=&#8220;dark&#8220; global_colors_info=&#8220;{}&#8220;]<\/p>\n<p class=\"p1\">\u00dcbersee ist eine Hamburger Band, in deren Musik immer etwas Sehnsucht anklingt. Nach dem sch\u00f6nen S\u00fcden, der vielleicht gar nicht mehr existiert, nach den Bergen und dem Meer, Orten, an denen nichts einen ablenkt au\u00dfer den Sternen.<\/p>\n<p>[\/et_pb_text][et_pb_button button_url=&#8220;https:\/\/www.uebersee-musik.de\/&#8220; url_new_window=&#8220;on&#8220; button_text=&#8220;Website&#8220; disabled_on=&#8220;off|off|off&#8220; admin_label=&#8220;Website&#8220; _builder_version=&#8220;4.27.4&#8243; _module_preset=&#8220;45c9fbc4-8fa9-455f-93b5-96c41c77970a&#8220; button_icon=&#8220;&#xf101;||fa||900&#8243; button_icon_placement=&#8220;left&#8220; button_on_hover=&#8220;off&#8220; global_colors_info=&#8220;{}&#8220;][\/et_pb_button][et_pb_button button_url=&#8220;https:\/\/www.instagram.com\/uebersee.musik&#8220; url_new_window=&#8220;on&#8220; button_text=&#8220;Instagram&#8220; admin_label=&#8220;Instagram&#8220; _builder_version=&#8220;4.27.4&#8243; _module_preset=&#8220;default&#8220; button_icon=&#8220;&#xf101;||fa||900&#8243; button_icon_placement=&#8220;left&#8220; button_on_hover=&#8220;off&#8220; global_colors_info=&#8220;{}&#8220;][\/et_pb_button][et_pb_button url_new_window=&#8220;on&#8220; button_text=&#8220;Spotify&#8220; disabled_on=&#8220;on|on|on&#8220; _builder_version=&#8220;4.24.2&#8243; _module_preset=&#8220;default&#8220; button_icon=&#8220;&#xf101;||fa||900&#8243; button_icon_placement=&#8220;left&#8220; button_on_hover=&#8220;off&#8220; disabled=&#8220;on&#8220; global_colors_info=&#8220;{}&#8220;][\/et_pb_button][\/et_pb_column][\/et_pb_row][\/et_pb_section][et_pb_section fb_built=&#8220;1&#8243; custom_padding_last_edited=&#8220;off|phone&#8220; admin_label=&#8220;Popup &#8211; #musik-diefeigenflittchen&#8220; module_id=&#8220;musik-diefeigenflittchen&#8220; module_class=&#8220;popup dark single&#8220; _builder_version=&#8220;4.27.4&#8243; _module_preset=&#8220;default&#8220; background_color=&#8220;#153A4C&#8220; max_width=&#8220;1200px&#8220; custom_padding_tablet=&#8220;1.5em||0em||false|false&#8220; da_is_popup=&#8220;on&#8220; da_popup_slug=&#8220;musik-diefeigenflittchen&#8220; da_disable_devices=&#8220;off|off|off&#8220; locked=&#8220;off&#8220; collapsed=&#8220;on&#8220; global_colors_info=&#8220;{}&#8220; da_exit_intent=&#8220;off&#8220; da_has_close=&#8220;on&#8220; da_alt_close=&#8220;off&#8220; da_dark_close=&#8220;on&#8220; da_not_modal=&#8220;on&#8220; da_is_singular=&#8220;on&#8220; da_with_loader=&#8220;off&#8220; da_has_shadow=&#8220;on&#8220;][et_pb_row _builder_version=&#8220;4.24.2&#8243; _module_preset=&#8220;default&#8220; width_tablet=&#8220;&#8220; width_phone=&#8220;85%&#8220; width_last_edited=&#8220;on|phone&#8220; custom_padding=&#8220;||0px||false|false&#8220; global_colors_info=&#8220;{}&#8220;][et_pb_column type=&#8220;4_4&#8243; _builder_version=&#8220;4.23.4&#8243; _module_preset=&#8220;default&#8220; global_colors_info=&#8220;{}&#8220;][et_pb_text _builder_version=&#8220;4.27.4&#8243; _module_preset=&#8220;default&#8220; background_layout=&#8220;dark&#8220; global_colors_info=&#8220;{}&#8220;]<\/p>\n<h3>Die Feigen Flittchen<\/h3>\n<p>19:00 Uhr \u2013 Billeb\u00fchne<\/p>\n<p>[\/et_pb_text][\/et_pb_column][\/et_pb_row][et_pb_row column_structure=&#8220;2_5,3_5&#8243; custom_padding_last_edited=&#8220;on|phone&#8220; module_class=&#8220;buttons-inline&#8220; _builder_version=&#8220;4.23.4&#8243; _module_preset=&#8220;default&#8220; width_tablet=&#8220;&#8220; width_phone=&#8220;85%&#8220; width_last_edited=&#8220;on|phone&#8220; custom_padding=&#8220;||||false|false&#8220; custom_padding_tablet=&#8220;15px||||false|false&#8220; custom_padding_phone=&#8220;5px||||false|false&#8220; global_colors_info=&#8220;{}&#8220;][et_pb_column type=&#8220;2_5&#8243; _builder_version=&#8220;4.23.4&#8243; _module_preset=&#8220;default&#8220; global_colors_info=&#8220;{}&#8220;][et_pb_gallery gallery_ids=&#8220;2895&#8243; fullwidth=&#8220;on&#8220; _builder_version=&#8220;4.27.4&#8243; _module_preset=&#8220;default&#8220; background_layout=&#8220;dark&#8220; global_colors_info=&#8220;{}&#8220;][\/et_pb_gallery][\/et_pb_column][et_pb_column type=&#8220;3_5&#8243; _builder_version=&#8220;4.23.4&#8243; _module_preset=&#8220;default&#8220; global_colors_info=&#8220;{}&#8220;][et_pb_text _builder_version=&#8220;4.27.4&#8243; _module_preset=&#8220;default&#8220; background_layout=&#8220;dark&#8220; global_colors_info=&#8220;{}&#8220;]<\/p>\n<p class=\"p1\">Feige Flittchen, wie feige sie doch sind! Weder trauen sie sich zuzuordnen, in welches Genre sie gesteckt werden m\u00f6chten, noch trauen sie sich zu verraten, von wem oder was sie denn \u00fcberhaupt singen! Dabei entfachen die Lieder \u00fcber verbotene Liebe, Verfolgungsjagden im Park oder den netten Nachbar Holger \u2013 der eines Tages mit Brille auftauchte und das Leben von Messer und Lili Flittchen stark ver\u00e4nderte \u2013 nat\u00fcrlich Neugier. So ist gewiss eine der gro\u00dfen Fragen, die wir uns stellen: Wer hat denn eigentlich in den Pokal gepisst? Fragen \u00fcber Fragen, Flittchen \u00fcber Flittchen. Was nun noch ausbleibt, f\u00fcr euch zu wissen: Wie k\u00f6nnt ihr den Flittchen besonders nah sein?<\/p>\n<p class=\"p1\">Als wir die Feigen Flittchen mit dieser dringenden Frage anfaxen, antworten sie nur kurz und knapp: Kommt zu unserem Konzert!<\/p>\n<p>[\/et_pb_text][et_pb_button button_url=&#8220;https:\/\/feigeflittchen.wixsite.com\/feige-flittchen&#8220; url_new_window=&#8220;on&#8220; button_text=&#8220;Website&#8220; disabled_on=&#8220;off|off|off&#8220; admin_label=&#8220;Website&#8220; _builder_version=&#8220;4.27.4&#8243; _module_preset=&#8220;45c9fbc4-8fa9-455f-93b5-96c41c77970a&#8220; button_icon=&#8220;&#xf101;||fa||900&#8243; button_icon_placement=&#8220;left&#8220; button_on_hover=&#8220;off&#8220; global_colors_info=&#8220;{}&#8220;][\/et_pb_button][et_pb_button button_url=&#8220;https:\/\/www.instagram.com\/feigeflittchen&#8220; url_new_window=&#8220;on&#8220; button_text=&#8220;Instagram&#8220; disabled_on=&#8220;off|off|off&#8220; admin_label=&#8220;Instagram&#8220; _builder_version=&#8220;4.27.4&#8243; _module_preset=&#8220;default&#8220; button_icon=&#8220;&#xf101;||fa||900&#8243; button_icon_placement=&#8220;left&#8220; button_on_hover=&#8220;off&#8220; global_colors_info=&#8220;{}&#8220;][\/et_pb_button][et_pb_button url_new_window=&#8220;on&#8220; button_text=&#8220;Spotify&#8220; disabled_on=&#8220;on|on|on&#8220; admin_label=&#8220;Spotify&#8220; _builder_version=&#8220;4.27.4&#8243; _module_preset=&#8220;default&#8220; button_icon=&#8220;&#xf101;||fa||900&#8243; button_icon_placement=&#8220;left&#8220; button_on_hover=&#8220;off&#8220; disabled=&#8220;on&#8220; global_colors_info=&#8220;{}&#8220;][\/et_pb_button][\/et_pb_column][\/et_pb_row][\/et_pb_section][et_pb_section fb_built=&#8220;1&#8243; custom_padding_last_edited=&#8220;on|phone&#8220; admin_label=&#8220;Popup &#8211; #vortrag-anaamil&#8220; module_id=&#8220;vortrag-anaamil&#8220; module_class=&#8220;popup dark single&#8220; _builder_version=&#8220;4.27.4&#8243; _module_preset=&#8220;default&#8220; background_color=&#8220;#153A4C&#8220; max_width=&#8220;1200px&#8220; custom_padding=&#8220;40px||40px||true|false&#8220; custom_padding_tablet=&#8220;30px||0px||false|false&#8220; custom_padding_phone=&#8220;15px||||false|false&#8220; da_is_popup=&#8220;on&#8220; da_popup_slug=&#8220;vortrag-anaamil&#8220; da_disable_devices=&#8220;off|off|off&#8220; locked=&#8220;off&#8220; collapsed=&#8220;on&#8220; global_colors_info=&#8220;{}&#8220; da_exit_intent=&#8220;off&#8220; da_has_close=&#8220;on&#8220; da_alt_close=&#8220;off&#8220; da_dark_close=&#8220;on&#8220; da_not_modal=&#8220;on&#8220; da_is_singular=&#8220;on&#8220; da_with_loader=&#8220;off&#8220; da_has_shadow=&#8220;on&#8220;][et_pb_row _builder_version=&#8220;4.24.0&#8243; _module_preset=&#8220;default&#8220; width_tablet=&#8220;&#8220; width_phone=&#8220;85%&#8220; width_last_edited=&#8220;on|phone&#8220; custom_padding=&#8220;||0px||false|false&#8220; global_colors_info=&#8220;{}&#8220;][et_pb_column type=&#8220;4_4&#8243; _builder_version=&#8220;4.23.4&#8243; _module_preset=&#8220;default&#8220; global_colors_info=&#8220;{}&#8220;][et_pb_text _builder_version=&#8220;4.27.4&#8243; _module_preset=&#8220;default&#8220; background_layout=&#8220;dark&#8220; header_3_font_size_tablet=&#8220;&#8220; header_3_font_size_phone=&#8220;&#8220; header_3_font_size_last_edited=&#8220;on|phone&#8220; global_colors_info=&#8220;{}&#8220;]<\/p>\n<h3>Ana Amil von 12 m\u00b2 \u2013 So viel Raum ben\u00f6tigt ein Parkplatz<\/h3>\n<p>13:30 Uhr \u2013 Vortragszelt<\/p>\n<p>[\/et_pb_text][\/et_pb_column][\/et_pb_row][et_pb_row column_structure=&#8220;2_5,3_5&#8243; custom_padding_last_edited=&#8220;on|phone&#8220; module_class=&#8220;buttons-inline&#8220; _builder_version=&#8220;4.23.4&#8243; _module_preset=&#8220;default&#8220; width_tablet=&#8220;&#8220; width_phone=&#8220;85%&#8220; width_last_edited=&#8220;on|phone&#8220; custom_padding=&#8220;||||false|false&#8220; custom_padding_tablet=&#8220;15px||||false|false&#8220; custom_padding_phone=&#8220;5px||||false|false&#8220; global_colors_info=&#8220;{}&#8220;][et_pb_column type=&#8220;2_5&#8243; _builder_version=&#8220;4.23.4&#8243; _module_preset=&#8220;default&#8220; global_colors_info=&#8220;{}&#8220;][et_pb_gallery gallery_ids=&#8220;2884,2885&#8243; fullwidth=&#8220;on&#8220; module_class=&#8220;events&#8220; _builder_version=&#8220;4.27.4&#8243; _module_preset=&#8220;default&#8220; background_layout=&#8220;dark&#8220; global_colors_info=&#8220;{}&#8220;][\/et_pb_gallery][\/et_pb_column][et_pb_column type=&#8220;3_5&#8243; _builder_version=&#8220;4.23.4&#8243; _module_preset=&#8220;default&#8220; global_colors_info=&#8220;{}&#8220;][et_pb_text _builder_version=&#8220;4.27.4&#8243; _module_preset=&#8220;default&#8220; link_text_color=&#8220;#FAE200&#8243; background_layout=&#8220;dark&#8220; global_colors_info=&#8220;{}&#8220;]<\/p>\n<p>Das Projekt 12 m\u00b2 veranstaltet utopische Spazierg\u00e4nge durch Hamburg: Wie w\u00e4re es, w\u00fcrden wir uns die Stadt mal mit anderen Augen ansehen? Unsere interaktiven Rundg\u00e4nge lassen uns vorstellen, dass die Welt in der wir leben, ganz anders sein k\u00f6nnte! Auf dem Asphaltsprenger geht es im Vortrag von Ana Amil auf virtuelle Erkundungstour durch Hamburg, um zu erleben, welche Alternativen zur autogerechten Stadt existieren.<\/p>\n<p>Ana Amil ist Kultur- und Communitymanagerin und Gr\u00fcnderin. Der Fokus ihrer Arbeit liegt auf Gerechtigkeitsthemen. \u201eAlle allt\u00e4glichen und \u00f6ffentlichen Lebensbereiche, wie z.B. Mobilit\u00e4t, Arbeit, Gesundheit, Bildung, Wohnen, Teilhabe, \u2026 m\u00fcssen intersektional gedacht und gerechter und gleichberechtigter werden.\u201c<\/p>\n<p>Hier findet ihr Ana Amil auf Ihrer <a href=\"https:\/\/www.ana-amil.de\/\" target=\"_blank\" rel=\"noopener\">Website<\/a> und <a href=\"https:\/\/www.instagram.com\/ana_amil_arts\/\" target=\"_blank\" rel=\"noopener\">Instagram<\/a>.<\/p>\n<p>[\/et_pb_text][et_pb_button button_url=&#8220;https:\/\/www.12m2.org\/&#8220; url_new_window=&#8220;on&#8220; button_text=&#8220;Website&#8220; disabled_on=&#8220;off|off|off&#8220; admin_label=&#8220;Website&#8220; _builder_version=&#8220;4.27.4&#8243; _module_preset=&#8220;default&#8220; button_icon=&#8220;&#xf101;||fa||900&#8243; button_icon_placement=&#8220;left&#8220; button_on_hover=&#8220;off&#8220; global_colors_info=&#8220;{}&#8220;][\/et_pb_button][et_pb_button button_url=&#8220;https:\/\/www.instagram.com\/12m2_hamburg\/&#8220; url_new_window=&#8220;on&#8220; button_text=&#8220;Instagram&#8220; disabled_on=&#8220;off|off|off&#8220; admin_label=&#8220;Instagram&#8220; _builder_version=&#8220;4.27.4&#8243; _module_preset=&#8220;default&#8220; button_icon=&#8220;&#xf101;||fa||900&#8243; button_icon_placement=&#8220;left&#8220; button_on_hover=&#8220;off&#8220; global_colors_info=&#8220;{}&#8220;][\/et_pb_button][\/et_pb_column][\/et_pb_row][\/et_pb_section][et_pb_section fb_built=&#8220;1&#8243; custom_padding_last_edited=&#8220;on|phone&#8220; admin_label=&#8220;Popup &#8211; #vortrag-halloev&#8220; module_id=&#8220;vortrag-halloev&#8220; module_class=&#8220;popup dark single&#8220; _builder_version=&#8220;4.27.4&#8243; _module_preset=&#8220;default&#8220; background_color=&#8220;#153A4C&#8220; max_width=&#8220;1200px&#8220; custom_padding=&#8220;40px||40px||true|false&#8220; custom_padding_tablet=&#8220;30px||0px||false|false&#8220; custom_padding_phone=&#8220;15px||||false|false&#8220; da_is_popup=&#8220;on&#8220; da_popup_slug=&#8220;vortrag-halloev&#8220; da_disable_devices=&#8220;off|off|off&#8220; locked=&#8220;off&#8220; collapsed=&#8220;on&#8220; global_colors_info=&#8220;{}&#8220; da_exit_intent=&#8220;off&#8220; da_has_close=&#8220;on&#8220; da_alt_close=&#8220;off&#8220; da_dark_close=&#8220;on&#8220; da_not_modal=&#8220;on&#8220; da_is_singular=&#8220;on&#8220; da_with_loader=&#8220;off&#8220; da_has_shadow=&#8220;on&#8220;][et_pb_row _builder_version=&#8220;4.24.0&#8243; _module_preset=&#8220;default&#8220; width_tablet=&#8220;&#8220; width_phone=&#8220;85%&#8220; width_last_edited=&#8220;on|phone&#8220; custom_padding=&#8220;||0px||false|false&#8220; global_colors_info=&#8220;{}&#8220;][et_pb_column type=&#8220;4_4&#8243; _builder_version=&#8220;4.23.4&#8243; _module_preset=&#8220;default&#8220; global_colors_info=&#8220;{}&#8220;][et_pb_text _builder_version=&#8220;4.27.4&#8243; _module_preset=&#8220;default&#8220; background_layout=&#8220;dark&#8220; header_3_font_size_tablet=&#8220;&#8220; header_3_font_size_phone=&#8220;&#8220; header_3_font_size_last_edited=&#8220;on|phone&#8220; global_colors_info=&#8220;{}&#8220;]<\/p>\n<h3>Hallo: e.V. mit den Projekten PARKS und Kiosk<\/h3>\n<p>14:00 Uhr \u2013 Vortragszelt<\/p>\n<p>[\/et_pb_text][\/et_pb_column][\/et_pb_row][et_pb_row column_structure=&#8220;2_5,3_5&#8243; custom_padding_last_edited=&#8220;on|phone&#8220; module_class=&#8220;buttons-inline&#8220; _builder_version=&#8220;4.23.4&#8243; _module_preset=&#8220;default&#8220; width_tablet=&#8220;&#8220; width_phone=&#8220;85%&#8220; width_last_edited=&#8220;on|phone&#8220; custom_padding=&#8220;||||false|false&#8220; custom_padding_tablet=&#8220;15px||||false|false&#8220; custom_padding_phone=&#8220;5px||||false|false&#8220; global_colors_info=&#8220;{}&#8220;][et_pb_column type=&#8220;2_5&#8243; _builder_version=&#8220;4.23.4&#8243; _module_preset=&#8220;default&#8220; global_colors_info=&#8220;{}&#8220;][et_pb_gallery gallery_ids=&#8220;2993&#8243; fullwidth=&#8220;on&#8220; module_class=&#8220;events&#8220; _builder_version=&#8220;4.27.4&#8243; _module_preset=&#8220;default&#8220; background_layout=&#8220;dark&#8220; global_colors_info=&#8220;{}&#8220;][\/et_pb_gallery][\/et_pb_column][et_pb_column type=&#8220;3_5&#8243; _builder_version=&#8220;4.23.4&#8243; _module_preset=&#8220;default&#8220; global_colors_info=&#8220;{}&#8220;][et_pb_text _builder_version=&#8220;4.27.4&#8243; _module_preset=&#8220;default&#8220; background_layout=&#8220;dark&#8220; global_colors_info=&#8220;{}&#8220;]<\/p>\n<p>Der Hallo: Verein ist eine Plattform, ein Rahmen f\u00fcr vielf\u00e4ltige Projekte und Initiativen, eingebettet in einer Nachbar*innenschaft im Hamburger Osten. Wir arbeiten als offene und selbstorganisierte Struktur. Erschlie\u00dfen private und \u00f6ffentliche R\u00e4ume und machen sie zu gemeinschaftlichen Orten. Unsere Mittel dazu sind k\u00fcnstlerisch, performativ, vermittelnd, verhandelnd, formalisierend und verbindend.<\/p>\n<p>Das Kiosk ist eine nachbarschaftliche Anlaufstelle, in der Menschen gemeinsam einen Begegnungsraum und Angebote entwickeln und selbst umsetzen \u2013 bei PARKS, dem gemeinschaftlichen Freiraumprojekt auf dem Alten Recyclinghof in Hammerbrook, das die Nachbar*innenschaft gemeinsam mit dem Hallo: und atelier le balto seit 2019 entstehen l\u00e4sst und betreibt.<\/p>\n<p>[\/et_pb_text][et_pb_button button_url=&#8220;https:\/\/parks-hamburg.de\/&#8220; url_new_window=&#8220;on&#8220; button_text=&#8220;Website&#8220; disabled_on=&#8220;off|off|off&#8220; admin_label=&#8220;Website&#8220; _builder_version=&#8220;4.27.4&#8243; _module_preset=&#8220;default&#8220; button_icon=&#8220;&#xf101;||fa||900&#8243; button_icon_placement=&#8220;left&#8220; button_on_hover=&#8220;off&#8220; global_colors_info=&#8220;{}&#8220;][\/et_pb_button][et_pb_button button_url=&#8220;https:\/\/www.instagram.com\/alster_bille_elbe_parks\/&#8220; url_new_window=&#8220;on&#8220; button_text=&#8220;Instagram&#8220; disabled_on=&#8220;off|off|off&#8220; admin_label=&#8220;Instagram&#8220; _builder_version=&#8220;4.27.4&#8243; _module_preset=&#8220;default&#8220; button_icon=&#8220;&#xf101;||fa||900&#8243; button_icon_placement=&#8220;left&#8220; button_on_hover=&#8220;off&#8220; global_colors_info=&#8220;{}&#8220;][\/et_pb_button][\/et_pb_column][\/et_pb_row][\/et_pb_section][et_pb_section fb_built=&#8220;1&#8243; custom_padding_last_edited=&#8220;on|phone&#8220; admin_label=&#8220;Popup &#8211; #vortrag-organismendemokratie&#8220; module_id=&#8220;vortrag-organismendemokratie&#8220; module_class=&#8220;popup dark single&#8220; _builder_version=&#8220;4.27.4&#8243; _module_preset=&#8220;default&#8220; background_color=&#8220;#153A4C&#8220; max_width=&#8220;1200px&#8220; custom_padding=&#8220;40px||40px||true|false&#8220; custom_padding_tablet=&#8220;30px||0px||false|false&#8220; custom_padding_phone=&#8220;15px||||false|false&#8220; da_is_popup=&#8220;on&#8220; da_popup_slug=&#8220;vortrag-organismendemokratie&#8220; da_disable_devices=&#8220;off|off|off&#8220; locked=&#8220;off&#8220; collapsed=&#8220;on&#8220; global_colors_info=&#8220;{}&#8220; da_exit_intent=&#8220;off&#8220; da_has_close=&#8220;on&#8220; da_alt_close=&#8220;off&#8220; da_dark_close=&#8220;on&#8220; da_not_modal=&#8220;on&#8220; da_is_singular=&#8220;on&#8220; da_with_loader=&#8220;off&#8220; da_has_shadow=&#8220;on&#8220;][et_pb_row _builder_version=&#8220;4.24.0&#8243; _module_preset=&#8220;default&#8220; width_tablet=&#8220;&#8220; width_phone=&#8220;85%&#8220; width_last_edited=&#8220;on|phone&#8220; custom_padding=&#8220;||0px||false|false&#8220; global_colors_info=&#8220;{}&#8220;][et_pb_column type=&#8220;4_4&#8243; _builder_version=&#8220;4.23.4&#8243; _module_preset=&#8220;default&#8220; global_colors_info=&#8220;{}&#8220;][et_pb_text _builder_version=&#8220;4.27.4&#8243; _module_preset=&#8220;default&#8220; background_layout=&#8220;dark&#8220; header_3_font_size_tablet=&#8220;&#8220; header_3_font_size_phone=&#8220;&#8220; header_3_font_size_last_edited=&#8220;on|phone&#8220; global_colors_info=&#8220;{}&#8220;]<\/p>\n<h3>Organismendemokratie<\/h3>\n<p>14:30 Uhr \u2013 Vortragszelt<\/p>\n<p>[\/et_pb_text][\/et_pb_column][\/et_pb_row][et_pb_row column_structure=&#8220;2_5,3_5&#8243; custom_padding_last_edited=&#8220;on|phone&#8220; module_class=&#8220;buttons-inline&#8220; _builder_version=&#8220;4.23.4&#8243; _module_preset=&#8220;default&#8220; width_tablet=&#8220;&#8220; width_phone=&#8220;85%&#8220; width_last_edited=&#8220;on|phone&#8220; custom_padding=&#8220;||||false|false&#8220; custom_padding_tablet=&#8220;15px||||false|false&#8220; custom_padding_phone=&#8220;5px||||false|false&#8220; global_colors_info=&#8220;{}&#8220;][et_pb_column type=&#8220;2_5&#8243; _builder_version=&#8220;4.23.4&#8243; _module_preset=&#8220;default&#8220; global_colors_info=&#8220;{}&#8220;][et_pb_gallery gallery_ids=&#8220;2735&#8243; fullwidth=&#8220;on&#8220; module_class=&#8220;events&#8220; _builder_version=&#8220;4.27.4&#8243; _module_preset=&#8220;default&#8220; background_layout=&#8220;dark&#8220; global_colors_info=&#8220;{}&#8220;][\/et_pb_gallery][\/et_pb_column][et_pb_column type=&#8220;3_5&#8243; _builder_version=&#8220;4.23.4&#8243; _module_preset=&#8220;default&#8220; global_colors_info=&#8220;{}&#8220;][et_pb_text _builder_version=&#8220;4.27.4&#8243; _module_preset=&#8220;default&#8220; background_layout=&#8220;dark&#8220; global_colors_info=&#8220;{}&#8220;]<\/p>\n<p>Infos folgen<\/p>\n<p>[\/et_pb_text][et_pb_button button_url=&#8220;https:\/\/organismendemokratie.org\/&#8220; url_new_window=&#8220;on&#8220; button_text=&#8220;Website&#8220; disabled_on=&#8220;off|off|off&#8220; admin_label=&#8220;Website&#8220; _builder_version=&#8220;4.27.4&#8243; _module_preset=&#8220;default&#8220; button_icon=&#8220;&#xf101;||fa||900&#8243; button_icon_placement=&#8220;left&#8220; button_on_hover=&#8220;off&#8220; global_colors_info=&#8220;{}&#8220;][\/et_pb_button][et_pb_button button_url=&#8220;https:\/\/www.instagram.com\/&#8220; url_new_window=&#8220;on&#8220; button_text=&#8220;Instagram&#8220; disabled_on=&#8220;on|on|on&#8220; admin_label=&#8220;Instagram&#8220; _builder_version=&#8220;4.27.4&#8243; _module_preset=&#8220;default&#8220; button_icon=&#8220;&#xf101;||fa||900&#8243; button_icon_placement=&#8220;left&#8220; button_on_hover=&#8220;off&#8220; disabled=&#8220;on&#8220; global_colors_info=&#8220;{}&#8220;][\/et_pb_button][\/et_pb_column][\/et_pb_row][\/et_pb_section][et_pb_section fb_built=&#8220;1&#8243; custom_padding_last_edited=&#8220;on|phone&#8220; admin_label=&#8220;Popup &#8211; #vortrag-wildekehlen&#8220; module_id=&#8220;vortrag-wildekehlen&#8220; module_class=&#8220;popup dark single&#8220; _builder_version=&#8220;4.27.4&#8243; _module_preset=&#8220;default&#8220; background_color=&#8220;#153A4C&#8220; max_width=&#8220;1200px&#8220; custom_padding=&#8220;40px||40px||true|false&#8220; custom_padding_tablet=&#8220;30px||0px||false|false&#8220; custom_padding_phone=&#8220;15px||||false|false&#8220; da_is_popup=&#8220;on&#8220; da_popup_slug=&#8220;vortrag-wildekehlen&#8220; da_disable_devices=&#8220;off|off|off&#8220; locked=&#8220;off&#8220; collapsed=&#8220;on&#8220; global_colors_info=&#8220;{}&#8220; da_exit_intent=&#8220;off&#8220; da_has_close=&#8220;on&#8220; da_alt_close=&#8220;off&#8220; da_dark_close=&#8220;on&#8220; da_not_modal=&#8220;on&#8220; da_is_singular=&#8220;on&#8220; da_with_loader=&#8220;off&#8220; da_has_shadow=&#8220;on&#8220;][et_pb_row _builder_version=&#8220;4.24.0&#8243; _module_preset=&#8220;default&#8220; width_tablet=&#8220;&#8220; width_phone=&#8220;85%&#8220; width_last_edited=&#8220;on|phone&#8220; custom_padding=&#8220;||0px||false|false&#8220; global_colors_info=&#8220;{}&#8220;][et_pb_column type=&#8220;4_4&#8243; _builder_version=&#8220;4.23.4&#8243; _module_preset=&#8220;default&#8220; global_colors_info=&#8220;{}&#8220;][et_pb_text _builder_version=&#8220;4.27.4&#8243; _module_preset=&#8220;default&#8220; background_layout=&#8220;dark&#8220; header_3_font_size_tablet=&#8220;&#8220; header_3_font_size_phone=&#8220;&#8220; header_3_font_size_last_edited=&#8220;on|phone&#8220; global_colors_info=&#8220;{}&#8220;]<\/p>\n<h3>Wilde Kehlen<\/h3>\n<p>15:30 Uhr \u2013 Vortragszelt<\/p>\n<p>[\/et_pb_text][\/et_pb_column][\/et_pb_row][et_pb_row column_structure=&#8220;2_5,3_5&#8243; custom_padding_last_edited=&#8220;on|phone&#8220; module_class=&#8220;buttons-inline&#8220; _builder_version=&#8220;4.23.4&#8243; _module_preset=&#8220;default&#8220; width_tablet=&#8220;&#8220; width_phone=&#8220;85%&#8220; width_last_edited=&#8220;on|phone&#8220; custom_padding=&#8220;||||false|false&#8220; custom_padding_tablet=&#8220;15px||||false|false&#8220; custom_padding_phone=&#8220;5px||||false|false&#8220; global_colors_info=&#8220;{}&#8220;][et_pb_column type=&#8220;2_5&#8243; _builder_version=&#8220;4.23.4&#8243; _module_preset=&#8220;default&#8220; global_colors_info=&#8220;{}&#8220;][et_pb_gallery gallery_ids=&#8220;3011&#8243; fullwidth=&#8220;on&#8220; module_class=&#8220;events&#8220; _builder_version=&#8220;4.27.4&#8243; _module_preset=&#8220;default&#8220; background_layout=&#8220;dark&#8220; global_colors_info=&#8220;{}&#8220;][\/et_pb_gallery][\/et_pb_column][et_pb_column type=&#8220;3_5&#8243; _builder_version=&#8220;4.23.4&#8243; _module_preset=&#8220;default&#8220; global_colors_info=&#8220;{}&#8220;][et_pb_text _builder_version=&#8220;4.27.4&#8243; _module_preset=&#8220;default&#8220; background_layout=&#8220;dark&#8220; global_colors_info=&#8220;{}&#8220;]<\/p>\n<p>Die \u201eWilden Kehlen\u201c sind eine musikalisch-literarische Performance von Carsten Kluth und Xaver R\u00f6mer zu Vogel-Mensch-Beziehungen. Wir sp\u00fcren den \u201awilden Kehlen\u2018 nach, nehmen Ges\u00e4nge auf \u2013 von Goldammern, Meisen, Sumpfrohrs\u00e4ngern &amp; Co, musizieren mit ihnen, schreiben und dichten ihre Geschichten. Wir schl\u00fcpfen in ihre Perspektive, um selbst ein wenig zu verwildern.<\/p>\n<p>[\/et_pb_text][et_pb_button url_new_window=&#8220;on&#8220; button_text=&#8220;Website&#8220; disabled_on=&#8220;on|on|on&#8220; admin_label=&#8220;Website&#8220; _builder_version=&#8220;4.27.4&#8243; _module_preset=&#8220;default&#8220; button_icon=&#8220;&#xf101;||fa||900&#8243; button_icon_placement=&#8220;left&#8220; button_on_hover=&#8220;off&#8220; disabled=&#8220;on&#8220; global_colors_info=&#8220;{}&#8220;][\/et_pb_button][et_pb_button button_url=&#8220;https:\/\/www.instagram.com\/wildekehlen\/&#8220; url_new_window=&#8220;on&#8220; button_text=&#8220;Instagram&#8220; disabled_on=&#8220;off|off|off&#8220; admin_label=&#8220;Instagram&#8220; _builder_version=&#8220;4.27.4&#8243; _module_preset=&#8220;default&#8220; button_icon=&#8220;&#xf101;||fa||900&#8243; button_icon_placement=&#8220;left&#8220; button_on_hover=&#8220;off&#8220; global_colors_info=&#8220;{}&#8220;][\/et_pb_button][\/et_pb_column][\/et_pb_row][\/et_pb_section][et_pb_section fb_built=&#8220;1&#8243; custom_padding_last_edited=&#8220;on|phone&#8220; admin_label=&#8220;Popup &#8211; #vortrag-farn&#8220; module_id=&#8220;vortrag-farn&#8220; module_class=&#8220;popup dark single&#8220; _builder_version=&#8220;4.27.4&#8243; _module_preset=&#8220;default&#8220; background_color=&#8220;#153A4C&#8220; max_width=&#8220;1200px&#8220; custom_padding=&#8220;40px||40px||true|false&#8220; custom_padding_tablet=&#8220;30px||0px||false|false&#8220; custom_padding_phone=&#8220;15px||||false|false&#8220; da_is_popup=&#8220;on&#8220; da_popup_slug=&#8220;vortrag-farn&#8220; da_disable_devices=&#8220;off|off|off&#8220; locked=&#8220;off&#8220; collapsed=&#8220;on&#8220; global_colors_info=&#8220;{}&#8220; da_exit_intent=&#8220;off&#8220; da_has_close=&#8220;on&#8220; da_alt_close=&#8220;off&#8220; da_dark_close=&#8220;on&#8220; da_not_modal=&#8220;on&#8220; da_is_singular=&#8220;on&#8220; da_with_loader=&#8220;off&#8220; da_has_shadow=&#8220;on&#8220;][et_pb_row _builder_version=&#8220;4.24.0&#8243; _module_preset=&#8220;default&#8220; width_tablet=&#8220;&#8220; width_phone=&#8220;85%&#8220; width_last_edited=&#8220;on|phone&#8220; custom_padding=&#8220;||0px||false|false&#8220; global_colors_info=&#8220;{}&#8220;][et_pb_column type=&#8220;4_4&#8243; _builder_version=&#8220;4.23.4&#8243; _module_preset=&#8220;default&#8220; global_colors_info=&#8220;{}&#8220;][et_pb_text _builder_version=&#8220;4.27.4&#8243; _module_preset=&#8220;default&#8220; background_layout=&#8220;dark&#8220; header_3_font_size_tablet=&#8220;&#8220; header_3_font_size_phone=&#8220;&#8220; header_3_font_size_last_edited=&#8220;on|phone&#8220; global_colors_info=&#8220;{}&#8220;]<\/p>\n<h3>FARN<\/h3>\n<p>16:15 Uhr \u2013 Vortragszelt<\/p>\n<p>[\/et_pb_text][\/et_pb_column][\/et_pb_row][et_pb_row column_structure=&#8220;2_5,3_5&#8243; custom_padding_last_edited=&#8220;on|phone&#8220; module_class=&#8220;buttons-inline&#8220; _builder_version=&#8220;4.23.4&#8243; _module_preset=&#8220;default&#8220; width_tablet=&#8220;&#8220; width_phone=&#8220;85%&#8220; width_last_edited=&#8220;on|phone&#8220; custom_padding=&#8220;||||false|false&#8220; custom_padding_tablet=&#8220;15px||||false|false&#8220; custom_padding_phone=&#8220;5px||||false|false&#8220; global_colors_info=&#8220;{}&#8220;][et_pb_column type=&#8220;2_5&#8243; _builder_version=&#8220;4.23.4&#8243; _module_preset=&#8220;default&#8220; global_colors_info=&#8220;{}&#8220;][et_pb_gallery gallery_ids=&#8220;3097,3098&#8243; fullwidth=&#8220;on&#8220; module_class=&#8220;events&#8220; _builder_version=&#8220;4.27.4&#8243; _module_preset=&#8220;default&#8220; background_layout=&#8220;dark&#8220; global_colors_info=&#8220;{}&#8220;][\/et_pb_gallery][\/et_pb_column][et_pb_column type=&#8220;3_5&#8243; _builder_version=&#8220;4.23.4&#8243; _module_preset=&#8220;default&#8220; global_colors_info=&#8220;{}&#8220;][et_pb_text _builder_version=&#8220;4.27.4&#8243; _module_preset=&#8220;default&#8220; background_layout=&#8220;dark&#8220; global_colors_info=&#8220;{}&#8220;]<\/p>\n<p>\u201eFARN\u201c \u2013 Das Angebot von der \u201eFachstelle Radikalisierungspr\u00e4vention und Engagement im Naturschutz\u201c von den NaturFreunden Deutschlands und der Naturfreundejugend Deutschlands<\/p>\n<p>\u00d6kologie von rechts: Der Workshop beleuchtet die historischen und aktuellen Verkn\u00fcpfungen des deutschen Natur- und Umweltschutzes mit extrem rechten Konzepten. Die Teilnehmenden werden sensibilisiert, menschenverachtende Denkmuster im Natur- und Umweltschutz zu erkennen.<\/p>\n<p>[\/et_pb_text][et_pb_button button_url=&#8220;https:\/\/www.nf-farn.de\/&#8220; url_new_window=&#8220;on&#8220; button_text=&#8220;Website&#8220; disabled_on=&#8220;off|off|off&#8220; admin_label=&#8220;Website&#8220; _builder_version=&#8220;4.27.4&#8243; _module_preset=&#8220;default&#8220; button_icon=&#8220;&#xf101;||fa||900&#8243; button_icon_placement=&#8220;left&#8220; button_on_hover=&#8220;off&#8220; global_colors_info=&#8220;{}&#8220;][\/et_pb_button][et_pb_button button_url=&#8220;https:\/\/www.instagram.com\/fachstelle_farn\/&#8220; url_new_window=&#8220;on&#8220; button_text=&#8220;Instagram&#8220; disabled_on=&#8220;off|off|off&#8220; admin_label=&#8220;Instagram&#8220; _builder_version=&#8220;4.27.4&#8243; _module_preset=&#8220;default&#8220; button_icon=&#8220;&#xf101;||fa||900&#8243; button_icon_placement=&#8220;left&#8220; button_on_hover=&#8220;off&#8220; global_colors_info=&#8220;{}&#8220;][\/et_pb_button][\/et_pb_column][\/et_pb_row][\/et_pb_section][et_pb_section fb_built=&#8220;1&#8243; custom_padding_last_edited=&#8220;on|phone&#8220; admin_label=&#8220;Popup &#8211; #kids-ingamarieramcke&#8220; module_id=&#8220;kids-ingamarieramcke&#8220; module_class=&#8220;popup dark single&#8220; _builder_version=&#8220;4.27.4&#8243; _module_preset=&#8220;default&#8220; background_color=&#8220;#153A4C&#8220; max_width=&#8220;1200px&#8220; custom_padding=&#8220;40px||40px||true|false&#8220; custom_padding_tablet=&#8220;30px||0px||false|false&#8220; custom_padding_phone=&#8220;15px||||false|false&#8220; da_is_popup=&#8220;on&#8220; da_popup_slug=&#8220;kids-ingamarieramcke&#8220; da_disable_devices=&#8220;off|off|off&#8220; locked=&#8220;off&#8220; collapsed=&#8220;on&#8220; global_colors_info=&#8220;{}&#8220; da_exit_intent=&#8220;off&#8220; da_has_close=&#8220;on&#8220; da_alt_close=&#8220;off&#8220; da_dark_close=&#8220;on&#8220; da_not_modal=&#8220;on&#8220; da_is_singular=&#8220;on&#8220; da_with_loader=&#8220;off&#8220; da_has_shadow=&#8220;on&#8220;][et_pb_row _builder_version=&#8220;4.24.0&#8243; _module_preset=&#8220;default&#8220; width_tablet=&#8220;&#8220; width_phone=&#8220;85%&#8220; width_last_edited=&#8220;on|phone&#8220; custom_padding=&#8220;||0px||false|false&#8220; global_colors_info=&#8220;{}&#8220;][et_pb_column type=&#8220;4_4&#8243; _builder_version=&#8220;4.23.4&#8243; _module_preset=&#8220;default&#8220; global_colors_info=&#8220;{}&#8220;][et_pb_text _builder_version=&#8220;4.27.4&#8243; _module_preset=&#8220;default&#8220; background_layout=&#8220;dark&#8220; global_colors_info=&#8220;{}&#8220;]<\/p>\n<h3>Inga Marie Ramcke<\/h3>\n<p>17:00 Uhr \u2013 Vortragszelt<\/p>\n<p>[\/et_pb_text][\/et_pb_column][\/et_pb_row][et_pb_row column_structure=&#8220;2_5,3_5&#8243; custom_padding_last_edited=&#8220;on|phone&#8220; module_class=&#8220;buttons-inline&#8220; _builder_version=&#8220;4.23.4&#8243; _module_preset=&#8220;default&#8220; width_tablet=&#8220;&#8220; width_phone=&#8220;85%&#8220; width_last_edited=&#8220;on|phone&#8220; custom_padding=&#8220;||||false|false&#8220; custom_padding_tablet=&#8220;15px||||false|false&#8220; custom_padding_phone=&#8220;5px||||false|false&#8220; global_colors_info=&#8220;{}&#8220;][et_pb_column type=&#8220;2_5&#8243; _builder_version=&#8220;4.23.4&#8243; _module_preset=&#8220;default&#8220; global_colors_info=&#8220;{}&#8220;][et_pb_gallery gallery_ids=&#8220;2833,2834&#8243; fullwidth=&#8220;on&#8220; module_class=&#8220;events&#8220; _builder_version=&#8220;4.27.4&#8243; _module_preset=&#8220;default&#8220; background_layout=&#8220;dark&#8220; global_colors_info=&#8220;{}&#8220;][\/et_pb_gallery][\/et_pb_column][et_pb_column type=&#8220;3_5&#8243; _builder_version=&#8220;4.23.4&#8243; _module_preset=&#8220;default&#8220; global_colors_info=&#8220;{}&#8220;][et_pb_text _builder_version=&#8220;4.27.4&#8243; _module_preset=&#8220;default&#8220; background_layout=&#8220;dark&#8220; global_colors_info=&#8220;{}&#8220;]<\/p>\n<h4>Interaktive Lesung zum Buch \u201eReisef\u00fchrer f\u00fcr Tiere\u201c von Inga Marie Ramcke<\/h4>\n<p>Kommt mit auf tierische Reiserouten! Tiere kennen keine Grenzen \u2013 und unser Freund Dilhan, der Dugong, ist h\u00f6chstselbst bei uns in Hamburg zu Gast, um von seiner Reise zu erz\u00e4hlen. Ihr wisst nicht was ein Dugong ist? Und kennt den Dugong-Song noch nicht?! Dann kommt vorbei und reist mit uns ans andere Ende der Welt. Dilhan ist in Form einer Klappmaulpuppe f\u00fcr jeden Quatsch zu haben. Je nachdem, was Inga Marie Ramcke, seine Puppenspielerin und Kindersachbuchautorin, zul\u00e4sst \u2026<\/p>\n<p>[\/et_pb_text][et_pb_button button_url=&#8220;https:\/\/www.ingamarieramcke.de\/&#8220; url_new_window=&#8220;on&#8220; button_text=&#8220;Website&#8220; admin_label=&#8220;Button Website&#8220; _builder_version=&#8220;4.27.4&#8243; _module_preset=&#8220;45c9fbc4-8fa9-455f-93b5-96c41c77970a&#8220; button_icon=&#8220;&#xf101;||fa||900&#8243; button_icon_placement=&#8220;left&#8220; button_on_hover=&#8220;off&#8220; global_colors_info=&#8220;{}&#8220;][\/et_pb_button][et_pb_button button_url=&#8220;https:\/\/instagram.com\/&#8220; url_new_window=&#8220;on&#8220; button_text=&#8220;Instagram&#8220; disabled_on=&#8220;on|on|on&#8220; admin_label=&#8220;Button Instagram&#8220; _builder_version=&#8220;4.27.4&#8243; _module_preset=&#8220;default&#8220; button_icon=&#8220;&#xf101;||fa||900&#8243; button_icon_placement=&#8220;left&#8220; button_on_hover=&#8220;off&#8220; disabled=&#8220;on&#8220; locked=&#8220;off&#8220; global_colors_info=&#8220;{}&#8220;][\/et_pb_button][\/et_pb_column][\/et_pb_row][\/et_pb_section][et_pb_section fb_built=&#8220;1&#8243; custom_padding_last_edited=&#8220;off|phone&#8220; admin_label=&#8220;Popup &#8211; #musik-thusproblem&#8220; module_id=&#8220;musik-thusproblem&#8220; module_class=&#8220;popup dark single&#8220; _builder_version=&#8220;4.27.4&#8243; _module_preset=&#8220;default&#8220; background_color=&#8220;#153A4C&#8220; max_width=&#8220;1200px&#8220; custom_padding_tablet=&#8220;1.5em||0em||false|false&#8220; da_is_popup=&#8220;on&#8220; da_popup_slug=&#8220;musik-thusproblem&#8220; da_disable_devices=&#8220;off|off|off&#8220; locked=&#8220;off&#8220; collapsed=&#8220;on&#8220; global_colors_info=&#8220;{}&#8220; da_exit_intent=&#8220;off&#8220; da_has_close=&#8220;on&#8220; da_alt_close=&#8220;off&#8220; da_dark_close=&#8220;on&#8220; da_not_modal=&#8220;on&#8220; da_is_singular=&#8220;on&#8220; da_with_loader=&#8220;off&#8220; da_has_shadow=&#8220;on&#8220;][et_pb_row _builder_version=&#8220;4.24.2&#8243; _module_preset=&#8220;default&#8220; width_tablet=&#8220;&#8220; width_phone=&#8220;85%&#8220; width_last_edited=&#8220;on|phone&#8220; custom_padding=&#8220;||0px||false|false&#8220; global_colors_info=&#8220;{}&#8220;][et_pb_column type=&#8220;4_4&#8243; _builder_version=&#8220;4.23.4&#8243; _module_preset=&#8220;default&#8220; global_colors_info=&#8220;{}&#8220;][et_pb_text _builder_version=&#8220;4.27.4&#8243; _module_preset=&#8220;default&#8220; background_layout=&#8220;dark&#8220; global_colors_info=&#8220;{}&#8220;]<\/p>\n<h3>Thus Problem<\/h3>\n<p>14:30 Uhr \u2013 Musiklaster<\/p>\n<p>[\/et_pb_text][\/et_pb_column][\/et_pb_row][et_pb_row column_structure=&#8220;2_5,3_5&#8243; custom_padding_last_edited=&#8220;on|phone&#8220; module_class=&#8220;buttons-inline&#8220; _builder_version=&#8220;4.23.4&#8243; _module_preset=&#8220;default&#8220; width_tablet=&#8220;&#8220; width_phone=&#8220;85%&#8220; width_last_edited=&#8220;on|phone&#8220; custom_padding=&#8220;||||false|false&#8220; custom_padding_tablet=&#8220;15px||||false|false&#8220; custom_padding_phone=&#8220;5px||||false|false&#8220; global_colors_info=&#8220;{}&#8220;][et_pb_column type=&#8220;2_5&#8243; _builder_version=&#8220;4.23.4&#8243; _module_preset=&#8220;default&#8220; global_colors_info=&#8220;{}&#8220;][et_pb_gallery gallery_ids=&#8220;2970&#8243; fullwidth=&#8220;on&#8220; _builder_version=&#8220;4.27.4&#8243; _module_preset=&#8220;default&#8220; background_layout=&#8220;dark&#8220; global_colors_info=&#8220;{}&#8220;][\/et_pb_gallery][\/et_pb_column][et_pb_column type=&#8220;3_5&#8243; _builder_version=&#8220;4.23.4&#8243; _module_preset=&#8220;default&#8220; global_colors_info=&#8220;{}&#8220;][et_pb_text _builder_version=&#8220;4.27.4&#8243; _module_preset=&#8220;default&#8220; background_layout=&#8220;dark&#8220; global_colors_info=&#8220;{}&#8220;]<\/p>\n<p class=\"p1\">Thus Problem ist eine Band aus Hamburg, die irgendwo zwischen Indie und Post-Punk, lauten und leisen T\u00f6nen, sanften Songs und lautem Geschrei zu verorten ist. Die Band wurde 2019 als Duo gegr\u00fcndet und steht seit 2020 auf kleineren B\u00fchnen in der Hansestadt. Im Jahr 2022 ver\u00f6ffentlichte sie ihre erste EP, gefolgt von der zweiten EP \u201eA Sun that never shines\u201c im Jahr 2024.<\/p>\n<p class=\"p1\">Mit d\u00fcsteren Gitarrensounds, dem Wechsel aus ernsten Themen und Fun-Punk Attit\u00fcde, Experiment und Impro, ist das Bass\/Schlagzeug\/Gitarre Trio \u00fcberall zu finden, wo es noch Konzerte mit g\u00fcnstigem Bier gibt.<\/p>\n<p>[\/et_pb_text][et_pb_button button_url=&#8220;https:\/\/thusproblem.bandcamp.com\/&#8220; url_new_window=&#8220;on&#8220; button_text=&#8220;Bandcamp&#8220; disabled_on=&#8220;off|off|off&#8220; admin_label=&#8220;Bandcamp&#8220; _builder_version=&#8220;4.27.4&#8243; _module_preset=&#8220;45c9fbc4-8fa9-455f-93b5-96c41c77970a&#8220; button_icon=&#8220;&#xf101;||fa||900&#8243; button_icon_placement=&#8220;left&#8220; button_on_hover=&#8220;off&#8220; global_colors_info=&#8220;{}&#8220;][\/et_pb_button][et_pb_button button_url=&#8220;https:\/\/soundcloud.com\/thusproblem&#8220; url_new_window=&#8220;on&#8220; button_text=&#8220;Soundcloud&#8220; admin_label=&#8220;Soundcloud&#8220; _builder_version=&#8220;4.27.4&#8243; _module_preset=&#8220;default&#8220; button_icon=&#8220;&#xf101;||fa||900&#8243; button_icon_placement=&#8220;left&#8220; button_on_hover=&#8220;off&#8220; global_colors_info=&#8220;{}&#8220;][\/et_pb_button][et_pb_button url_new_window=&#8220;on&#8220; button_text=&#8220;Spotify&#8220; disabled_on=&#8220;on|on|on&#8220; _builder_version=&#8220;4.24.2&#8243; _module_preset=&#8220;default&#8220; button_icon=&#8220;&#xf101;||fa||900&#8243; button_icon_placement=&#8220;left&#8220; button_on_hover=&#8220;off&#8220; disabled=&#8220;on&#8220; global_colors_info=&#8220;{}&#8220;][\/et_pb_button][\/et_pb_column][\/et_pb_row][\/et_pb_section][et_pb_section fb_built=&#8220;1&#8243; custom_padding_last_edited=&#8220;off|phone&#8220; admin_label=&#8220;Popup &#8211; #musik-hannahgrosch&#8220; module_id=&#8220;musik-hannahgrosch&#8220; module_class=&#8220;popup dark single&#8220; _builder_version=&#8220;4.27.4&#8243; _module_preset=&#8220;default&#8220; background_color=&#8220;#153A4C&#8220; max_width=&#8220;1200px&#8220; custom_padding_tablet=&#8220;1.5em||0em||false|false&#8220; da_is_popup=&#8220;on&#8220; da_popup_slug=&#8220;musik-hannahgrosch&#8220; da_disable_devices=&#8220;off|off|off&#8220; locked=&#8220;off&#8220; collapsed=&#8220;on&#8220; global_colors_info=&#8220;{}&#8220; da_exit_intent=&#8220;off&#8220; da_has_close=&#8220;on&#8220; da_alt_close=&#8220;off&#8220; da_dark_close=&#8220;on&#8220; da_not_modal=&#8220;on&#8220; da_is_singular=&#8220;on&#8220; da_with_loader=&#8220;off&#8220; da_has_shadow=&#8220;on&#8220;][et_pb_row _builder_version=&#8220;4.24.2&#8243; _module_preset=&#8220;default&#8220; width_tablet=&#8220;&#8220; width_phone=&#8220;85%&#8220; width_last_edited=&#8220;on|phone&#8220; custom_padding=&#8220;||0px||false|false&#8220; global_colors_info=&#8220;{}&#8220;][et_pb_column type=&#8220;4_4&#8243; _builder_version=&#8220;4.23.4&#8243; _module_preset=&#8220;default&#8220; global_colors_info=&#8220;{}&#8220;][et_pb_text _builder_version=&#8220;4.27.4&#8243; _module_preset=&#8220;default&#8220; background_layout=&#8220;dark&#8220; global_colors_info=&#8220;{}&#8220;]<\/p>\n<h3>Hannah Grosch<\/h3>\n<p>16:30 Uhr \u2013 Musiklaster<\/p>\n<p>[\/et_pb_text][\/et_pb_column][\/et_pb_row][et_pb_row column_structure=&#8220;2_5,3_5&#8243; custom_padding_last_edited=&#8220;on|phone&#8220; module_class=&#8220;buttons-inline&#8220; _builder_version=&#8220;4.23.4&#8243; _module_preset=&#8220;default&#8220; width_tablet=&#8220;&#8220; width_phone=&#8220;85%&#8220; width_last_edited=&#8220;on|phone&#8220; custom_padding=&#8220;||||false|false&#8220; custom_padding_tablet=&#8220;15px||||false|false&#8220; custom_padding_phone=&#8220;5px||||false|false&#8220; global_colors_info=&#8220;{}&#8220;][et_pb_column type=&#8220;2_5&#8243; _builder_version=&#8220;4.23.4&#8243; _module_preset=&#8220;default&#8220; global_colors_info=&#8220;{}&#8220;][et_pb_gallery gallery_ids=&#8220;2865&#8243; fullwidth=&#8220;on&#8220; _builder_version=&#8220;4.27.4&#8243; _module_preset=&#8220;default&#8220; background_layout=&#8220;dark&#8220; global_colors_info=&#8220;{}&#8220;][\/et_pb_gallery][\/et_pb_column][et_pb_column type=&#8220;3_5&#8243; _builder_version=&#8220;4.23.4&#8243; _module_preset=&#8220;default&#8220; global_colors_info=&#8220;{}&#8220;][et_pb_text _builder_version=&#8220;4.27.4&#8243; _module_preset=&#8220;default&#8220; background_layout=&#8220;dark&#8220; global_colors_info=&#8220;{}&#8220;]<\/p>\n<p class=\"p1\">Die in Hamburg lebende Musikerin Hannah Grosch setzt auf handgespielt, selbstgemacht und fein gef\u00fchlt. In \u00fcberzeugter Avantgarde-Alternative Manier bricht sie auf ihrem neuen Album \u00bbBODYPARTS\u00ab mit klassischer Songstruktur, stellt den verspielten und vielseitigen Gesang in den Fokus und entscheidet sich von Lied zu Lied aufs neue, welche Instrumentierung die Stimme warm und soft-groovig untermalen soll.<\/p>\n<p class=\"p1\">Alles darf br\u00fcchig, knarzig, in gequ\u00e4lter Leichtigkeit, immer zugunsten von Emotion und Dynamik sein. Hannah Grosch vereint mit \u00bbBODYPARTS\u00ab eine ganze Reihe an unterschiedlichen Einfl\u00fcssen und bewegt sich in den R\u00e4umen zwischen PJ Harvey, Bj\u00f6rk, Joanna Newsom und Fever Ray. Als FLINTA*-Trio mit Niko (Junokill) und Stina schafft Grosch die \u00dcbersetzung der komplett allein aufgenommen Songs in ein mehrstimmiges Banderlebnis. Roh, ber\u00fchrend, intensiv.<\/p>\n<p>[\/et_pb_text][et_pb_button url_new_window=&#8220;on&#8220; button_text=&#8220;Website&#8220; disabled_on=&#8220;on|on|on&#8220; admin_label=&#8220;Website&#8220; _builder_version=&#8220;4.27.4&#8243; _module_preset=&#8220;45c9fbc4-8fa9-455f-93b5-96c41c77970a&#8220; button_icon=&#8220;&#xf101;||fa||900&#8243; button_icon_placement=&#8220;left&#8220; button_on_hover=&#8220;off&#8220; disabled=&#8220;on&#8220; global_colors_info=&#8220;{}&#8220;][\/et_pb_button][et_pb_button button_url=&#8220;https:\/\/www.instagram.com\/hannah_grosch\/&#8220; url_new_window=&#8220;on&#8220; button_text=&#8220;Instagram&#8220; admin_label=&#8220;Instagram&#8220; _builder_version=&#8220;4.27.4&#8243; _module_preset=&#8220;default&#8220; button_icon=&#8220;&#xf101;||fa||900&#8243; button_icon_placement=&#8220;left&#8220; button_on_hover=&#8220;off&#8220; global_colors_info=&#8220;{}&#8220;][\/et_pb_button][et_pb_button button_url=&#8220;https:\/\/www.youtube.com\/@hannahgrosch6062&#8243; url_new_window=&#8220;on&#8220; button_text=&#8220;YouTube&#8220; disabled_on=&#8220;off|off|off&#8220; admin_label=&#8220;YouTube&#8220; _builder_version=&#8220;4.27.4&#8243; _module_preset=&#8220;default&#8220; button_icon=&#8220;&#xf101;||fa||900&#8243; button_icon_placement=&#8220;left&#8220; button_on_hover=&#8220;off&#8220; global_colors_info=&#8220;{}&#8220;][\/et_pb_button][\/et_pb_column][\/et_pb_row][\/et_pb_section][et_pb_section fb_built=&#8220;1&#8243; custom_padding_last_edited=&#8220;off|phone&#8220; admin_label=&#8220;Popup &#8211; #musik-bertawissing&#8220; module_id=&#8220;musik-bertawissing&#8220; module_class=&#8220;popup dark single&#8220; _builder_version=&#8220;4.27.4&#8243; _module_preset=&#8220;default&#8220; background_color=&#8220;#153A4C&#8220; max_width=&#8220;1200px&#8220; custom_padding_tablet=&#8220;1.5em||0em||false|false&#8220; da_is_popup=&#8220;on&#8220; da_popup_slug=&#8220;musik-bertawissing&#8220; da_disable_devices=&#8220;off|off|off&#8220; locked=&#8220;off&#8220; collapsed=&#8220;on&#8220; global_colors_info=&#8220;{}&#8220; da_exit_intent=&#8220;off&#8220; da_has_close=&#8220;on&#8220; da_alt_close=&#8220;off&#8220; da_dark_close=&#8220;on&#8220; da_not_modal=&#8220;on&#8220; da_is_singular=&#8220;on&#8220; da_with_loader=&#8220;off&#8220; da_has_shadow=&#8220;on&#8220;][et_pb_row _builder_version=&#8220;4.24.2&#8243; _module_preset=&#8220;default&#8220; width_tablet=&#8220;&#8220; width_phone=&#8220;85%&#8220; width_last_edited=&#8220;on|phone&#8220; custom_padding=&#8220;||0px||false|false&#8220; global_colors_info=&#8220;{}&#8220;][et_pb_column type=&#8220;4_4&#8243; _builder_version=&#8220;4.23.4&#8243; _module_preset=&#8220;default&#8220; global_colors_info=&#8220;{}&#8220;][et_pb_text _builder_version=&#8220;4.27.4&#8243; _module_preset=&#8220;default&#8220; background_layout=&#8220;dark&#8220; global_colors_info=&#8220;{}&#8220;]<\/p>\n<h3>John Winston Berta &amp; Oliver Wissing<\/h3>\n<p>18:00 Uhr \u2013 Musiklaster<\/p>\n<p>[\/et_pb_text][\/et_pb_column][\/et_pb_row][et_pb_row column_structure=&#8220;2_5,3_5&#8243; custom_padding_last_edited=&#8220;on|phone&#8220; module_class=&#8220;buttons-inline&#8220; _builder_version=&#8220;4.23.4&#8243; _module_preset=&#8220;default&#8220; width_tablet=&#8220;&#8220; width_phone=&#8220;85%&#8220; width_last_edited=&#8220;on|phone&#8220; custom_padding=&#8220;||||false|false&#8220; custom_padding_tablet=&#8220;15px||||false|false&#8220; custom_padding_phone=&#8220;5px||||false|false&#8220; global_colors_info=&#8220;{}&#8220;][et_pb_column type=&#8220;2_5&#8243; _builder_version=&#8220;4.23.4&#8243; _module_preset=&#8220;default&#8220; global_colors_info=&#8220;{}&#8220;][et_pb_gallery gallery_ids=&#8220;3001,3000&#8243; fullwidth=&#8220;on&#8220; _builder_version=&#8220;4.27.4&#8243; _module_preset=&#8220;default&#8220; background_layout=&#8220;dark&#8220; global_colors_info=&#8220;{}&#8220;][\/et_pb_gallery][\/et_pb_column][et_pb_column type=&#8220;3_5&#8243; _builder_version=&#8220;4.23.4&#8243; _module_preset=&#8220;default&#8220; global_colors_info=&#8220;{}&#8220;][et_pb_text _builder_version=&#8220;4.27.4&#8243; _module_preset=&#8220;default&#8220; background_layout=&#8220;dark&#8220; global_colors_info=&#8220;{}&#8220;]<\/p>\n<p class=\"p1\">John Winston Berta &amp; Oliver Wissing: Das Duo, das die 80er Jahre neu interpretiert. Die Magie der 80er Jahre lebt wieder auf \u2013 in einer unvergesslichen akustischen Performance.<\/p>\n<p>Olli &amp; Johnny sind mehr als nur ein Gitarren Duo. Sie sind Zeitreisende, die das Beste der 80er Jahre auf zwei Gitarren zum Leben erwecken. Mit einer einzigartigen Mischung aus Virtuosit\u00e4t und Nostalgie bringen sie die Hits dieser legend\u00e4ren \u00c4ra auf die B\u00fchne, w\u00e4hrend sie sich gr\u00f6\u00dftenteils auf Technik und Instrumente aus dieser Zeit st\u00fctzen.<\/p>\n<p class=\"p1\">\u201eUnser Ziel ist es, die zeitlose Magie der 80er Jahre in einer intimen Atmosph\u00e4re wieder zum Leben zu erwecken\u201c, sagt John. \u201eIndem wir uns auf die Technik und Instrumente dieser \u00c4ra konzentrieren, schaffen wir eine authentische Verbindung zu der Musik, die das Herz vieler Menschen ber\u00fchrt.\u201c<\/p>\n<p class=\"p1\">Das Duo Olli &amp; Johnny ist bereit, das Publikum mit ihrer mitrei\u00dfenden Performance und unvergleichlichen Energie zu begeistern.<\/p>\n<p>[\/et_pb_text][et_pb_button url_new_window=&#8220;on&#8220; button_text=&#8220;Website&#8220; disabled_on=&#8220;on|on|on&#8220; admin_label=&#8220;Website&#8220; _builder_version=&#8220;4.27.4&#8243; _module_preset=&#8220;45c9fbc4-8fa9-455f-93b5-96c41c77970a&#8220; button_icon=&#8220;&#xf101;||fa||900&#8243; button_icon_placement=&#8220;left&#8220; button_on_hover=&#8220;off&#8220; disabled=&#8220;on&#8220; global_colors_info=&#8220;{}&#8220;][\/et_pb_button][et_pb_button button_url=&#8220;https:\/\/www.instagram.com\/&#8220; url_new_window=&#8220;on&#8220; button_text=&#8220;Instagram&#8220; disabled_on=&#8220;on|on|on&#8220; admin_label=&#8220;Instagram&#8220; _builder_version=&#8220;4.27.4&#8243; _module_preset=&#8220;default&#8220; button_icon=&#8220;&#xf101;||fa||900&#8243; button_icon_placement=&#8220;left&#8220; button_on_hover=&#8220;off&#8220; disabled=&#8220;on&#8220; global_colors_info=&#8220;{}&#8220;][\/et_pb_button][et_pb_button button_url=&#8220;https:\/\/audiomack.com\/johnny_olli_acoustic_duo\/song\/671ff43414a83&#8243; url_new_window=&#8220;on&#8220; button_text=&#8220;Audiomack&#8220; disabled_on=&#8220;on|on|on&#8220; admin_label=&#8220;Audiomack&#8220; _builder_version=&#8220;4.27.4&#8243; _module_preset=&#8220;default&#8220; button_icon=&#8220;&#xf101;||fa||900&#8243; button_icon_placement=&#8220;left&#8220; button_on_hover=&#8220;off&#8220; disabled=&#8220;on&#8220; global_colors_info=&#8220;{}&#8220;][\/et_pb_button][\/et_pb_column][\/et_pb_row][\/et_pb_section][et_pb_section fb_built=&#8220;1&#8243; custom_padding_last_edited=&#8220;off|phone&#8220; admin_label=&#8220;Popup &#8211; #musik-mona-alex-florin&#8220; module_id=&#8220;musik-mona-alex-florin&#8220; module_class=&#8220;popup dark single&#8220; _builder_version=&#8220;4.27.4&#8243; _module_preset=&#8220;default&#8220; background_color=&#8220;#153A4C&#8220; max_width=&#8220;1200px&#8220; custom_padding_tablet=&#8220;1.5em||0em||false|false&#8220; da_is_popup=&#8220;on&#8220; da_popup_slug=&#8220;musik-mona-alex-florin&#8220; da_disable_devices=&#8220;off|off|off&#8220; locked=&#8220;off&#8220; collapsed=&#8220;on&#8220; global_colors_info=&#8220;{}&#8220; da_exit_intent=&#8220;off&#8220; da_has_close=&#8220;on&#8220; da_alt_close=&#8220;off&#8220; da_dark_close=&#8220;on&#8220; da_not_modal=&#8220;on&#8220; da_is_singular=&#8220;on&#8220; da_with_loader=&#8220;off&#8220; da_has_shadow=&#8220;on&#8220;][et_pb_row _builder_version=&#8220;4.24.2&#8243; _module_preset=&#8220;default&#8220; width_tablet=&#8220;&#8220; width_phone=&#8220;85%&#8220; width_last_edited=&#8220;on|phone&#8220; custom_padding=&#8220;||0px||false|false&#8220; global_colors_info=&#8220;{}&#8220;][et_pb_column type=&#8220;4_4&#8243; _builder_version=&#8220;4.23.4&#8243; _module_preset=&#8220;default&#8220; global_colors_info=&#8220;{}&#8220;][et_pb_text _builder_version=&#8220;4.27.4&#8243; _module_preset=&#8220;default&#8220; background_layout=&#8220;dark&#8220; global_colors_info=&#8220;{}&#8220;]<\/p>\n<h3>Mona &amp; Alex Florin<\/h3>\n<p>13:30 Uhr \u2013 Musiklaster<\/p>\n<p>[\/et_pb_text][\/et_pb_column][\/et_pb_row][et_pb_row column_structure=&#8220;2_5,3_5&#8243; custom_padding_last_edited=&#8220;on|phone&#8220; module_class=&#8220;buttons-inline&#8220; _builder_version=&#8220;4.23.4&#8243; _module_preset=&#8220;default&#8220; width_tablet=&#8220;&#8220; width_phone=&#8220;85%&#8220; width_last_edited=&#8220;on|phone&#8220; custom_padding=&#8220;||||false|false&#8220; custom_padding_tablet=&#8220;15px||||false|false&#8220; custom_padding_phone=&#8220;5px||||false|false&#8220; global_colors_info=&#8220;{}&#8220;][et_pb_column type=&#8220;2_5&#8243; _builder_version=&#8220;4.23.4&#8243; _module_preset=&#8220;default&#8220; global_colors_info=&#8220;{}&#8220;][et_pb_gallery gallery_ids=&#8220;2979&#8243; fullwidth=&#8220;on&#8220; _builder_version=&#8220;4.27.4&#8243; _module_preset=&#8220;default&#8220; background_layout=&#8220;dark&#8220; global_colors_info=&#8220;{}&#8220;][\/et_pb_gallery][\/et_pb_column][et_pb_column type=&#8220;3_5&#8243; _builder_version=&#8220;4.23.4&#8243; _module_preset=&#8220;default&#8220; global_colors_info=&#8220;{}&#8220;][et_pb_text _builder_version=&#8220;4.27.4&#8243; _module_preset=&#8220;default&#8220; background_layout=&#8220;dark&#8220; global_colors_info=&#8220;{}&#8220;]<\/p>\n<p class=\"p1\">Jazz duo Mona and Alex Florin is so Beautiful the debut of Ukrainian jazz singer Mona and Hamburg virtuoso jazz guitarist and composer Alex Florin.<\/p>\n<p class=\"p1\">Mona is a Ukrainian jazz singer from Ukraine (Kyiv) who fled the war, immigrated to Hamburg and immediately began to interact with the Hamburg funk scene, members of Mighty Mokambo led by Bj\u00f6rn Wagner and Mona with Ms Fame united in the project &#8222;Mona &amp; Hammerbrook Sound Machine&#8220; combining Ukrainian culture with Hamburg funk and released two vinyl singles on Mocambo Records that have already won the hearts of the break community and recognition from Kyiv to California.<\/p>\n<p class=\"p1\">Alex Florin ist ein Gitarrist und Komponist, der in der deutschen Jazz- und Musikszene bekannt ist. Er ist Mitglied mehrerer Bands und f\u00fchrt das Trio Pale Blue Dot. Sein Stil kombiniert Improvisation und durchdachte Komposition und reicht von Jazz \u00fcber Folk bis Ambient. 2024 ver\u00f6ffentlichte er das Konzeptalbum Sourdough Dog\/Rex. Florin studierte Jazzgitarre in den Niederlanden und ist bekannt f\u00fcr seine einzigartige Herangehensweise an Musik und Storytelling an der Gitarre.<\/p>\n<p>[\/et_pb_text][et_pb_button url_new_window=&#8220;on&#8220; button_text=&#8220;Website&#8220; disabled_on=&#8220;on|on|on&#8220; admin_label=&#8220;Website&#8220; _builder_version=&#8220;4.27.4&#8243; _module_preset=&#8220;45c9fbc4-8fa9-455f-93b5-96c41c77970a&#8220; button_icon=&#8220;&#xf101;||fa||900&#8243; button_icon_placement=&#8220;left&#8220; button_on_hover=&#8220;off&#8220; disabled=&#8220;on&#8220; global_colors_info=&#8220;{}&#8220;][\/et_pb_button][et_pb_button button_url=&#8220;https:\/\/www.instagram.com\/&#8220; url_new_window=&#8220;on&#8220; button_text=&#8220;Instagram&#8220; disabled_on=&#8220;on|on|on&#8220; admin_label=&#8220;Instagram&#8220; _builder_version=&#8220;4.27.4&#8243; _module_preset=&#8220;default&#8220; button_icon=&#8220;&#xf101;||fa||900&#8243; button_icon_placement=&#8220;left&#8220; button_on_hover=&#8220;off&#8220; disabled=&#8220;on&#8220; global_colors_info=&#8220;{}&#8220;][\/et_pb_button][et_pb_button button_url=&#8220;https:\/\/mocamborecords.bandcamp.com\/album\/moya-vode&#8220; url_new_window=&#8220;on&#8220; button_text=&#8220;Mona &#038; Hammerbrook Sound Machine&#8220; disabled_on=&#8220;off|off|off&#8220; admin_label=&#8220;Mona &#038; Hammerbrook Sound Machine&#8220; _builder_version=&#8220;4.27.4&#8243; _module_preset=&#8220;default&#8220; button_icon=&#8220;&#xf101;||fa||900&#8243; button_icon_placement=&#8220;left&#8220; button_on_hover=&#8220;off&#8220; global_colors_info=&#8220;{}&#8220;][\/et_pb_button][et_pb_button button_url=&#8220;https:\/\/open.spotify.com\/album\/0lNjM0LRlGQ9H5vRWrZrom?si=NhQFlxo_SqWR9Gf6WjQhpA&#8220; url_new_window=&#8220;on&#8220; button_text=&#8220;Alex Florin&#8220; disabled_on=&#8220;off|off|off&#8220; admin_label=&#8220;Alex Florin&#8220; _builder_version=&#8220;4.27.4&#8243; _module_preset=&#8220;default&#8220; button_icon=&#8220;&#xf101;||fa||900&#8243; button_icon_placement=&#8220;left&#8220; button_on_hover=&#8220;off&#8220; global_colors_info=&#8220;{}&#8220;][\/et_pb_button][\/et_pb_column][\/et_pb_row][\/et_pb_section][et_pb_section fb_built=&#8220;1&#8243; custom_padding_last_edited=&#8220;off|phone&#8220; admin_label=&#8220;Popup &#8211; #musik-wosto&#8220; module_id=&#8220;musik-wosto&#8220; module_class=&#8220;popup dark single&#8220; _builder_version=&#8220;4.24.2&#8243; _module_preset=&#8220;default&#8220; background_color=&#8220;#153A4C&#8220; max_width=&#8220;1200px&#8220; custom_padding_tablet=&#8220;1.5em||0em||false|false&#8220; da_is_popup=&#8220;on&#8220; da_popup_slug=&#8220;musik-wosto&#8220; da_disable_devices=&#8220;off|off|off&#8220; locked=&#8220;off&#8220; collapsed=&#8220;on&#8220; global_colors_info=&#8220;{}&#8220; da_exit_intent=&#8220;off&#8220; da_has_close=&#8220;on&#8220; da_alt_close=&#8220;off&#8220; da_dark_close=&#8220;on&#8220; da_not_modal=&#8220;on&#8220; da_is_singular=&#8220;on&#8220; da_with_loader=&#8220;off&#8220; da_has_shadow=&#8220;on&#8220;][et_pb_row _builder_version=&#8220;4.24.0&#8243; _module_preset=&#8220;default&#8220; width_tablet=&#8220;&#8220; width_phone=&#8220;85%&#8220; width_last_edited=&#8220;on|phone&#8220; custom_padding=&#8220;||0px||false|false&#8220; global_colors_info=&#8220;{}&#8220;][et_pb_column type=&#8220;4_4&#8243; _builder_version=&#8220;4.23.4&#8243; _module_preset=&#8220;default&#8220; global_colors_info=&#8220;{}&#8220;][et_pb_text _builder_version=&#8220;4.27.4&#8243; _module_preset=&#8220;default&#8220; background_layout=&#8220;dark&#8220; global_colors_info=&#8220;{}&#8220;]<\/p>\n<h3>WOSTO<\/h3>\n<p>ab 19:30 Uhr \u2013 Ameise<\/p>\n<p>[\/et_pb_text][\/et_pb_column][\/et_pb_row][et_pb_row column_structure=&#8220;2_5,3_5&#8243; custom_padding_last_edited=&#8220;on|phone&#8220; module_class=&#8220;buttons-inline&#8220; _builder_version=&#8220;4.23.4&#8243; _module_preset=&#8220;default&#8220; width_tablet=&#8220;&#8220; width_phone=&#8220;85%&#8220; width_last_edited=&#8220;on|phone&#8220; custom_padding=&#8220;||||false|false&#8220; custom_padding_tablet=&#8220;15px||||false|false&#8220; custom_padding_phone=&#8220;5px||||false|false&#8220; global_colors_info=&#8220;{}&#8220;][et_pb_column type=&#8220;2_5&#8243; _builder_version=&#8220;4.23.4&#8243; _module_preset=&#8220;default&#8220; global_colors_info=&#8220;{}&#8220;][et_pb_gallery gallery_ids=&#8220;2806,2807&#8243; fullwidth=&#8220;on&#8220; _builder_version=&#8220;4.27.4&#8243; _module_preset=&#8220;default&#8220; background_layout=&#8220;dark&#8220; global_colors_info=&#8220;{}&#8220;][\/et_pb_gallery][\/et_pb_column][et_pb_column type=&#8220;3_5&#8243; _builder_version=&#8220;4.23.4&#8243; _module_preset=&#8220;default&#8220; global_colors_info=&#8220;{}&#8220;][et_pb_text _builder_version=&#8220;4.24.2&#8243; _module_preset=&#8220;default&#8220; background_layout=&#8220;dark&#8220; global_colors_info=&#8220;{}&#8220;]<\/p>\n<p>Wosto was born in 1980 in Geseke (a small town in \u201cWostfalia\u201d). As he would call himself an animal lover, he released all of the animals from Geseke in 1995 and rode a donkey through his hometown. The police came and arrested Wosto and his animal gang into a seperate district, where he still lives with them and plays records for them. To this day, many visitors come to see him playing and dancing and feed him with new music by throwing the records over the fence. It is said that there is a secret tunnel, so Wosto can escape from time to time and play some secret gigs outside.<\/p>\n<p>In 2013 Wosto and his best friend Kluentah founded FALLBEIL. So far they released many records on different labels all over the world. In 2017 Wosto and the two members of NOSTALGIE \u00c9TERNELLE started the trio SAUERSTOFFF. Wosto is also releasing solo records and is running his own vinyl label \u2013 TEERPAPPE<\/p>\n<p>[\/et_pb_text][et_pb_button url_new_window=&#8220;on&#8220; button_text=&#8220;Website&#8220; disabled_on=&#8220;on|on|on&#8220; _builder_version=&#8220;4.24.2&#8243; _module_preset=&#8220;45c9fbc4-8fa9-455f-93b5-96c41c77970a&#8220; button_icon=&#8220;&#xf101;||fa||900&#8243; button_icon_placement=&#8220;left&#8220; button_on_hover=&#8220;off&#8220; disabled=&#8220;on&#8220; global_colors_info=&#8220;{}&#8220;][\/et_pb_button][et_pb_button button_url=&#8220;https:\/\/www.instagram.com\/&#8220; url_new_window=&#8220;on&#8220; button_text=&#8220;Instagram&#8220; disabled_on=&#8220;on|on|on&#8220; _builder_version=&#8220;4.24.2&#8243; _module_preset=&#8220;default&#8220; button_icon=&#8220;&#xf101;||fa||900&#8243; button_icon_placement=&#8220;left&#8220; button_on_hover=&#8220;off&#8220; disabled=&#8220;on&#8220; global_colors_info=&#8220;{}&#8220;][\/et_pb_button][et_pb_button button_url=&#8220;https:\/\/soundcloud.com\/wosto&#8220; url_new_window=&#8220;on&#8220; button_text=&#8220;Soundcloud&#8220; disabled_on=&#8220;off|off|off&#8220; _builder_version=&#8220;4.24.2&#8243; _module_preset=&#8220;default&#8220; button_icon=&#8220;&#xf101;||fa||900&#8243; button_icon_placement=&#8220;left&#8220; button_on_hover=&#8220;off&#8220; global_colors_info=&#8220;{}&#8220;][\/et_pb_button][\/et_pb_column][\/et_pb_row][\/et_pb_section][et_pb_section fb_built=&#8220;1&#8243; custom_padding_last_edited=&#8220;on|phone&#8220; admin_label=&#8220;Popup &#8211; #kids-bnetheatermimekry&#8220; module_id=&#8220;kids-bnetheatermimekry&#8220; module_class=&#8220;popup dark single&#8220; _builder_version=&#8220;4.27.4&#8243; _module_preset=&#8220;default&#8220; background_color=&#8220;#153A4C&#8220; max_width=&#8220;1200px&#8220; custom_padding=&#8220;40px||40px||true|false&#8220; custom_padding_tablet=&#8220;30px||0px||false|false&#8220; custom_padding_phone=&#8220;15px||||false|false&#8220; da_is_popup=&#8220;on&#8220; da_popup_slug=&#8220;kids-bnetheatermimekry&#8220; da_disable_devices=&#8220;off|off|off&#8220; locked=&#8220;off&#8220; collapsed=&#8220;on&#8220; global_colors_info=&#8220;{}&#8220; da_exit_intent=&#8220;off&#8220; da_has_close=&#8220;on&#8220; da_alt_close=&#8220;off&#8220; da_dark_close=&#8220;on&#8220; da_not_modal=&#8220;on&#8220; da_is_singular=&#8220;on&#8220; da_with_loader=&#8220;off&#8220; da_has_shadow=&#8220;on&#8220;][et_pb_row _builder_version=&#8220;4.24.2&#8243; _module_preset=&#8220;default&#8220; width_tablet=&#8220;&#8220; width_phone=&#8220;85%&#8220; width_last_edited=&#8220;on|phone&#8220; custom_margin=&#8220;||||false|false&#8220; custom_padding=&#8220;||0px||false|false&#8220; global_colors_info=&#8220;{}&#8220;][et_pb_column type=&#8220;4_4&#8243; _builder_version=&#8220;4.23.4&#8243; _module_preset=&#8220;default&#8220; global_colors_info=&#8220;{}&#8220;][et_pb_text _builder_version=&#8220;4.27.4&#8243; _module_preset=&#8220;default&#8220; background_layout=&#8220;dark&#8220; global_colors_info=&#8220;{}&#8220;]<\/p>\n<h3>Theater MIMEKRY<\/h3>\n<p>15:30 Uhr \u2013 Kinderzelt<\/p>\n<p>[\/et_pb_text][\/et_pb_column][\/et_pb_row][et_pb_row column_structure=&#8220;2_5,3_5&#8243; custom_padding_last_edited=&#8220;on|phone&#8220; module_class=&#8220;buttons-inline&#8220; _builder_version=&#8220;4.24.2&#8243; _module_preset=&#8220;default&#8220; width_tablet=&#8220;&#8220; width_phone=&#8220;85%&#8220; width_last_edited=&#8220;on|phone&#8220; custom_padding=&#8220;||||false|false&#8220; custom_padding_tablet=&#8220;15px||||false|false&#8220; custom_padding_phone=&#8220;5px||||false|false&#8220; global_colors_info=&#8220;{}&#8220;][et_pb_column type=&#8220;2_5&#8243; _builder_version=&#8220;4.23.4&#8243; _module_preset=&#8220;default&#8220; global_colors_info=&#8220;{}&#8220;][et_pb_gallery gallery_ids=&#8220;2809&#8243; fullwidth=&#8220;on&#8220; module_class=&#8220;events&#8220; _builder_version=&#8220;4.27.4&#8243; _module_preset=&#8220;default&#8220; background_layout=&#8220;dark&#8220; global_colors_info=&#8220;{}&#8220;][\/et_pb_gallery][\/et_pb_column][et_pb_column type=&#8220;3_5&#8243; _builder_version=&#8220;4.23.4&#8243; _module_preset=&#8220;default&#8220; global_colors_info=&#8220;{}&#8220;][et_pb_text _builder_version=&#8220;4.24.2&#8243; _module_preset=&#8220;default&#8220; background_layout=&#8220;dark&#8220; global_colors_info=&#8220;{}&#8220;]<\/p>\n<h5>DAS GROSSE GEWUSEL \u2013 unter Deinen F\u00fc\u00dfen<\/h5>\n<p>Eine Geschichte \u00fcber Lebewesen im Boden und das wahre Gold unserer Erde: Humus!<\/p>\n<p>F\u00fcr alle Menschen ab 4 Jahre<\/p>\n<p>Bei dieser BNE-Theatervorstellung lernen gro\u00dfe und kleine Zuschauer*innen auf fantasievolle und musikalische Weise die faszinierende Welt der Bodenlebewesen kennen: die Asseln, Tausendf\u00fc\u00dfer, Spinnen, Springschw\u00e4nze und Bakterien. Gemeinsam mit Regenwurm-Superstar sorgen sie f\u00fcr gesunden Boden. Und das ist auch \u00e4u\u00dferst klima-relevant. Durch den Aufbau von Humus kann Kohlendioxid wieder in den Boden gebracht werden.<\/p>\n<p>[\/et_pb_text][et_pb_button button_url=&#8220;https:\/\/www.mimekry.de\/&#8220; url_new_window=&#8220;on&#8220; button_text=&#8220;Website&#8220; _builder_version=&#8220;4.24.2&#8243; _module_preset=&#8220;45c9fbc4-8fa9-455f-93b5-96c41c77970a&#8220; button_icon=&#8220;&#xf101;||fa||900&#8243; button_icon_placement=&#8220;left&#8220; button_on_hover=&#8220;off&#8220; global_colors_info=&#8220;{}&#8220;][\/et_pb_button][\/et_pb_column][\/et_pb_row][\/et_pb_section]<\/p>\n","protected":false},"excerpt":{"rendered":"<p>Timetable 2025Zeit1314151617181920Billeb\u00fchneAbteilung Stadtgr\u00fcn Rundgang ab 13:30 UhrAndreas Dorau und Marcel Gein Rundgang ab 14:00 UhrHelmholtz-Zentrum hereon Rundgang ab 14:30 UhrMariam Kiria Georgian-Folk 15:00 Uhr\u00dcbersee Hamburger Schule 17:00 UhrDie Feigen Flittchen Post-Pop-Punk 19:00 UhrVortragszelt12 m\u00b2 mit Ana Amil Parkraum 13:30 UhrHallo PARKS Begegnungsr\u00e4ume 14:00 UhrOrganismen-Demokratie f\u00fcr alle Lebewesen 14:30 UhrWilde Kehlen musikalisch-literarische Performance 15:30 UhrFarn \u00d6kologie [&hellip;]<\/p>\n","protected":false},"author":1,"featured_media":0,"parent":0,"menu_order":0,"comment_status":"closed","ping_status":"closed","template":"","meta":{"_et_pb_use_builder":"on","_et_pb_old_content":"","_et_gb_content_width":"","footnotes":""},"class_list":["post-10","page","type-page","status-publish","hentry"],"_links":{"self":[{"href":"https:\/\/www.asphaltsprenger.de\/en\/wp-json\/wp\/v2\/pages\/10","targetHints":{"allow":["GET"]}}],"collection":[{"href":"https:\/\/www.asphaltsprenger.de\/en\/wp-json\/wp\/v2\/pages"}],"about":[{"href":"https:\/\/www.asphaltsprenger.de\/en\/wp-json\/wp\/v2\/types\/page"}],"author":[{"embeddable":true,"href":"https:\/\/www.asphaltsprenger.de\/en\/wp-json\/wp\/v2\/users\/1"}],"replies":[{"embeddable":true,"href":"https:\/\/www.asphaltsprenger.de\/en\/wp-json\/wp\/v2\/comments?post=10"}],"version-history":[{"count":29,"href":"https:\/\/www.asphaltsprenger.de\/en\/wp-json\/wp\/v2\/pages\/10\/revisions"}],"predecessor-version":[{"id":4221,"href":"https:\/\/www.asphaltsprenger.de\/en\/wp-json\/wp\/v2\/pages\/10\/revisions\/4221"}],"wp:attachment":[{"href":"https:\/\/www.asphaltsprenger.de\/en\/wp-json\/wp\/v2\/media?parent=10"}],"curies":[{"name":"wp","href":"https:\/\/api.w.org\/{rel}","templated":true}]}}