{"id":3308,"date":"2025-04-24T12:56:11","date_gmt":"2025-04-24T10:56:11","guid":{"rendered":"https:\/\/www.asphaltsprenger.de\/?page_id=3308"},"modified":"2025-09-03T16:28:52","modified_gmt":"2025-09-03T14:28:52","slug":"timetable-2024","status":"publish","type":"page","link":"https:\/\/www.asphaltsprenger.de\/en\/timetable-2024\/","title":{"rendered":"Timetable 2024"},"content":{"rendered":"<p>[et_pb_section fb_built=&#8220;1&#8243; custom_padding_last_edited=&#8220;on|phone&#8220; admin_label=&#8220;Section&#8220; _builder_version=&#8220;4.24.2&#8243; _module_preset=&#8220;default&#8220; background_color=&#8220;#153A4C&#8220; custom_padding=&#8220;120px||||false|false&#8220; custom_padding_tablet=&#8220;80px||||false|false&#8220; custom_padding_phone=&#8220;40px||||false|false&#8220; da_popup_slug=&#8220;programm&#8220; da_is_singular=&#8220;off&#8220; da_dark_close=&#8220;off&#8220; da_disable_devices=&#8220;off|off|off&#8220; locked=&#8220;off&#8220; global_colors_info=&#8220;{}&#8220; da_is_popup=&#8220;off&#8220; da_exit_intent=&#8220;off&#8220; da_has_close=&#8220;on&#8220; da_alt_close=&#8220;off&#8220; da_not_modal=&#8220;on&#8220; da_with_loader=&#8220;off&#8220; da_has_shadow=&#8220;on&#8220;][et_pb_row _builder_version=&#8220;4.24.2&#8243; _module_preset=&#8220;default&#8220; width_tablet=&#8220;&#8220; width_phone=&#8220;85%&#8220; width_last_edited=&#8220;on|phone&#8220; global_colors_info=&#8220;{}&#8220;][et_pb_column type=&#8220;4_4&#8243; _builder_version=&#8220;4.23.4&#8243; _module_preset=&#8220;default&#8220; global_colors_info=&#8220;{}&#8220;][et_pb_text _builder_version=&#8220;4.27.0&#8243; _module_preset=&#8220;default&#8220; header_font=&#8220;|||on|||||&#8220; background_layout=&#8220;dark&#8220; header_font_size_tablet=&#8220;&#8220; header_font_size_phone=&#8220;&#8220; header_font_size_last_edited=&#8220;on|phone&#8220; global_colors_info=&#8220;{}&#8220; header_text_color__hover_enabled=&#8220;on|hover&#8220; header_text_color__hover=&#8220;#D40064&#8243; header_letter_spacing__hover=&#8220;15px&#8220; header_letter_spacing__hover_enabled=&#8220;on|hover&#8220;]<\/p>\n<h1>Timetable 2024<\/h1>\n<p>[\/et_pb_text][\/et_pb_column][\/et_pb_row][et_pb_row module_class=&#8220;buttons-inline&#8220; _builder_version=&#8220;4.24.2&#8243; _module_preset=&#8220;default&#8220; width_tablet=&#8220;&#8220; width_phone=&#8220;85%&#8220; width_last_edited=&#8220;on|phone&#8220; custom_margin=&#8220;||||false|false&#8220; custom_padding=&#8220;||0px||false|false&#8220; global_colors_info=&#8220;{}&#8220;][et_pb_column type=&#8220;4_4&#8243; _builder_version=&#8220;4.23.4&#8243; _module_preset=&#8220;default&#8220; global_colors_info=&#8220;{}&#8220;][et_pb_button button_url=&#8220;https:\/\/www.asphaltsprenger.de\/about\/#impressionen&#8220; button_text=&#8220;Impressionen&#8220; admin_label=&#8220;Button Programm&#8220; _builder_version=&#8220;4.27.0&#8243; _module_preset=&#8220;default&#8220; button_icon=&#8220;&#xf101;||fa||900&#8243; button_icon_placement=&#8220;left&#8220; button_on_hover=&#8220;off&#8220; global_colors_info=&#8220;{}&#8220;][\/et_pb_button][et_pb_button button_url=&#8220;@ET-DC@eyJkeW5hbWljIjp0cnVlLCJjb250ZW50IjoicG9zdF9saW5rX3VybF9wYWdlIiwic2V0dGluZ3MiOnsicG9zdF9pZCI6IjI1MjgifX0=@&#8220; button_text=&#8220;Programm 2024&#8243; admin_label=&#8220;Button Programm&#8220; _builder_version=&#8220;4.27.0&#8243; _dynamic_attributes=&#8220;button_url&#8220; _module_preset=&#8220;default&#8220; button_icon=&#8220;&#xf101;||fa||900&#8243; button_icon_placement=&#8220;left&#8220; button_on_hover=&#8220;off&#8220; global_colors_info=&#8220;{}&#8220;][\/et_pb_button][et_pb_button button_url=&#8220;https:\/\/www.asphaltsprenger.de\/wp-content\/uploads\/2024\/04\/Lageplan_Asphaltsprenger2024.pdf&#8220; url_new_window=&#8220;on&#8220; button_text=&#8220;Lageplan 2024 (PDF)&#8220; disabled_on=&#8220;off|off|off&#8220; admin_label=&#8220;Button Lageplan&#8220; _builder_version=&#8220;4.27.0&#8243; _module_preset=&#8220;default&#8220; button_icon=&#8220;&#xf101;||fa||900&#8243; button_icon_placement=&#8220;left&#8220; button_on_hover=&#8220;off&#8220; global_colors_info=&#8220;{}&#8220;][\/et_pb_button][\/et_pb_column][\/et_pb_row][\/et_pb_section][et_pb_section fb_built=&#8220;1&#8243; custom_padding_last_edited=&#8220;on|phone&#8220; admin_label=&#8220;Timetable&#8220; module_id=&#8220;timetable&#8220; module_class=&#8220;et-scroll-table&#8220; _builder_version=&#8220;4.24.3&#8243; _module_preset=&#8220;default&#8220; background_color=&#8220;RGBA(255,255,255,0)&#8220; width=&#8220;100%&#8220; max_width=&#8220;1080px&#8220; module_alignment=&#8220;center&#8220; overflow-x=&#8220;scroll&#8220; overflow-y=&#8220;hidden&#8220; custom_margin=&#8220;||120px||false|false&#8220; custom_padding=&#8220;50px||0px||false|false&#8220; custom_padding_tablet=&#8220;50px|10px|0px||false|false&#8220; custom_padding_phone=&#8220;50px||0px||false|false&#8220; custom_css_main_element=&#8220;display:flex;&#8220; da_is_singular=&#8220;off&#8220; da_dark_close=&#8220;off&#8220; da_disable_devices=&#8220;off|off|off&#8220; global_colors_info=&#8220;{}&#8220; custom_css_main_element_last_edited=&#8220;off|desktop&#8220; da_is_popup=&#8220;off&#8220; da_exit_intent=&#8220;off&#8220; da_has_close=&#8220;on&#8220; da_alt_close=&#8220;off&#8220; da_not_modal=&#8220;on&#8220; da_with_loader=&#8220;off&#8220; da_has_shadow=&#8220;on&#8220;][et_pb_row use_custom_gutter=&#8220;on&#8220; gutter_width=&#8220;1&#8243; admin_label=&#8220;Zeit&#8220; module_class=&#8220;et-scroll-table-column&#8220; _builder_version=&#8220;4.24.3&#8243; _module_preset=&#8220;default&#8220; background_color=&#8220;#153A4C&#8220; z_index=&#8220;13&#8243; width=&#8220;40%&#8220; custom_padding=&#8220;0px||0px||false|false&#8220; custom_css_main_element=&#8220;min-width: 100px;||position: -webkit-sticky !important;||position: sticky !important;||left: 0;||p {||  font-size: 24px !important;||  font-weight: 800;||}&#8220; border_width_right=&#8220;12px&#8220; border_color_right=&#8220;#153A4C&#8220; global_colors_info=&#8220;{}&#8220; custom_css_main_element_last_edited=&#8220;off|tablet&#8220; custom_css_main_element_tablet=&#8220;min-width: 100px;||position: -webkit-sticky !important;||position: sticky !important;||left: 0;||p {||  font-size: 24px !important;||  font-weight: 800;||}&#8220;][et_pb_column type=&#8220;4_4&#8243; _builder_version=&#8220;4.23.4&#8243; _module_preset=&#8220;default&#8220; background_color=&#8220;RGBA(255,255,255,0)&#8220; global_colors_info=&#8220;{}&#8220;][et_pb_text _builder_version=&#8220;4.24.3&#8243; _module_preset=&#8220;default&#8220; background_color=&#8220;#D40064&#8243; background_layout=&#8220;dark&#8220; height=&#8220;60px&#8220; custom_padding=&#8220;10px||||false|false&#8220; custom_css_main_element=&#8220;display:flex;||align-items:center;||justify-content: center;&#8220; border_width_bottom=&#8220;12px&#8220; border_color_bottom=&#8220;#153A4C&#8220; global_colors_info=&#8220;{}&#8220;]<\/p>\n<h2>Zeit<\/h2>\n<p>[\/et_pb_text][et_pb_text _builder_version=&#8220;4.24.3&#8243; _module_preset=&#8220;default&#8220; background_color=&#8220;RGBA(255,255,255,0)&#8220; height=&#8220;205px&#8220; custom_padding=&#8220;||||false|false&#8220; global_colors_info=&#8220;{}&#8220;]<\/p>\n<h5>13<\/h5>\n<p>[\/et_pb_text][et_pb_text _builder_version=&#8220;4.24.3&#8243; _module_preset=&#8220;default&#8220; background_color=&#8220;RGBA(255,255,255,0)&#8220; height=&#8220;205px&#8220; custom_padding=&#8220;||||false|false&#8220; global_colors_info=&#8220;{}&#8220;]<\/p>\n<h5>14<\/h5>\n<p>[\/et_pb_text][et_pb_text _builder_version=&#8220;4.24.3&#8243; _module_preset=&#8220;default&#8220; background_color=&#8220;RGBA(255,255,255,0)&#8220; height=&#8220;205px&#8220; custom_padding=&#8220;||||false|false&#8220; global_colors_info=&#8220;{}&#8220;]<\/p>\n<h5>15<\/h5>\n<p>[\/et_pb_text][et_pb_text _builder_version=&#8220;4.24.3&#8243; _module_preset=&#8220;default&#8220; background_color=&#8220;RGBA(255,255,255,0)&#8220; height=&#8220;205px&#8220; custom_padding=&#8220;||||false|false&#8220; global_colors_info=&#8220;{}&#8220;]<\/p>\n<h5>16<\/h5>\n<p>[\/et_pb_text][et_pb_text _builder_version=&#8220;4.24.3&#8243; _module_preset=&#8220;default&#8220; background_color=&#8220;RGBA(255,255,255,0)&#8220; height=&#8220;205px&#8220; custom_padding=&#8220;||||false|false&#8220; global_colors_info=&#8220;{}&#8220;]<\/p>\n<h5>17<\/h5>\n<p>[\/et_pb_text][et_pb_text _builder_version=&#8220;4.24.3&#8243; _module_preset=&#8220;default&#8220; background_color=&#8220;RGBA(255,255,255,0)&#8220; height=&#8220;205px&#8220; custom_padding=&#8220;||||false|false&#8220; global_colors_info=&#8220;{}&#8220;]<\/p>\n<h5>18<\/h5>\n<p>[\/et_pb_text][et_pb_text _builder_version=&#8220;4.24.3&#8243; _module_preset=&#8220;default&#8220; background_color=&#8220;RGBA(255,255,255,0)&#8220; height=&#8220;205px&#8220; custom_padding=&#8220;||||false|false&#8220; global_colors_info=&#8220;{}&#8220;]<\/p>\n<h5>19<\/h5>\n<p>[\/et_pb_text][et_pb_text _builder_version=&#8220;4.24.3&#8243; _module_preset=&#8220;default&#8220; background_color=&#8220;RGBA(255,255,255,0)&#8220; height=&#8220;210px&#8220; custom_padding=&#8220;||||false|false&#8220; global_colors_info=&#8220;{}&#8220;]<\/p>\n<h5>20<\/h5>\n<p>[\/et_pb_text][\/et_pb_column][\/et_pb_row][et_pb_row use_custom_gutter=&#8220;on&#8220; gutter_width=&#8220;1&#8243; admin_label=&#8220;Billeb\u00fchne&#8220; module_class=&#8220;et-scroll-table-column&#8220; _builder_version=&#8220;4.24.3&#8243; _module_preset=&#8220;default&#8220; width=&#8220;100%&#8220; custom_padding=&#8220;0px||0px||false|false&#8220; border_width_right=&#8220;12px&#8220; border_color_right=&#8220;#153A4C&#8220; global_colors_info=&#8220;{}&#8220;][et_pb_column type=&#8220;4_4&#8243; _builder_version=&#8220;4.23.4&#8243; _module_preset=&#8220;default&#8220; global_colors_info=&#8220;{}&#8220;][et_pb_text _builder_version=&#8220;4.24.3&#8243; _module_preset=&#8220;default&#8220; background_color=&#8220;#FFFFFF&#8220; text_orientation=&#8220;center&#8220; height=&#8220;60px&#8220; custom_padding=&#8220;10px|8px||8px|false|true&#8220; custom_padding_last_edited=&#8220;off|tablet&#8220; custom_css_main_element=&#8220;display:flex;||align-items:center;||justify-content: center;&#8220; border_width_bottom=&#8220;12px&#8220; border_color_bottom=&#8220;#153A4C&#8220; global_colors_info=&#8220;{}&#8220;]<\/p>\n<h2>Billeb\u00fchne<\/h2>\n<p>[\/et_pb_text][et_pb_text _builder_version=&#8220;4.24.3&#8243; _module_preset=&#8220;default&#8220; background_color=&#8220;#a10062&#8243; height=&#8220;150px&#8220; custom_margin=&#8220;||40px||false|false&#8220; custom_padding=&#8220;|10px||10px|false|true&#8220; link_option_url=&#8220;#rundgang-lss-krautschau&#8220; text_font_size_tablet=&#8220;14px&#8220; text_font_size_last_edited=&#8220;off|phone&#8220; header_3_font_size_tablet=&#8220;20px&#8220; header_3_font_size_last_edited=&#8220;off|phone&#8220; custom_css_main_element=&#8220;display:flex;||align-items:center;||justify-content: center;&#8220; border_width_top=&#8220;6px&#8220; border_color_top=&#8220;#153A4C&#8220; border_color_bottom=&#8220;#153A4C&#8220; box_shadow_style=&#8220;preset4&#8243; box_shadow_horizontal=&#8220;7px&#8220; box_shadow_vertical=&#8220;8px&#8220; locked=&#8220;off&#8220; global_colors_info=&#8220;{}&#8220;]<\/p>\n<h3>#Krautschau<\/h3>\n<p>Rundgang<\/p>\n<p>13:00 Uhr<\/p>\n<p>[\/et_pb_text][et_pb_text _builder_version=&#8220;4.24.3&#8243; _module_preset=&#8220;default&#8220; background_color=&#8220;#a10062&#8243; height=&#8220;100px&#8220; custom_margin=&#8220;||10px||false|false&#8220; custom_padding=&#8220;|10px||10px|false|true&#8220; link_option_url=&#8220;#rundgang-citizensforests&#8220; custom_css_main_element=&#8220;display:flex;||align-items:center;||justify-content: center;&#8220; border_width_top=&#8220;6px&#8220; border_color_top=&#8220;#153A4C&#8220; border_color_bottom=&#8220;#153A4C&#8220; box_shadow_style=&#8220;preset4&#8243; box_shadow_horizontal=&#8220;7px&#8220; box_shadow_vertical=&#8220;8px&#8220; locked=&#8220;off&#8220; global_colors_info=&#8220;{}&#8220;]<\/p>\n<h3>Hei\u00dfes Pflaster<\/h3>\n<p>Rundgang<\/p>\n<p>ab 14:00 Uhr<\/p>\n<p>[\/et_pb_text][et_pb_text _builder_version=&#8220;4.24.3&#8243; _module_preset=&#8220;default&#8220; background_color=&#8220;#a10062&#8243; height=&#8220;100px&#8220; custom_margin=&#8220;||10px||false|false&#8220; custom_padding=&#8220;|10px||10px|false|true&#8220; link_option_url=&#8220;#rundgang-bezirkmitte&#8220; custom_css_main_element=&#8220;display:flex;||align-items:center;||justify-content: center;&#8220; border_width_top=&#8220;6px&#8220; border_color_top=&#8220;#153A4C&#8220; border_color_bottom=&#8220;#153A4C&#8220; box_shadow_style=&#8220;preset4&#8243; box_shadow_horizontal=&#8220;7px&#8220; box_shadow_vertical=&#8220;8px&#8220; locked=&#8220;off&#8220; global_colors_info=&#8220;{}&#8220;]<\/p>\n<h3>Hochwasserbassin<\/h3>\n<p>Rundgang<\/p>\n<p>ab 14:30 Uhr<\/p>\n<p>[\/et_pb_text][et_pb_text _builder_version=&#8220;4.24.3&#8243; _module_preset=&#8220;default&#8220; background_color=&#8220;#f3642d&#8220; height=&#8220;150px&#8220; custom_margin=&#8220;||55px||false|false&#8220; custom_padding=&#8220;|10px||10px|false|true&#8220; link_option_url=&#8220;#musik-dandora&#8220; custom_css_main_element=&#8220;display:flex;||align-items:center;||justify-content: center;&#8220; border_width_top=&#8220;6px&#8220; border_color_top=&#8220;#153A4C&#8220; border_color_bottom=&#8220;#153A4C&#8220; box_shadow_style=&#8220;preset4&#8243; box_shadow_horizontal=&#8220;7px&#8220; box_shadow_vertical=&#8220;8px&#8220; locked=&#8220;off&#8220; global_colors_info=&#8220;{}&#8220;]<\/p>\n<h3>Dan &amp; Dora<\/h3>\n<p><span>Kammermusik<\/span><\/p>\n<p>15:00 Uhr<\/p>\n<p>[\/et_pb_text][et_pb_text _builder_version=&#8220;4.24.3&#8243; _module_preset=&#8220;default&#8220; background_color=&#8220;#a10062&#8243; height=&#8220;150px&#8220; custom_margin=&#8220;||55px||false|false&#8220; custom_padding=&#8220;|10px||10px|false|true&#8220; link_option_url=&#8220;#rundgang-andreasdorau&#8220; custom_css_main_element=&#8220;display:flex;||align-items:center;||justify-content: center;&#8220; border_width_top=&#8220;6px&#8220; border_color_top=&#8220;#153A4C&#8220; border_color_bottom=&#8220;#153A4C&#8220; box_shadow_style=&#8220;preset4&#8243; box_shadow_horizontal=&#8220;7px&#8220; box_shadow_vertical=&#8220;8px&#8220; locked=&#8220;off&#8220; global_colors_info=&#8220;{}&#8220;]<\/p>\n<h3>Andreas Dorau<\/h3>\n<p>Rundgang<\/p>\n<p>16:00 Uhr<\/p>\n<p>[\/et_pb_text][et_pb_text _builder_version=&#8220;4.24.3&#8243; _module_preset=&#8220;default&#8220; background_color=&#8220;#f3642d&#8220; height=&#8220;150px&#8220; custom_margin=&#8220;||30px||false|false&#8220; custom_padding=&#8220;|10px||10px|false|true&#8220; link_option_url=&#8220;#musik-tenenjou&#8220; custom_css_main_element=&#8220;display:flex;||align-items:center;||justify-content: center;&#8220; border_width_top=&#8220;6px&#8220; border_color_top=&#8220;#153A4C&#8220; border_color_bottom=&#8220;#153A4C&#8220; box_shadow_style=&#8220;preset4&#8243; box_shadow_horizontal=&#8220;7px&#8220; box_shadow_vertical=&#8220;8px&#8220; locked=&#8220;off&#8220; global_colors_info=&#8220;{}&#8220;]<\/p>\n<h3>Ren\u00e9 Tenenjou &amp; Band<\/h3>\n<p><span>Afro-Latino-Jazz<\/span><\/p>\n<p>17:00 Uhr<\/p>\n<p>[\/et_pb_text][et_pb_text _builder_version=&#8220;4.24.2&#8243; _module_preset=&#8220;default&#8220; text_font_size=&#8220;16px&#8220; text_line_height=&#8220;1.4em&#8220; header_3_font_size=&#8220;16px&#8220; background_image=&#8220;https:\/\/www.asphaltsprenger.de\/wp-content\/uploads\/2024\/03\/hase_tt.webp&#8220; background_size=&#8220;contain&#8220; text_orientation=&#8220;center&#8220; height=&#8220;230px&#8220; custom_margin=&#8220;||||false|false&#8220; custom_css_main_element=&#8220;display:flex;||align-items:center;||justify-content: center;&#8220; border_width_top=&#8220;6px&#8220; border_color_top=&#8220;#153A4C&#8220; border_color_bottom=&#8220;#153A4C&#8220; global_colors_info=&#8220;{}&#8220;][\/et_pb_text][et_pb_text _builder_version=&#8220;4.24.3&#8243; _module_preset=&#8220;default&#8220; background_color=&#8220;#f3642d&#8220; height=&#8220;150px&#8220; custom_margin=&#8220;||265px||false|false&#8220; custom_padding=&#8220;|10px||10px|false|true&#8220; link_option_url=&#8220;#musik-dreisaeckebauschutt&#8220; custom_css_main_element=&#8220;display:flex;||align-items:center;||justify-content: center;&#8220; border_width_top=&#8220;6px&#8220; border_color_top=&#8220;#153A4C&#8220; border_color_bottom=&#8220;#153A4C&#8220; box_shadow_style=&#8220;preset4&#8243; box_shadow_horizontal=&#8220;7px&#8220; box_shadow_vertical=&#8220;8px&#8220; locked=&#8220;off&#8220; global_colors_info=&#8220;{}&#8220;]<\/p>\n<h3>Drei S\u00e4cke Bauschutt<\/h3>\n<p><span>Postpunk<\/span><\/p>\n<p>19:00 Uhr<\/p>\n<p>[\/et_pb_text][\/et_pb_column][\/et_pb_row][et_pb_row use_custom_gutter=&#8220;on&#8220; gutter_width=&#8220;1&#8243; admin_label=&#8220;Hallohalle&#8220; module_class=&#8220;et-scroll-table-column&#8220; _builder_version=&#8220;4.23.4&#8243; _module_preset=&#8220;default&#8220; width=&#8220;100%&#8220; custom_padding=&#8220;0px||0px||false|false&#8220; border_width_right=&#8220;12px&#8220; border_color_right=&#8220;#153A4C&#8220; global_colors_info=&#8220;{}&#8220;][et_pb_column type=&#8220;4_4&#8243; _builder_version=&#8220;4.23.4&#8243; _module_preset=&#8220;default&#8220; global_colors_info=&#8220;{}&#8220;][et_pb_text _builder_version=&#8220;4.24.3&#8243; _module_preset=&#8220;default&#8220; background_color=&#8220;#FFFFFF&#8220; text_orientation=&#8220;center&#8220; height=&#8220;60px&#8220; custom_padding=&#8220;10px|19px||19px|false|true&#8220; custom_css_main_element=&#8220;display:flex;||align-items:center;||justify-content: center;&#8220; border_width_bottom=&#8220;12px&#8220; border_color_bottom=&#8220;#153A4C&#8220; global_colors_info=&#8220;{}&#8220;]<\/p>\n<h2>Hallohalle<\/h2>\n<p>[\/et_pb_text][et_pb_text _builder_version=&#8220;4.24.3&#8243; _module_preset=&#8220;default&#8220; background_color=&#8220;#238220&#8243; height=&#8220;100px&#8220; custom_margin=&#8220;80px||10px||false|false&#8220; custom_padding=&#8220;|10px||10px|false|true&#8220; link_option_url=&#8220;#vortrag-lt-parks&#8220; custom_css_main_element=&#8220;display:flex;||align-items:center;||justify-content: center;&#8220; border_width_top=&#8220;6px&#8220; border_color_top=&#8220;#153A4C&#8220; border_color_bottom=&#8220;#153A4C&#8220; box_shadow_style=&#8220;preset4&#8243; box_shadow_horizontal=&#8220;7px&#8220; box_shadow_vertical=&#8220;8px&#8220; locked=&#8220;off&#8220; global_colors_info=&#8220;{}&#8220;]<\/p>\n<h3>Lange Tafel: PARKS<\/h3>\n<p>13:30 Uhr<\/p>\n<p>[\/et_pb_text][et_pb_text _builder_version=&#8220;4.24.3&#8243; _module_preset=&#8220;default&#8220; background_color=&#8220;#31b227&#8243; height=&#8220;75px&#8220; custom_margin=&#8220;||10px||false|false&#8220; custom_padding=&#8220;|10px||10px|false|true&#8220; link_option_url=&#8220;#stand-halloradio&#8220; custom_css_main_element=&#8220;display:flex;||align-items:center;||justify-content: center;&#8220; border_width_top=&#8220;6px&#8220; border_color_top=&#8220;#153A4C&#8220; border_color_bottom=&#8220;#153A4C&#8220; box_shadow_style=&#8220;preset4&#8243; box_shadow_horizontal=&#8220;7px&#8220; box_shadow_vertical=&#8220;8px&#8220; locked=&#8220;off&#8220; global_colors_info=&#8220;{}&#8220;]<\/p>\n<h3>HALLO: Radio<\/h3>\n<p>ab 14:00 Uhr<\/p>\n<p>[\/et_pb_text][et_pb_text _builder_version=&#8220;4.24.3&#8243; _module_preset=&#8220;default&#8220; background_color=&#8220;#238220&#8243; height=&#8220;100px&#8220; custom_margin=&#8220;||35px||false|false&#8220; custom_padding=&#8220;|10px||10px|false|true&#8220; link_option_url=&#8220;#vortrag-lt-hhgaerten&#8220; custom_css_main_element=&#8220;display:flex;||align-items:center;||justify-content: center;&#8220; border_width_top=&#8220;6px&#8220; border_color_top=&#8220;#153A4C&#8220; border_color_bottom=&#8220;#153A4C&#8220; box_shadow_style=&#8220;preset4&#8243; box_shadow_horizontal=&#8220;7px&#8220; box_shadow_vertical=&#8220;8px&#8220; locked=&#8220;off&#8220; global_colors_info=&#8220;{}&#8220;]<\/p>\n<h3>Lange Tafel: Hamburgs G\u00e4rten<\/h3>\n<p>14:15 Uhr<\/p>\n<p>[\/et_pb_text][et_pb_text _builder_version=&#8220;4.25.0&#8243; _module_preset=&#8220;default&#8220; background_color=&#8220;#238220&#8243; height=&#8220;150px&#8220; custom_margin=&#8220;||55px||false|false&#8220; custom_padding=&#8220;|10px||10px|false|true&#8220; link_option_url=&#8220;#vortrag-bennurgenc&#8220; custom_css_main_element=&#8220;display:flex;||align-items:center;||justify-content: center;&#8220; border_width_top=&#8220;6px&#8220; border_color_top=&#8220;#153A4C&#8220; border_color_bottom=&#8220;#153A4C&#8220; box_shadow_style=&#8220;preset4&#8243; box_shadow_horizontal=&#8220;7px&#8220; box_shadow_vertical=&#8220;8px&#8220; locked=&#8220;off&#8220; global_colors_info=&#8220;{}&#8220;]<\/p>\n<h3>Ben Nurgen\u00e7: Performativer Workshop<\/h3>\n<p>ab 15:00 Uhr<\/p>\n<p>[\/et_pb_text][et_pb_text _builder_version=&#8220;4.24.3&#8243; _module_preset=&#8220;default&#8220; background_color=&#8220;#238220&#8243; height=&#8220;100px&#8220; custom_margin=&#8220;||10px||false|false&#8220; custom_padding=&#8220;|10px||10px|false|true&#8220; link_option_url=&#8220;#vortrag-lt-kebap&#8220; custom_css_main_element=&#8220;display:flex;||align-items:center;||justify-content: center;&#8220; border_width_top=&#8220;6px&#8220; border_color_top=&#8220;#153A4C&#8220; border_color_bottom=&#8220;#153A4C&#8220; box_shadow_style=&#8220;preset4&#8243; box_shadow_horizontal=&#8220;7px&#8220; box_shadow_vertical=&#8220;8px&#8220; locked=&#8220;off&#8220; global_colors_info=&#8220;{}&#8220;]<\/p>\n<h3>Lange Tafel: KEBAP\u00a0e.V.<\/h3>\n<p>16:00 Uhr<\/p>\n<p>[\/et_pb_text][et_pb_text _builder_version=&#8220;4.24.3&#8243; _module_preset=&#8220;default&#8220; background_color=&#8220;#238220&#8243; height=&#8220;100px&#8220; custom_margin=&#8220;0px||45px||false|false&#8220; custom_padding=&#8220;|10px||10px|false|true&#8220; link_option_url=&#8220;#vortrag-lt-botanischerverein&#8220; custom_css_main_element=&#8220;display:flex;||align-items:center;||justify-content: center;&#8220; border_width_top=&#8220;6px&#8220; border_color_top=&#8220;#153A4C&#8220; border_color_bottom=&#8220;#153A4C&#8220; box_shadow_style=&#8220;preset4&#8243; box_shadow_horizontal=&#8220;7px&#8220; box_shadow_vertical=&#8220;8px&#8220; locked=&#8220;off&#8220; global_colors_info=&#8220;{}&#8220;]<\/p>\n<h3>Lange Tafel: Botanischer Verein<\/h3>\n<p>16:30 Uhr<\/p>\n<p>[\/et_pb_text][et_pb_text _builder_version=&#8220;4.24.3&#8243; _module_preset=&#8220;default&#8220; background_color=&#8220;#238220&#8243; height=&#8220;100px&#8220; custom_margin=&#8220;0px||55px||false|false&#8220; custom_padding=&#8220;|10px||10px|false|true&#8220; link_option_url=&#8220;#vortrag-hereon&#8220; custom_css_main_element=&#8220;display:flex;||align-items:center;||justify-content: center;&#8220; border_width_top=&#8220;6px&#8220; border_color_top=&#8220;#153A4C&#8220; border_color_bottom=&#8220;#153A4C&#8220; box_shadow_style=&#8220;preset4&#8243; box_shadow_horizontal=&#8220;7px&#8220; box_shadow_vertical=&#8220;8px&#8220; locked=&#8220;off&#8220; global_colors_info=&#8220;{}&#8220;]<\/p>\n<h3>Helmholtz-Zentrum hereon<\/h3>\n<p>17:15 Uhr<\/p>\n<p>[\/et_pb_text][et_pb_text _builder_version=&#8220;4.24.3&#8243; _module_preset=&#8220;default&#8220; background_color=&#8220;#238220&#8243; height=&#8220;100px&#8220; custom_margin=&#8220;||10px||false|false&#8220; custom_padding=&#8220;|10px||10px|false|true&#8220; link_option_url=&#8220;#vortrag-lt-hafencityuni&#8220; custom_css_main_element=&#8220;display:flex;||align-items:center;||justify-content: center;&#8220; border_width_top=&#8220;6px&#8220; border_color_top=&#8220;#153A4C&#8220; border_color_bottom=&#8220;#153A4C&#8220; box_shadow_style=&#8220;preset4&#8243; box_shadow_horizontal=&#8220;7px&#8220; box_shadow_vertical=&#8220;8px&#8220; locked=&#8220;off&#8220; global_colors_info=&#8220;{}&#8220;]<\/p>\n<h3>Lange Tafel: Hafencity Uni<\/h3>\n<p>18:00 Uhr<\/p>\n<p>[\/et_pb_text][et_pb_text _builder_version=&#8220;4.24.3&#8243; _module_preset=&#8220;default&#8220; background_color=&#8220;#238220&#8243; height=&#8220;100px&#8220; custom_margin=&#8220;0px||10px||false|false&#8220; custom_padding=&#8220;|10px||10px|false|true&#8220; link_option_url=&#8220;#vortrag-lt-hsbk&#8220; custom_css_main_element=&#8220;display:flex;||align-items:center;||justify-content: center;&#8220; border_width_top=&#8220;6px&#8220; border_color_top=&#8220;#153A4C&#8220; border_color_bottom=&#8220;#153A4C&#8220; box_shadow_style=&#8220;preset4&#8243; box_shadow_horizontal=&#8220;7px&#8220; box_shadow_vertical=&#8220;8px&#8220; locked=&#8220;off&#8220; global_colors_info=&#8220;{}&#8220;]<\/p>\n<h3>Lange Tafel: HSBK<\/h3>\n<p>18:30 Uhr<\/p>\n<p>[\/et_pb_text][et_pb_text _builder_version=&#8220;4.24.2&#8243; _module_preset=&#8220;default&#8220; text_font_size=&#8220;16px&#8220; text_line_height=&#8220;1.4em&#8220; header_3_font_size=&#8220;16px&#8220; text_orientation=&#8220;center&#8220; height=&#8220;390px&#8220; custom_margin=&#8220;||10px||false|false&#8220; custom_css_main_element=&#8220;display:flex;||align-items:center;||justify-content: center;&#8220; border_width_top=&#8220;6px&#8220; border_color_top=&#8220;#153A4C&#8220; border_color_bottom=&#8220;#153A4C&#8220; global_colors_info=&#8220;{}&#8220;][\/et_pb_text][\/et_pb_column][\/et_pb_row][et_pb_row use_custom_gutter=&#8220;on&#8220; gutter_width=&#8220;1&#8243; admin_label=&#8220;Musiklaster&#8220; module_class=&#8220;et-scroll-table-column&#8220; _builder_version=&#8220;4.23.4&#8243; _module_preset=&#8220;default&#8220; width=&#8220;100%&#8220; custom_padding=&#8220;0px||0px||false|false&#8220; border_width_right=&#8220;12px&#8220; border_color_right=&#8220;#153A4C&#8220; global_colors_info=&#8220;{}&#8220;][et_pb_column type=&#8220;4_4&#8243; _builder_version=&#8220;4.23.4&#8243; _module_preset=&#8220;default&#8220; global_colors_info=&#8220;{}&#8220;][et_pb_text _builder_version=&#8220;4.24.3&#8243; _module_preset=&#8220;default&#8220; background_color=&#8220;#FFFFFF&#8220; text_orientation=&#8220;center&#8220; height=&#8220;60px&#8220; custom_padding=&#8220;10px|15px||15px|false|true&#8220; custom_css_main_element=&#8220;display:flex;||align-items:center;||justify-content: center;&#8220; border_width_bottom=&#8220;12px&#8220; border_color_bottom=&#8220;#153A4C&#8220; global_colors_info=&#8220;{}&#8220;]<\/p>\n<h2>Musiklaster<\/h2>\n<p>[\/et_pb_text][et_pb_text _builder_version=&#8220;4.24.3&#8243; _module_preset=&#8220;default&#8220; text_font_size=&#8220;16px&#8220; text_line_height=&#8220;1.4em&#8220; header_3_font_size=&#8220;16px&#8220; background_image=&#8220;https:\/\/www.asphaltsprenger.de\/wp-content\/uploads\/2024\/03\/blumen_tt.webp&#8220; background_size=&#8220;contain&#8220; text_orientation=&#8220;center&#8220; height=&#8220;165px&#8220; custom_margin=&#8220;40px||||false|false&#8220; custom_css_main_element=&#8220;display:flex;||align-items:center;||justify-content: center;&#8220; border_width_top=&#8220;6px&#8220; border_color_top=&#8220;#153A4C&#8220; border_color_bottom=&#8220;#153A4C&#8220; global_colors_info=&#8220;{}&#8220;][\/et_pb_text][et_pb_text _builder_version=&#8220;4.24.3&#8243; _module_preset=&#8220;default&#8220; background_color=&#8220;#f3642d&#8220; height=&#8220;150px&#8220; custom_margin=&#8220;0px||55px||false|false&#8220; custom_padding=&#8220;|10px||10px|false|true&#8220; link_option_url=&#8220;#musik-adaralfandari&#8220; custom_css_main_element=&#8220;display:flex;||align-items:center;||justify-content: center;&#8220; border_width_top=&#8220;6px&#8220; border_color_top=&#8220;#153A4C&#8220; border_color_bottom=&#8220;#153A4C&#8220; box_shadow_style=&#8220;preset4&#8243; box_shadow_horizontal=&#8220;7px&#8220; box_shadow_vertical=&#8220;8px&#8220; locked=&#8220;off&#8220; global_colors_info=&#8220;{}&#8220;]<\/p>\n<h3>Adar Alfandari<\/h3>\n<p><span>Singer-Songwriter<\/span><\/p>\n<p>14:00 Uhr<\/p>\n<p>[\/et_pb_text][et_pb_text _builder_version=&#8220;4.24.3&#8243; _module_preset=&#8220;default&#8220; background_color=&#8220;#a10062&#8243; height=&#8220;150px&#8220; custom_margin=&#8220;||55px||false|false&#8220; custom_padding=&#8220;|10px||10px|false|true&#8220; link_option_url=&#8220;#rundgang-andreasdorau&#8220; custom_css_main_element=&#8220;display:flex;||align-items:center;||justify-content: center;&#8220; border_width_top=&#8220;6px&#8220; border_color_top=&#8220;#153A4C&#8220; border_color_bottom=&#8220;#153A4C&#8220; box_shadow_style=&#8220;preset4&#8243; box_shadow_horizontal=&#8220;7px&#8220; box_shadow_vertical=&#8220;8px&#8220; locked=&#8220;off&#8220; global_colors_info=&#8220;{}&#8220;]<\/p>\n<h3>Andreas Dorau<\/h3>\n<p>Rundgang<\/p>\n<p>15:00 Uhr<\/p>\n<p>[\/et_pb_text][et_pb_text _builder_version=&#8220;4.24.3&#8243; _module_preset=&#8220;default&#8220; background_color=&#8220;#f3642d&#8220; height=&#8220;150px&#8220; custom_margin=&#8220;||80px||false|false&#8220; custom_padding=&#8220;|10px||10px|false|true&#8220; link_option_url=&#8220;#musik-saekokilly&#8220; custom_css_main_element=&#8220;display:flex;||align-items:center;||justify-content: center;&#8220; border_width_top=&#8220;6px&#8220; border_color_top=&#8220;#153A4C&#8220; border_color_bottom=&#8220;#153A4C&#8220; box_shadow_style=&#8220;preset4&#8243; box_shadow_horizontal=&#8220;7px&#8220; box_shadow_vertical=&#8220;8px&#8220; locked=&#8220;off&#8220; global_colors_info=&#8220;{}&#8220;]<\/p>\n<h3>Saeko Killy<\/h3>\n<p><span>Elektro-Kraut-Dub<\/span><\/p>\n<p>16:00 Uhr<\/p>\n<p>[\/et_pb_text][et_pb_text _builder_version=&#8220;4.24.2&#8243; _module_preset=&#8220;default&#8220; text_font_size=&#8220;16px&#8220; text_line_height=&#8220;1.4em&#8220; header_3_font_size=&#8220;16px&#8220; background_image=&#8220;https:\/\/www.asphaltsprenger.de\/wp-content\/uploads\/2024\/03\/ameisen2_tt.webp&#8220; background_size=&#8220;contain&#8220; text_orientation=&#8220;center&#8220; height=&#8220;180px&#8220; custom_margin=&#8220;||||false|false&#8220; custom_css_main_element=&#8220;display:flex;||align-items:center;||justify-content: center;&#8220; border_width_top=&#8220;6px&#8220; border_color_top=&#8220;#153A4C&#8220; border_color_bottom=&#8220;#153A4C&#8220; global_colors_info=&#8220;{}&#8220;][\/et_pb_text][et_pb_text _builder_version=&#8220;4.24.3&#8243; _module_preset=&#8220;default&#8220; background_color=&#8220;#f3642d&#8220; height=&#8220;150px&#8220; custom_margin=&#8220;||10px||false|false&#8220; custom_padding=&#8220;|10px||10px|false|true&#8220; link_option_url=&#8220;#musik-mpclafote&#8220; custom_css_main_element=&#8220;display:flex;||align-items:center;||justify-content: center;&#8220; border_width_top=&#8220;6px&#8220; border_color_top=&#8220;#153A4C&#8220; border_color_bottom=&#8220;#153A4C&#8220; box_shadow_style=&#8220;preset4&#8243; box_shadow_horizontal=&#8220;7px&#8220; box_shadow_vertical=&#8220;8px&#8220; locked=&#8220;off&#8220; global_colors_info=&#8220;{}&#8220;]<\/p>\n<h3>MPC Lafote<\/h3>\n<p>Post-Wave<\/p>\n<p>18:00 Uhr<\/p>\n<p>[\/et_pb_text][et_pb_text _builder_version=&#8220;4.24.2&#8243; _module_preset=&#8220;default&#8220; text_font_size=&#8220;16px&#8220; text_line_height=&#8220;1.4em&#8220; header_3_font_size=&#8220;16px&#8220; background_image=&#8220;https:\/\/www.asphaltsprenger.de\/wp-content\/uploads\/2024\/03\/ameisen_tt-1.webp&#8220; background_size=&#8220;contain&#8220; text_orientation=&#8220;center&#8220; height=&#8220;260px&#8220; custom_margin=&#8220;||200px||false|false&#8220; custom_css_main_element=&#8220;display:flex;||align-items:center;||justify-content: center;&#8220; border_width_top=&#8220;6px&#8220; border_color_top=&#8220;#153A4C&#8220; border_color_bottom=&#8220;#153A4C&#8220; global_colors_info=&#8220;{}&#8220;][\/et_pb_text][\/et_pb_column][\/et_pb_row][et_pb_row use_custom_gutter=&#8220;on&#8220; gutter_width=&#8220;1&#8243; admin_label=&#8220;Ameise&#8220; module_class=&#8220;et-scroll-table-column&#8220; _builder_version=&#8220;4.23.4&#8243; _module_preset=&#8220;default&#8220; width=&#8220;100%&#8220; custom_padding=&#8220;0px||0px||false|false&#8220; border_width_right=&#8220;12px&#8220; border_color_right=&#8220;#153A4C&#8220; global_colors_info=&#8220;{}&#8220;][et_pb_column type=&#8220;4_4&#8243; _builder_version=&#8220;4.23.4&#8243; _module_preset=&#8220;default&#8220; global_colors_info=&#8220;{}&#8220;][et_pb_text _builder_version=&#8220;4.24.3&#8243; _module_preset=&#8220;default&#8220; background_color=&#8220;#FFFFFF&#8220; text_orientation=&#8220;center&#8220; height=&#8220;60px&#8220; custom_padding=&#8220;10px|47px||47px|false|true&#8220; custom_css_main_element=&#8220;display:flex;||align-items:center;||justify-content: center;&#8220; border_width_bottom=&#8220;12px&#8220; border_color_bottom=&#8220;#153A4C&#8220; global_colors_info=&#8220;{}&#8220;]<\/p>\n<h2>Ameise<\/h2>\n<p>[\/et_pb_text][et_pb_text _builder_version=&#8220;4.24.2&#8243; _module_preset=&#8220;default&#8220; text_font_size=&#8220;16px&#8220; text_line_height=&#8220;1.4em&#8220; header_3_font_size=&#8220;16px&#8220; text_orientation=&#8220;center&#8220; height=&#8220;280px&#8220; custom_margin=&#8220;||||false|false&#8220; custom_css_main_element=&#8220;display:flex;||align-items:center;||justify-content: center;&#8220; border_width_top=&#8220;6px&#8220; border_color_top=&#8220;#153A4C&#8220; border_color_bottom=&#8220;#153A4C&#8220; global_colors_info=&#8220;{}&#8220;][\/et_pb_text][et_pb_text _builder_version=&#8220;4.24.2&#8243; _module_preset=&#8220;default&#8220; text_font_size=&#8220;16px&#8220; text_line_height=&#8220;1.4em&#8220; header_3_font_size=&#8220;16px&#8220; background_image=&#8220;https:\/\/www.asphaltsprenger.de\/wp-content\/uploads\/2024\/01\/bieber.png&#8220; background_size=&#8220;contain&#8220; text_orientation=&#8220;center&#8220; height=&#8220;240px&#8220; custom_margin=&#8220;||||false|false&#8220; custom_css_main_element=&#8220;display:flex;||align-items:center;||justify-content: center;&#8220; border_width_top=&#8220;6px&#8220; border_color_top=&#8220;#153A4C&#8220; border_color_bottom=&#8220;#153A4C&#8220; global_colors_info=&#8220;{}&#8220;][\/et_pb_text][et_pb_text _builder_version=&#8220;4.24.3&#8243; _module_preset=&#8220;default&#8220; background_color=&#8220;#a10062&#8243; height=&#8220;150px&#8220; custom_margin=&#8220;||40px||false|false&#8220; custom_padding=&#8220;|10px||10px|false|true&#8220; link_option_url=&#8220;#rundgang-lss-botanik&#8220; custom_css_main_element=&#8220;display:flex;||align-items:center;||justify-content: center;&#8220; border_width_top=&#8220;6px&#8220; border_color_top=&#8220;#153A4C&#8220; border_color_bottom=&#8220;#153A4C&#8220; box_shadow_style=&#8220;preset4&#8243; box_shadow_horizontal=&#8220;7px&#8220; box_shadow_vertical=&#8220;8px&#8220; locked=&#8220;off&#8220; global_colors_info=&#8220;{}&#8220;]<\/p>\n<h3>Botanische Exkursion<\/h3>\n<p>Rundgang<\/p>\n<p>15:30 Uhr<\/p>\n<p>[\/et_pb_text][et_pb_text _builder_version=&#8220;4.24.3&#8243; _module_preset=&#8220;default&#8220; background_color=&#8220;#d80056&#8243; height=&#8220;100px&#8220; custom_margin=&#8220;||10px||false|false&#8220; custom_padding=&#8220;|10px||10px|false|true&#8220; link_option_url=&#8220;#kids-rosita&#8220; custom_css_main_element=&#8220;display:flex;||align-items:center;||justify-content: center;&#8220; border_width_top=&#8220;6px&#8220; border_color_top=&#8220;#153A4C&#8220; border_color_bottom=&#8220;#153A4C&#8220; box_shadow_style=&#8220;preset4&#8243; box_shadow_horizontal=&#8220;7px&#8220; box_shadow_vertical=&#8220;8px&#8220; locked=&#8220;off&#8220; global_colors_info=&#8220;{}&#8220;]<\/p>\n<h3>Rositas Puppenb\u00fchne<\/h3>\n<p>ab 16:45 Uhr<\/p>\n<p>[\/et_pb_text][et_pb_text _builder_version=&#8220;4.24.3&#8243; _module_preset=&#8220;default&#8220; background_color=&#8220;#f3642d&#8220; height=&#8220;150px&#8220; custom_margin=&#8220;||375px||false|false&#8220; custom_padding=&#8220;|10px||10px|false|true&#8220; link_option_url=&#8220;#musik-hvdn&#8220; custom_css_main_element=&#8220;display:flex;||align-items:center;||justify-content: center;&#8220; border_width_top=&#8220;6px&#8220; border_color_top=&#8220;#153A4C&#8220; border_color_bottom=&#8220;#153A4C&#8220; box_shadow_style=&#8220;preset4&#8243; box_shadow_horizontal=&#8220;7px&#8220; box_shadow_vertical=&#8220;8px&#8220; locked=&#8220;off&#8220; global_colors_info=&#8220;{}&#8220;]<\/p>\n<h3>HVDN<\/h3>\n<p><span>Experimenteller Elektro<\/span><\/p>\n<p>17:00 Uhr<\/p>\n<p>[\/et_pb_text][et_pb_text _builder_version=&#8220;4.24.3&#8243; _module_preset=&#8220;default&#8220; background_color=&#8220;#f3642d&#8220; height=&#8220;150px&#8220; custom_margin=&#8220;||150px||false|false&#8220; custom_padding=&#8220;|10px||10px|false|true&#8220; link_option_url=&#8220;#musik-wosto&#8220; custom_css_main_element=&#8220;display:flex;||align-items:center;||justify-content: center;&#8220; border_width_top=&#8220;6px&#8220; border_color_top=&#8220;#153A4C&#8220; border_color_bottom=&#8220;#153A4C&#8220; box_shadow_style=&#8220;preset4&#8243; box_shadow_horizontal=&#8220;7px&#8220; box_shadow_vertical=&#8220;8px&#8220; locked=&#8220;off&#8220; global_colors_info=&#8220;{}&#8220;]<\/p>\n<h3>Wosto<\/h3>\n<p>Teerpappe<\/p>\n<p>ab 19:30 Uhr<\/p>\n<p>[\/et_pb_text][\/et_pb_column][\/et_pb_row][et_pb_row use_custom_gutter=&#8220;on&#8220; gutter_width=&#8220;1&#8243; admin_label=&#8220;Zauberzelt&#8220; module_class=&#8220;et-scroll-table-column&#8220; _builder_version=&#8220;4.24.3&#8243; _module_preset=&#8220;default&#8220; width=&#8220;100%&#8220; custom_padding=&#8220;0px||0px||false|false&#8220; border_color_right=&#8220;#1D3C4C&#8220; global_colors_info=&#8220;{}&#8220;][et_pb_column type=&#8220;4_4&#8243; _builder_version=&#8220;4.23.4&#8243; _module_preset=&#8220;default&#8220; global_colors_info=&#8220;{}&#8220;][et_pb_text _builder_version=&#8220;4.24.3&#8243; _module_preset=&#8220;default&#8220; background_color=&#8220;#FFFFFF&#8220; text_orientation=&#8220;center&#8220; height=&#8220;60px&#8220; custom_padding=&#8220;10px|10px||10px|false|true&#8220; custom_css_main_element=&#8220;display:flex;||align-items:center;||justify-content: center;&#8220; border_width_bottom=&#8220;12px&#8220; border_color_bottom=&#8220;#153A4C&#8220; global_colors_info=&#8220;{}&#8220;]<\/p>\n<h2>M\u00e4rchenzelt<\/h2>\n<p>[\/et_pb_text][et_pb_text _builder_version=&#8220;4.24.2&#8243; _module_preset=&#8220;default&#8220; text_font_size=&#8220;16px&#8220; text_line_height=&#8220;1.4em&#8220; header_3_font_size=&#8220;16px&#8220; background_image=&#8220;https:\/\/www.asphaltsprenger.de\/wp-content\/uploads\/2024\/01\/taube.png&#8220; background_size=&#8220;contain&#8220; background_position=&#8220;bottom_center&#8220; text_orientation=&#8220;center&#8220; height=&#8220;140px&#8220; custom_margin=&#8220;65px||0px||false|false&#8220; custom_css_main_element=&#8220;display:flex;||align-items:center;||justify-content: center;&#8220; border_width_top=&#8220;6px&#8220; border_color_top=&#8220;#153A4C&#8220; border_color_bottom=&#8220;#153A4C&#8220; global_colors_info=&#8220;{}&#8220;][\/et_pb_text][et_pb_text _builder_version=&#8220;4.24.3&#8243; _module_preset=&#8220;default&#8220; background_color=&#8220;#d80056&#8243; height=&#8220;150px&#8220; custom_margin=&#8220;||55px||false|false&#8220; custom_padding=&#8220;|10px||10px|false|true&#8220; link_option_url=&#8220;#kids-theatermimekry&#8220; custom_css_main_element=&#8220;display:flex;||align-items:center;||justify-content: center;&#8220; border_width_top=&#8220;6px&#8220; border_color_top=&#8220;#153A4C&#8220; border_color_bottom=&#8220;#153A4C&#8220; box_shadow_style=&#8220;preset4&#8243; box_shadow_horizontal=&#8220;7px&#8220; box_shadow_vertical=&#8220;8px&#8220; locked=&#8220;off&#8220; global_colors_info=&#8220;{}&#8220;]<\/p>\n<h3>Theater MIMEKRY<\/h3>\n<p>14:00 Uhr<\/p>\n<p>[\/et_pb_text][et_pb_text _builder_version=&#8220;4.24.3&#8243; _module_preset=&#8220;default&#8220; background_color=&#8220;#d80056&#8243; height=&#8220;150px&#8220; custom_margin=&#8220;||55px||false|false&#8220; custom_padding=&#8220;|10px||10px|false|true&#8220; link_option_url=&#8220;#kids-elitacarstens&#8220; custom_css_main_element=&#8220;display:flex;||align-items:center;||justify-content: center;&#8220; border_width_top=&#8220;6px&#8220; border_color_top=&#8220;#153A4C&#8220; border_color_bottom=&#8220;#153A4C&#8220; box_shadow_style=&#8220;preset4&#8243; box_shadow_horizontal=&#8220;7px&#8220; box_shadow_vertical=&#8220;8px&#8220; locked=&#8220;off&#8220; global_colors_info=&#8220;{}&#8220;]<\/p>\n<h3>Elita Carstens<\/h3>\n<p>M\u00e4rchenerz\u00e4hlerin<\/p>\n<p>15:00 Uhr<\/p>\n<p>[\/et_pb_text][et_pb_text _builder_version=&#8220;4.24.3&#8243; _module_preset=&#8220;default&#8220; background_color=&#8220;#d80056&#8243; height=&#8220;150px&#8220; custom_margin=&#8220;||55px||false|false&#8220; custom_padding=&#8220;|10px||10px|false|true&#8220; link_option_url=&#8220;#kids-martinverg&#8220; custom_css_main_element=&#8220;display:flex;||align-items:center;||justify-content: center;&#8220; border_width_top=&#8220;6px&#8220; border_color_top=&#8220;#153A4C&#8220; border_color_bottom=&#8220;#153A4C&#8220; box_shadow_style=&#8220;preset4&#8243; box_shadow_horizontal=&#8220;7px&#8220; box_shadow_vertical=&#8220;8px&#8220; locked=&#8220;off&#8220; global_colors_info=&#8220;{}&#8220;]<\/p>\n<h3>Martin Verg<\/h3>\n<p>Kinderbuchautor<\/p>\n<p>16:00 Uhr<\/p>\n<p>[\/et_pb_text][et_pb_text _builder_version=&#8220;4.24.3&#8243; _module_preset=&#8220;default&#8220; background_color=&#8220;#f3642d&#8220; height=&#8220;150px&#8220; custom_margin=&#8220;||55px||false|false&#8220; custom_padding=&#8220;|10px||10px|false|true&#8220; link_option_url=&#8220;#musik-rikafolkharp&#8220; custom_css_main_element=&#8220;display:flex;||align-items:center;||justify-content: center;&#8220; border_width_top=&#8220;6px&#8220; border_color_top=&#8220;#153A4C&#8220; border_color_bottom=&#8220;#153A4C&#8220; box_shadow_style=&#8220;preset4&#8243; box_shadow_horizontal=&#8220;7px&#8220; box_shadow_vertical=&#8220;8px&#8220; locked=&#8220;off&#8220; global_colors_info=&#8220;{}&#8220;]<\/p>\n<h3>RIKA \u2013 folkharp<\/h3>\n<p><span>Celtic-Folk<\/span><\/p>\n<p>17:00 Uhr<\/p>\n<p>[\/et_pb_text][et_pb_text _builder_version=&#8220;4.24.2&#8243; _module_preset=&#8220;default&#8220; text_font_size=&#8220;16px&#8220; text_line_height=&#8220;1.4em&#8220; header_3_font_size=&#8220;16px&#8220; background_image=&#8220;https:\/\/www.asphaltsprenger.de\/wp-content\/uploads\/2024\/03\/maulwurf_tt.webp&#8220; background_size=&#8220;contain&#8220; text_orientation=&#8220;center&#8220; height=&#8220;510px&#8220; custom_margin=&#8220;||110px||false|false&#8220; custom_css_main_element=&#8220;display:flex;||align-items:center;||justify-content: center;&#8220; border_width_top=&#8220;6px&#8220; border_color_top=&#8220;#153A4C&#8220; border_color_bottom=&#8220;#153A4C&#8220; global_colors_info=&#8220;{}&#8220;][\/et_pb_text][\/et_pb_column][\/et_pb_row][\/et_pb_section][et_pb_section fb_built=&#8220;1&#8243; custom_padding_last_edited=&#8220;on|phone&#8220; admin_label=&#8220;Popup &#8211; #rundgang-lss-krautschau&#8220; module_id=&#8220;rundgang-lss-krautschau&#8220; module_class=&#8220;popup dark single&#8220; _builder_version=&#8220;4.24.2&#8243; _module_preset=&#8220;default&#8220; background_color=&#8220;#153A4C&#8220; max_width=&#8220;1200px&#8220; custom_padding=&#8220;40px||40px||true|false&#8220; custom_padding_tablet=&#8220;30px||0px||false|false&#8220; custom_padding_phone=&#8220;15px||||false|false&#8220; da_is_popup=&#8220;on&#8220; da_popup_slug=&#8220;rundgang-lss-krautschau&#8220; da_disable_devices=&#8220;off|off|off&#8220; locked=&#8220;off&#8220; global_colors_info=&#8220;{}&#8220; da_exit_intent=&#8220;off&#8220; da_has_close=&#8220;on&#8220; da_alt_close=&#8220;off&#8220; da_dark_close=&#8220;on&#8220; da_not_modal=&#8220;on&#8220; da_is_singular=&#8220;on&#8220; da_with_loader=&#8220;off&#8220; da_has_shadow=&#8220;on&#8220;][et_pb_row _builder_version=&#8220;4.24.0&#8243; _module_preset=&#8220;default&#8220; width_tablet=&#8220;&#8220; width_phone=&#8220;85%&#8220; width_last_edited=&#8220;on|phone&#8220; custom_padding=&#8220;||0px||false|false&#8220; global_colors_info=&#8220;{}&#8220;][et_pb_column type=&#8220;4_4&#8243; _builder_version=&#8220;4.23.4&#8243; _module_preset=&#8220;default&#8220; global_colors_info=&#8220;{}&#8220;][et_pb_text _builder_version=&#8220;4.24.2&#8243; _module_preset=&#8220;default&#8220; background_layout=&#8220;dark&#8220; header_3_font_size_tablet=&#8220;&#8220; header_3_font_size_phone=&#8220;&#8220; header_3_font_size_last_edited=&#8220;on|phone&#8220; global_colors_info=&#8220;{}&#8220;]<\/p>\n<h3>Loki Schmidt Stiftung: #Krautschau<\/h3>\n<h4>13:00 Uhr \u2013 Billeb\u00fchne<\/h4>\n<p>[\/et_pb_text][\/et_pb_column][\/et_pb_row][et_pb_row column_structure=&#8220;2_5,3_5&#8243; custom_padding_last_edited=&#8220;on|phone&#8220; module_class=&#8220;buttons-inline&#8220; _builder_version=&#8220;4.23.4&#8243; _module_preset=&#8220;default&#8220; width_tablet=&#8220;&#8220; width_phone=&#8220;85%&#8220; width_last_edited=&#8220;on|phone&#8220; custom_padding=&#8220;||||false|false&#8220; custom_padding_tablet=&#8220;15px||||false|false&#8220; custom_padding_phone=&#8220;5px||||false|false&#8220; global_colors_info=&#8220;{}&#8220;][et_pb_column type=&#8220;2_5&#8243; _builder_version=&#8220;4.23.4&#8243; _module_preset=&#8220;default&#8220; global_colors_info=&#8220;{}&#8220;][et_pb_gallery gallery_ids=&#8220;2042,2358,2359&#8243; fullwidth=&#8220;on&#8220; module_class=&#8220;events&#8220; _builder_version=&#8220;4.25.0&#8243; _module_preset=&#8220;default&#8220; background_layout=&#8220;dark&#8220; global_colors_info=&#8220;{}&#8220;][\/et_pb_gallery][\/et_pb_column][et_pb_column type=&#8220;3_5&#8243; _builder_version=&#8220;4.23.4&#8243; _module_preset=&#8220;default&#8220; global_colors_info=&#8220;{}&#8220;][et_pb_text _builder_version=&#8220;4.25.0&#8243; _module_preset=&#8220;default&#8220; background_layout=&#8220;dark&#8220; global_colors_info=&#8220;{}&#8220;]<\/p>\n<p>Zarte Bl\u00e4ttchen zwischen Pflastersteinen, zierliche Bl\u00fcten neben Treppenstufen: Der Blick nach unten lohnt sich! Bei unserer #krautschau zeigen wir euch die Vielfalt an Pflanzenarten, die sich auf dem Parks-Gel\u00e4nde an den unwirtlichsten Orten angesiedelt haben.<\/p>\n<p>[\/et_pb_text][et_pb_button button_url=&#8220;https:\/\/loki-schmidt-stiftung.de\/&#8220; url_new_window=&#8220;on&#8220; button_text=&#8220;Website&#8220; disabled_on=&#8220;off|off|off&#8220; _builder_version=&#8220;4.24.2&#8243; _module_preset=&#8220;45c9fbc4-8fa9-455f-93b5-96c41c77970a&#8220; button_icon=&#8220;&#xf101;||fa||900&#8243; button_icon_placement=&#8220;left&#8220; button_on_hover=&#8220;off&#8220; global_colors_info=&#8220;{}&#8220;][\/et_pb_button][et_pb_button button_url=&#8220;https:\/\/instagram.com\/loki.schmidt.stiftung&#8220; url_new_window=&#8220;on&#8220; button_text=&#8220;Instagram&#8220; disabled_on=&#8220;off|off|off&#8220; _builder_version=&#8220;4.24.2&#8243; _module_preset=&#8220;default&#8220; button_icon=&#8220;&#xf101;||fa||900&#8243; button_icon_placement=&#8220;left&#8220; button_on_hover=&#8220;off&#8220; locked=&#8220;off&#8220; global_colors_info=&#8220;{}&#8220;][\/et_pb_button][\/et_pb_column][\/et_pb_row][\/et_pb_section][et_pb_section fb_built=&#8220;1&#8243; custom_padding_last_edited=&#8220;on|phone&#8220; admin_label=&#8220;Popup &#8211; #rundgang-citizensforests&#8220; module_id=&#8220;rundgang-citizensforests&#8220; module_class=&#8220;popup dark single&#8220; _builder_version=&#8220;4.24.3&#8243; _module_preset=&#8220;default&#8220; background_color=&#8220;#153A4C&#8220; max_width=&#8220;1200px&#8220; custom_padding=&#8220;40px||40px||true|false&#8220; custom_padding_tablet=&#8220;30px||0px||false|false&#8220; custom_padding_phone=&#8220;15px||||false|false&#8220; da_is_popup=&#8220;on&#8220; da_popup_slug=&#8220;rundgang-citizensforests&#8220; da_disable_devices=&#8220;off|off|off&#8220; locked=&#8220;off&#8220; global_colors_info=&#8220;{}&#8220; da_exit_intent=&#8220;off&#8220; da_has_close=&#8220;on&#8220; da_alt_close=&#8220;off&#8220; da_dark_close=&#8220;on&#8220; da_not_modal=&#8220;on&#8220; da_is_singular=&#8220;on&#8220; da_with_loader=&#8220;off&#8220; da_has_shadow=&#8220;on&#8220;][et_pb_row _builder_version=&#8220;4.24.0&#8243; _module_preset=&#8220;default&#8220; width_tablet=&#8220;&#8220; width_phone=&#8220;85%&#8220; width_last_edited=&#8220;on|phone&#8220; custom_padding=&#8220;||0px||false|false&#8220; global_colors_info=&#8220;{}&#8220;][et_pb_column type=&#8220;4_4&#8243; _builder_version=&#8220;4.23.4&#8243; _module_preset=&#8220;default&#8220; global_colors_info=&#8220;{}&#8220;][et_pb_text _builder_version=&#8220;4.24.2&#8243; _module_preset=&#8220;default&#8220; background_layout=&#8220;dark&#8220; header_3_font_size_tablet=&#8220;&#8220; header_3_font_size_phone=&#8220;&#8220; header_3_font_size_last_edited=&#8220;on|phone&#8220; global_colors_info=&#8220;{}&#8220;]<\/p>\n<h3>Citizens Forests e.V.: Hei\u00dfes Pflaster Hamburg<\/h3>\n<h4>14:00 Uhr \u2013 Billeb\u00fchne<\/h4>\n<p>[\/et_pb_text][\/et_pb_column][\/et_pb_row][et_pb_row column_structure=&#8220;2_5,3_5&#8243; custom_padding_last_edited=&#8220;on|phone&#8220; module_class=&#8220;buttons-inline&#8220; _builder_version=&#8220;4.23.4&#8243; _module_preset=&#8220;default&#8220; width_tablet=&#8220;&#8220; width_phone=&#8220;85%&#8220; width_last_edited=&#8220;on|phone&#8220; custom_padding=&#8220;||||false|false&#8220; custom_padding_tablet=&#8220;15px||||false|false&#8220; custom_padding_phone=&#8220;5px||||false|false&#8220; global_colors_info=&#8220;{}&#8220;][et_pb_column type=&#8220;2_5&#8243; _builder_version=&#8220;4.23.4&#8243; _module_preset=&#8220;default&#8220; global_colors_info=&#8220;{}&#8220;][et_pb_gallery gallery_ids=&#8220;2052&#8243; fullwidth=&#8220;on&#8220; module_class=&#8220;events&#8220; _builder_version=&#8220;4.24.3&#8243; _module_preset=&#8220;default&#8220; background_layout=&#8220;dark&#8220; global_colors_info=&#8220;{}&#8220;][\/et_pb_gallery][\/et_pb_column][et_pb_column type=&#8220;3_5&#8243; _builder_version=&#8220;4.23.4&#8243; _module_preset=&#8220;default&#8220; global_colors_info=&#8220;{}&#8220;][et_pb_text _builder_version=&#8220;4.24.2&#8243; _module_preset=&#8220;default&#8220; background_layout=&#8220;dark&#8220; global_colors_info=&#8220;{}&#8220;]<\/p>\n<p>Mit einer Infrarotkamera erkunden wir die wirklich hei\u00dfen Ecken auf dem Eventgel\u00e4nde und sprechen dar\u00fcber, wie die Hitze in der Stadt reduziert werden kann.<\/p>\n<p>F\u00fchrung: Axel Heineck, Citizens Forests e.V.<\/p>\n<p>[\/et_pb_text][et_pb_button button_url=&#8220;https:\/\/www.citizens-forests.org\/&#8220; url_new_window=&#8220;on&#8220; button_text=&#8220;Website&#8220; disabled_on=&#8220;off|off|off&#8220; _builder_version=&#8220;4.24.2&#8243; _module_preset=&#8220;45c9fbc4-8fa9-455f-93b5-96c41c77970a&#8220; button_icon=&#8220;&#xf101;||fa||900&#8243; button_icon_placement=&#8220;left&#8220; button_on_hover=&#8220;off&#8220; global_colors_info=&#8220;{}&#8220;][\/et_pb_button][et_pb_button button_url=&#8220;https:\/\/www.instagram.com\/citizensforests\/&#8220; url_new_window=&#8220;on&#8220; button_text=&#8220;Instagram&#8220; disabled_on=&#8220;off|off|off&#8220; _builder_version=&#8220;4.24.3&#8243; _module_preset=&#8220;default&#8220; button_icon=&#8220;&#xf101;||fa||900&#8243; button_icon_placement=&#8220;left&#8220; button_on_hover=&#8220;off&#8220; global_colors_info=&#8220;{}&#8220;][\/et_pb_button][\/et_pb_column][\/et_pb_row][\/et_pb_section][et_pb_section fb_built=&#8220;1&#8243; custom_padding_last_edited=&#8220;on|phone&#8220; admin_label=&#8220;Popup &#8211; #rundgang-bezirkmitte&#8220; module_id=&#8220;rundgang-bezirkmitte&#8220; module_class=&#8220;popup dark single&#8220; _builder_version=&#8220;4.24.3&#8243; _module_preset=&#8220;default&#8220; background_color=&#8220;#153A4C&#8220; max_width=&#8220;1200px&#8220; custom_padding=&#8220;40px||40px||true|false&#8220; custom_padding_tablet=&#8220;30px||0px||false|false&#8220; custom_padding_phone=&#8220;15px||||false|false&#8220; da_is_popup=&#8220;on&#8220; da_popup_slug=&#8220;rundgang-bezirkmitte&#8220; da_disable_devices=&#8220;off|off|off&#8220; locked=&#8220;off&#8220; global_colors_info=&#8220;{}&#8220; da_exit_intent=&#8220;off&#8220; da_has_close=&#8220;on&#8220; da_alt_close=&#8220;off&#8220; da_dark_close=&#8220;on&#8220; da_not_modal=&#8220;on&#8220; da_is_singular=&#8220;on&#8220; da_with_loader=&#8220;off&#8220; da_has_shadow=&#8220;on&#8220;][et_pb_row _builder_version=&#8220;4.24.0&#8243; _module_preset=&#8220;default&#8220; width_tablet=&#8220;&#8220; width_phone=&#8220;85%&#8220; width_last_edited=&#8220;on|phone&#8220; custom_padding=&#8220;||0px||false|false&#8220; global_colors_info=&#8220;{}&#8220;][et_pb_column type=&#8220;4_4&#8243; _builder_version=&#8220;4.23.4&#8243; _module_preset=&#8220;default&#8220; global_colors_info=&#8220;{}&#8220;][et_pb_text _builder_version=&#8220;4.24.3&#8243; _module_preset=&#8220;default&#8220; background_layout=&#8220;dark&#8220; header_3_font_size_tablet=&#8220;&#8220; header_3_font_size_phone=&#8220;&#8220; header_3_font_size_last_edited=&#8220;on|phone&#8220; global_colors_info=&#8220;{}&#8220;]<\/p>\n<h3>Bezirk Mitte: Hochwasser\u00adbassin<\/h3>\n<h4>14:30 Uhr \u2013 Billeb\u00fchne<\/h4>\n<p>[\/et_pb_text][\/et_pb_column][\/et_pb_row][et_pb_row column_structure=&#8220;2_5,3_5&#8243; custom_padding_last_edited=&#8220;on|phone&#8220; module_class=&#8220;buttons-inline&#8220; _builder_version=&#8220;4.23.4&#8243; _module_preset=&#8220;default&#8220; width_tablet=&#8220;&#8220; width_phone=&#8220;85%&#8220; width_last_edited=&#8220;on|phone&#8220; custom_padding=&#8220;||||false|false&#8220; custom_padding_tablet=&#8220;15px||||false|false&#8220; custom_padding_phone=&#8220;5px||||false|false&#8220; global_colors_info=&#8220;{}&#8220;][et_pb_column type=&#8220;2_5&#8243; _builder_version=&#8220;4.23.4&#8243; _module_preset=&#8220;default&#8220; global_colors_info=&#8220;{}&#8220;][et_pb_gallery gallery_ids=&#8220;1846,1845,1847,1848&#8243; fullwidth=&#8220;on&#8220; module_class=&#8220;events&#8220; _builder_version=&#8220;4.24.3&#8243; _module_preset=&#8220;default&#8220; background_layout=&#8220;dark&#8220; global_colors_info=&#8220;{}&#8220;][\/et_pb_gallery][\/et_pb_column][et_pb_column type=&#8220;3_5&#8243; _builder_version=&#8220;4.23.4&#8243; _module_preset=&#8220;default&#8220; global_colors_info=&#8220;{}&#8220;][et_pb_text _builder_version=&#8220;4.24.3&#8243; _module_preset=&#8220;default&#8220; background_layout=&#8220;dark&#8220; global_colors_info=&#8220;{}&#8220;]<\/p>\n<p>Die Abteilung Stadtgr\u00fcn des Bezirks Mitte wird auf einem Spaziergang den aktuellen Planungsstand f\u00fcr den Alster-Bille-Elbe Gr\u00fcnzug entlang des Hochwasserbassins vorstellen.<\/p>\n<p>[\/et_pb_text][et_pb_button button_url=&#8220;https:\/\/www.hamburg.de\/alster-bille-elbe-gruenzug\/%20%20%20&#8243; url_new_window=&#8220;on&#8220; button_text=&#8220;Website&#8220; disabled_on=&#8220;off|off|off&#8220; _builder_version=&#8220;4.24.3&#8243; _module_preset=&#8220;45c9fbc4-8fa9-455f-93b5-96c41c77970a&#8220; button_icon=&#8220;&#xf101;||fa||900&#8243; button_icon_placement=&#8220;left&#8220; button_on_hover=&#8220;off&#8220; global_colors_info=&#8220;{}&#8220;][\/et_pb_button][et_pb_button button_url=&#8220;https:\/\/instagram.com\/bezirksamt.hamburgmitte&#8220; url_new_window=&#8220;on&#8220; button_text=&#8220;Instagram&#8220; disabled_on=&#8220;off|off|off&#8220; _builder_version=&#8220;4.24.3&#8243; _module_preset=&#8220;default&#8220; button_icon=&#8220;&#xf101;||fa||900&#8243; button_icon_placement=&#8220;left&#8220; button_on_hover=&#8220;off&#8220; global_colors_info=&#8220;{}&#8220;][\/et_pb_button][\/et_pb_column][\/et_pb_row][\/et_pb_section][et_pb_section fb_built=&#8220;1&#8243; custom_padding_last_edited=&#8220;off|phone&#8220; admin_label=&#8220;Popup &#8211; #musik-dandora&#8220; module_id=&#8220;musik-dandora&#8220; module_class=&#8220;popup dark single&#8220; _builder_version=&#8220;4.24.3&#8243; _module_preset=&#8220;default&#8220; background_color=&#8220;#153A4C&#8220; max_width=&#8220;1200px&#8220; custom_padding_tablet=&#8220;1.5em||0em||false|false&#8220; da_is_popup=&#8220;on&#8220; da_popup_slug=&#8220;musik-dandora&#8220; da_disable_devices=&#8220;off|off|off&#8220; locked=&#8220;off&#8220; global_colors_info=&#8220;{}&#8220; da_exit_intent=&#8220;off&#8220; da_has_close=&#8220;on&#8220; da_alt_close=&#8220;off&#8220; da_dark_close=&#8220;on&#8220; da_not_modal=&#8220;on&#8220; da_is_singular=&#8220;on&#8220; da_with_loader=&#8220;off&#8220; da_has_shadow=&#8220;on&#8220;][et_pb_row admin_label=&#8220;Zeile&#8220; _builder_version=&#8220;4.24.3&#8243; _module_preset=&#8220;default&#8220; width_tablet=&#8220;&#8220; width_phone=&#8220;85%&#8220; width_last_edited=&#8220;on|phone&#8220; custom_padding=&#8220;||0px||false|false&#8220; global_colors_info=&#8220;{}&#8220;][et_pb_column type=&#8220;4_4&#8243; _builder_version=&#8220;4.23.4&#8243; _module_preset=&#8220;default&#8220; global_colors_info=&#8220;{}&#8220;][et_pb_text admin_label=&#8220;Text&#8220; _builder_version=&#8220;4.24.3&#8243; _module_preset=&#8220;default&#8220; background_layout=&#8220;dark&#8220; global_colors_info=&#8220;{}&#8220;]<\/p>\n<h3>Dan &amp; Dora<\/h3>\n<h4>15:00 Uhr \u2013 Billeb\u00fchne<\/h4>\n<p>[\/et_pb_text][\/et_pb_column][\/et_pb_row][et_pb_row column_structure=&#8220;2_5,3_5&#8243; custom_padding_last_edited=&#8220;on|phone&#8220; module_class=&#8220;buttons-inline&#8220; _builder_version=&#8220;4.23.4&#8243; _module_preset=&#8220;default&#8220; width_tablet=&#8220;&#8220; width_phone=&#8220;85%&#8220; width_last_edited=&#8220;on|phone&#8220; custom_padding=&#8220;||||false|false&#8220; custom_padding_tablet=&#8220;15px||||false|false&#8220; custom_padding_phone=&#8220;5px||||false|false&#8220; global_colors_info=&#8220;{}&#8220;][et_pb_column type=&#8220;2_5&#8243; _builder_version=&#8220;4.23.4&#8243; _module_preset=&#8220;default&#8220; global_colors_info=&#8220;{}&#8220;][et_pb_gallery gallery_ids=&#8220;2194&#8243; fullwidth=&#8220;on&#8220; _builder_version=&#8220;4.24.3&#8243; _module_preset=&#8220;default&#8220; background_layout=&#8220;dark&#8220; global_colors_info=&#8220;{}&#8220;][\/et_pb_gallery][\/et_pb_column][et_pb_column type=&#8220;3_5&#8243; _builder_version=&#8220;4.23.4&#8243; _module_preset=&#8220;default&#8220; global_colors_info=&#8220;{}&#8220;][et_pb_text _builder_version=&#8220;4.24.2&#8243; _module_preset=&#8220;default&#8220; background_layout=&#8220;dark&#8220; global_colors_info=&#8220;{}&#8220;]<\/p>\n<p class=\"p1\">Filmische Hausmusik von Klavier und Cello zum Zuh\u00f6ren und Tr\u00e4umen.<\/p>\n<p class=\"p1\">Jonathan Wolters und Nicole Wiebe haben sich im Mai 2020 in Hamburg zusammengetan. Zwei Musiker um die 30, leidenschaftlich mit der Musik verbunden. Er spielt Klavier, Sie das Cello. Er kommt aus dem Jazz. Sie aus der Klassik.\u00a0Ihre St\u00fccke sind Eigenkompositionen. Inspirierend, \u00fcberraschend, intim, z\u00e4rtlich, flie\u00dfend, elegant, warm, frei, hoffnungvoll, kokett, bewegend, schwebend, bitters\u00fc\u00df, nostalgisch, beruhigend, geheimnisvoll, verwunschen, luftig, befreiend, wundersch\u00f6n: Dan &amp; Dora.<\/p>\n<p>[\/et_pb_text][et_pb_button button_url=&#8220;https:\/\/www.instagram.com\/dandoraduo&#8220; url_new_window=&#8220;on&#8220; button_text=&#8220;Instagram&#8220; _builder_version=&#8220;4.24.2&#8243; _module_preset=&#8220;default&#8220; button_icon=&#8220;&#xf101;||fa||900&#8243; button_icon_placement=&#8220;left&#8220; button_on_hover=&#8220;off&#8220; global_colors_info=&#8220;{}&#8220;][\/et_pb_button][\/et_pb_column][\/et_pb_row][\/et_pb_section][et_pb_section fb_built=&#8220;1&#8243; custom_padding_last_edited=&#8220;on|phone&#8220; admin_label=&#8220;Popup &#8211; #rundgang-andreasdorau&#8220; module_id=&#8220;rundgang-andreasdorau&#8220; module_class=&#8220;popup dark single&#8220; _builder_version=&#8220;4.24.3&#8243; _module_preset=&#8220;default&#8220; background_color=&#8220;#153A4C&#8220; max_width=&#8220;1200px&#8220; custom_padding=&#8220;40px||40px||true|false&#8220; custom_padding_tablet=&#8220;30px||0px||false|false&#8220; custom_padding_phone=&#8220;15px||||false|false&#8220; da_is_popup=&#8220;on&#8220; da_popup_slug=&#8220;rundgang-andreasdorau&#8220; da_disable_devices=&#8220;off|off|off&#8220; locked=&#8220;off&#8220; global_colors_info=&#8220;{}&#8220; da_exit_intent=&#8220;off&#8220; da_has_close=&#8220;on&#8220; da_alt_close=&#8220;off&#8220; da_dark_close=&#8220;on&#8220; da_not_modal=&#8220;on&#8220; da_is_singular=&#8220;on&#8220; da_with_loader=&#8220;off&#8220; da_has_shadow=&#8220;on&#8220;][et_pb_row _builder_version=&#8220;4.24.0&#8243; _module_preset=&#8220;default&#8220; width_tablet=&#8220;&#8220; width_phone=&#8220;85%&#8220; width_last_edited=&#8220;on|phone&#8220; custom_padding=&#8220;||0px||false|false&#8220; global_colors_info=&#8220;{}&#8220;][et_pb_column type=&#8220;4_4&#8243; _builder_version=&#8220;4.23.4&#8243; _module_preset=&#8220;default&#8220; global_colors_info=&#8220;{}&#8220;][et_pb_text _builder_version=&#8220;4.24.2&#8243; _module_preset=&#8220;default&#8220; background_layout=&#8220;dark&#8220; header_3_font_size_tablet=&#8220;&#8220; header_3_font_size_phone=&#8220;&#8220; header_3_font_size_last_edited=&#8220;on|phone&#8220; global_colors_info=&#8220;{}&#8220;]<\/p>\n<h3>Andreas Dorau<\/h3>\n<h4>15:00 Uhr \u2013 Musiklaster<br \/>16:00 Uhr \u2013 Billeb\u00fchne<\/h4>\n<p>[\/et_pb_text][\/et_pb_column][\/et_pb_row][et_pb_row column_structure=&#8220;2_5,3_5&#8243; custom_padding_last_edited=&#8220;on|phone&#8220; module_class=&#8220;buttons-inline&#8220; _builder_version=&#8220;4.23.4&#8243; _module_preset=&#8220;default&#8220; width_tablet=&#8220;&#8220; width_phone=&#8220;85%&#8220; width_last_edited=&#8220;on|phone&#8220; custom_padding=&#8220;||||false|false&#8220; custom_padding_tablet=&#8220;15px||||false|false&#8220; custom_padding_phone=&#8220;5px||||false|false&#8220; global_colors_info=&#8220;{}&#8220;][et_pb_column type=&#8220;2_5&#8243; _builder_version=&#8220;4.23.4&#8243; _module_preset=&#8220;default&#8220; global_colors_info=&#8220;{}&#8220;][et_pb_gallery gallery_ids=&#8220;2211&#8243; fullwidth=&#8220;on&#8220; module_class=&#8220;events&#8220; _builder_version=&#8220;4.24.3&#8243; _module_preset=&#8220;default&#8220; background_layout=&#8220;dark&#8220; global_colors_info=&#8220;{}&#8220;][\/et_pb_gallery][\/et_pb_column][et_pb_column type=&#8220;3_5&#8243; _builder_version=&#8220;4.23.4&#8243; _module_preset=&#8220;default&#8220; global_colors_info=&#8220;{}&#8220;][et_pb_text _builder_version=&#8220;4.24.2&#8243; _module_preset=&#8220;default&#8220; background_layout=&#8220;dark&#8220; global_colors_info=&#8220;{}&#8220;]<\/p>\n<p>Andreas Dorau, K\u00fcnstler und Musiker aus Hamburg, ver\u00f6ffentlicht bereits seit 1981 unregelm\u00e4\u00dfig Tontr\u00e4ger. Ein Thema, welches sich um sein gesamtes Oeuvre zieht, sind Tiere und Natur. Bei dem Asphaltsprenger ist er zum dritten Mal zu Gast und pr\u00e4sentiert und kommentiert St\u00fccke \u00fcber die norddeutsche Tierwelt. Es erwartet Sie ein audiovisueller Rundgang in f\u00fcnf Stationen. Fachkundige Tierexperten kommen auch zu Wort. Seien Sie dabei!<\/p>\n<p>Technische Leitung: Marcel Gein<\/p>\n<p>[\/et_pb_text][et_pb_button button_url=&#8220;https:\/\/www.tapeterecords.de\/artists\/andreas-dorau&#8220; url_new_window=&#8220;on&#8220; button_text=&#8220;Website&#8220; disabled_on=&#8220;off|off|off&#8220; _builder_version=&#8220;4.24.2&#8243; _module_preset=&#8220;45c9fbc4-8fa9-455f-93b5-96c41c77970a&#8220; button_icon=&#8220;&#xf101;||fa||900&#8243; button_icon_placement=&#8220;left&#8220; button_on_hover=&#8220;off&#8220; global_colors_info=&#8220;{}&#8220;][\/et_pb_button][et_pb_button button_url=&#8220;https:\/\/instagram.com\/andreas.dorau&#8220; url_new_window=&#8220;on&#8220; button_text=&#8220;Instagram&#8220; disabled_on=&#8220;off|off|off&#8220; _builder_version=&#8220;4.24.2&#8243; _module_preset=&#8220;default&#8220; button_icon=&#8220;&#xf101;||fa||900&#8243; button_icon_placement=&#8220;left&#8220; button_on_hover=&#8220;off&#8220; global_colors_info=&#8220;{}&#8220;][\/et_pb_button][\/et_pb_column][\/et_pb_row][\/et_pb_section][et_pb_section fb_built=&#8220;1&#8243; custom_padding_last_edited=&#8220;off|phone&#8220; admin_label=&#8220;Popup &#8211; #musik-tenenjou&#8220; module_id=&#8220;musik-tenenjou&#8220; module_class=&#8220;popup dark single&#8220; _builder_version=&#8220;4.24.3&#8243; _module_preset=&#8220;default&#8220; background_color=&#8220;#153A4C&#8220; max_width=&#8220;1200px&#8220; custom_padding_tablet=&#8220;1.5em||0em||false|false&#8220; da_is_popup=&#8220;on&#8220; da_popup_slug=&#8220;musik-tenenjou&#8220; da_disable_devices=&#8220;off|off|off&#8220; locked=&#8220;off&#8220; global_colors_info=&#8220;{}&#8220; da_exit_intent=&#8220;off&#8220; da_has_close=&#8220;on&#8220; da_alt_close=&#8220;off&#8220; da_dark_close=&#8220;on&#8220; da_not_modal=&#8220;on&#8220; da_is_singular=&#8220;on&#8220; da_with_loader=&#8220;off&#8220; da_has_shadow=&#8220;on&#8220;][et_pb_row _builder_version=&#8220;4.24.0&#8243; _module_preset=&#8220;default&#8220; width_tablet=&#8220;&#8220; width_phone=&#8220;85%&#8220; width_last_edited=&#8220;on|phone&#8220; custom_padding=&#8220;||0px||false|false&#8220; global_colors_info=&#8220;{}&#8220;][et_pb_column type=&#8220;4_4&#8243; _builder_version=&#8220;4.23.4&#8243; _module_preset=&#8220;default&#8220; global_colors_info=&#8220;{}&#8220;][et_pb_text _builder_version=&#8220;4.24.2&#8243; _module_preset=&#8220;default&#8220; background_layout=&#8220;dark&#8220; global_colors_info=&#8220;{}&#8220;]<\/p>\n<h3>Ren\u00e9 Tenenjou &amp; Band<\/h3>\n<h4>17:00 Uhr \u2013 Billeb\u00fchne<\/h4>\n<p>[\/et_pb_text][\/et_pb_column][\/et_pb_row][et_pb_row column_structure=&#8220;2_5,3_5&#8243; custom_padding_last_edited=&#8220;on|phone&#8220; module_class=&#8220;buttons-inline&#8220; _builder_version=&#8220;4.23.4&#8243; _module_preset=&#8220;default&#8220; width_tablet=&#8220;&#8220; width_phone=&#8220;85%&#8220; width_last_edited=&#8220;on|phone&#8220; custom_padding=&#8220;||||false|false&#8220; custom_padding_tablet=&#8220;15px||||false|false&#8220; custom_padding_phone=&#8220;5px||||false|false&#8220; global_colors_info=&#8220;{}&#8220;][et_pb_column type=&#8220;2_5&#8243; _builder_version=&#8220;4.23.4&#8243; _module_preset=&#8220;default&#8220; global_colors_info=&#8220;{}&#8220;][et_pb_gallery gallery_ids=&#8220;2189&#8243; fullwidth=&#8220;on&#8220; _builder_version=&#8220;4.24.3&#8243; _module_preset=&#8220;default&#8220; background_layout=&#8220;dark&#8220; global_colors_info=&#8220;{}&#8220;][\/et_pb_gallery][\/et_pb_column][et_pb_column type=&#8220;3_5&#8243; _builder_version=&#8220;4.23.4&#8243; _module_preset=&#8220;default&#8220; global_colors_info=&#8220;{}&#8220;][et_pb_text _builder_version=&#8220;4.24.2&#8243; _module_preset=&#8220;default&#8220; background_layout=&#8220;dark&#8220; global_colors_info=&#8220;{}&#8220;]<\/p>\n<p class=\"p1\">Der Hamburger mit Kameruner Wurzeln Ren\u00e9 Tenenjou macht Musik f\u00fcr die Seele. Der Multiinstrumentalist, S\u00e4nger und Songwriter orientiert sich an Bossa-Jazz und Afro Beats und tritt mit seiner Band auf.<\/p>\n<p>[\/et_pb_text][et_pb_button button_url=&#8220;https:\/\/www.instagram.com\/tenenjou&#8220; url_new_window=&#8220;on&#8220; button_text=&#8220;Instagram&#8220; _builder_version=&#8220;4.24.2&#8243; _module_preset=&#8220;default&#8220; button_icon=&#8220;&#xf101;||fa||900&#8243; button_icon_placement=&#8220;left&#8220; button_on_hover=&#8220;off&#8220; global_colors_info=&#8220;{}&#8220;][\/et_pb_button][\/et_pb_column][\/et_pb_row][\/et_pb_section][et_pb_section fb_built=&#8220;1&#8243; custom_padding_last_edited=&#8220;off|phone&#8220; admin_label=&#8220;Popup &#8211; #musik-dreisaeckebauschutt&#8220; module_id=&#8220;musik-dreisaeckebauschutt&#8220; module_class=&#8220;popup dark single&#8220; _builder_version=&#8220;4.24.3&#8243; _module_preset=&#8220;default&#8220; background_color=&#8220;#153A4C&#8220; max_width=&#8220;1200px&#8220; custom_padding_tablet=&#8220;1.5em||0em||false|false&#8220; da_is_popup=&#8220;on&#8220; da_popup_slug=&#8220;musik-dreisaeckebauschutt&#8220; da_disable_devices=&#8220;off|off|off&#8220; locked=&#8220;off&#8220; global_colors_info=&#8220;{}&#8220; da_exit_intent=&#8220;off&#8220; da_has_close=&#8220;on&#8220; da_alt_close=&#8220;off&#8220; da_dark_close=&#8220;on&#8220; da_not_modal=&#8220;on&#8220; da_is_singular=&#8220;on&#8220; da_with_loader=&#8220;off&#8220; da_has_shadow=&#8220;on&#8220;][et_pb_row _builder_version=&#8220;4.24.0&#8243; _module_preset=&#8220;default&#8220; width_tablet=&#8220;&#8220; width_phone=&#8220;85%&#8220; width_last_edited=&#8220;on|phone&#8220; custom_padding=&#8220;||0px||false|false&#8220; global_colors_info=&#8220;{}&#8220;][et_pb_column type=&#8220;4_4&#8243; _builder_version=&#8220;4.23.4&#8243; _module_preset=&#8220;default&#8220; global_colors_info=&#8220;{}&#8220;][et_pb_text _builder_version=&#8220;4.24.2&#8243; _module_preset=&#8220;default&#8220; background_layout=&#8220;dark&#8220; global_colors_info=&#8220;{}&#8220;]<\/p>\n<h3>Drei S\u00e4cke Bauschutt<\/h3>\n<h4>19 Uhr \u2013 Billeb\u00fchne<\/h4>\n<p>[\/et_pb_text][\/et_pb_column][\/et_pb_row][et_pb_row column_structure=&#8220;2_5,3_5&#8243; custom_padding_last_edited=&#8220;on|phone&#8220; module_class=&#8220;buttons-inline&#8220; _builder_version=&#8220;4.23.4&#8243; _module_preset=&#8220;default&#8220; width_tablet=&#8220;&#8220; width_phone=&#8220;85%&#8220; width_last_edited=&#8220;on|phone&#8220; custom_padding=&#8220;||||false|false&#8220; custom_padding_tablet=&#8220;15px||||false|false&#8220; custom_padding_phone=&#8220;5px||||false|false&#8220; global_colors_info=&#8220;{}&#8220;][et_pb_column type=&#8220;2_5&#8243; _builder_version=&#8220;4.23.4&#8243; _module_preset=&#8220;default&#8220; global_colors_info=&#8220;{}&#8220;][et_pb_gallery gallery_ids=&#8220;2192,2193&#8243; fullwidth=&#8220;on&#8220; _builder_version=&#8220;4.24.3&#8243; _module_preset=&#8220;default&#8220; background_layout=&#8220;dark&#8220; global_colors_info=&#8220;{}&#8220;][\/et_pb_gallery][\/et_pb_column][et_pb_column type=&#8220;3_5&#8243; _builder_version=&#8220;4.23.4&#8243; _module_preset=&#8220;default&#8220; global_colors_info=&#8220;{}&#8220;][et_pb_text _builder_version=&#8220;4.24.2&#8243; _module_preset=&#8220;default&#8220; background_layout=&#8220;dark&#8220; global_colors_info=&#8220;{}&#8220;]<\/p>\n<p class=\"p1\">Von der S\u00fcddeutschen Zeitung als \u201eSpa\u00df-Band\u201c bezeichnet, von Linus Volkmann als \u201eangenehm quengeliger Post-Punk mit originellen Texten\u201c und von sich selbst als \u201eSchlimmer als Punkrock\u201c beschrieben. Wir sind gespannt!<\/p>\n<p>[\/et_pb_text][et_pb_button button_url=&#8220;https:\/\/www.halcyon-records.de\/pressrelease-de\/&#8220; url_new_window=&#8220;on&#8220; button_text=&#8220;Website&#8220; _builder_version=&#8220;4.24.2&#8243; _module_preset=&#8220;45c9fbc4-8fa9-455f-93b5-96c41c77970a&#8220; button_icon=&#8220;&#xf101;||fa||900&#8243; button_icon_placement=&#8220;left&#8220; button_on_hover=&#8220;off&#8220; global_colors_info=&#8220;{}&#8220;][\/et_pb_button][et_pb_button button_url=&#8220;https:\/\/www.instagram.com\/drei_saecke_bauschutt\/&#8220; url_new_window=&#8220;on&#8220; button_text=&#8220;Instagram&#8220; _builder_version=&#8220;4.24.2&#8243; _module_preset=&#8220;default&#8220; button_icon=&#8220;&#xf101;||fa||900&#8243; button_icon_placement=&#8220;left&#8220; button_on_hover=&#8220;off&#8220; global_colors_info=&#8220;{}&#8220;][\/et_pb_button][et_pb_button button_url=&#8220;https:\/\/open.spotify.com\/artist\/43ZC2DfptPcAACMfJNRA96?si=da-L7vD2Ts-13-VmQjJ5AA&#8220; url_new_window=&#8220;on&#8220; button_text=&#8220;Spotify&#8220; _builder_version=&#8220;4.24.2&#8243; _module_preset=&#8220;default&#8220; button_icon=&#8220;&#xf101;||fa||900&#8243; button_icon_placement=&#8220;left&#8220; button_on_hover=&#8220;off&#8220; global_colors_info=&#8220;{}&#8220;][\/et_pb_button][\/et_pb_column][\/et_pb_row][\/et_pb_section][et_pb_section fb_built=&#8220;1&#8243; custom_padding_last_edited=&#8220;on|phone&#8220; admin_label=&#8220;Popup &#8211; #vortrag-lt-parks&#8220; module_id=&#8220;vortrag-lt-parks&#8220; module_class=&#8220;popup dark single&#8220; _builder_version=&#8220;4.24.3&#8243; _module_preset=&#8220;default&#8220; background_color=&#8220;#153A4C&#8220; max_width=&#8220;1200px&#8220; custom_padding=&#8220;40px||40px||true|false&#8220; custom_padding_tablet=&#8220;30px||0px||false|false&#8220; custom_padding_phone=&#8220;15px||||false|false&#8220; da_is_popup=&#8220;on&#8220; da_popup_slug=&#8220;vortrag-lt-parks&#8220; da_disable_devices=&#8220;off|off|off&#8220; locked=&#8220;off&#8220; global_colors_info=&#8220;{}&#8220; da_exit_intent=&#8220;off&#8220; da_has_close=&#8220;on&#8220; da_alt_close=&#8220;off&#8220; da_dark_close=&#8220;on&#8220; da_not_modal=&#8220;on&#8220; da_is_singular=&#8220;on&#8220; da_with_loader=&#8220;off&#8220; da_has_shadow=&#8220;on&#8220;][et_pb_row _builder_version=&#8220;4.24.0&#8243; _module_preset=&#8220;default&#8220; width_tablet=&#8220;&#8220; width_phone=&#8220;85%&#8220; width_last_edited=&#8220;on|phone&#8220; custom_padding=&#8220;||0px||false|false&#8220; global_colors_info=&#8220;{}&#8220;][et_pb_column type=&#8220;4_4&#8243; _builder_version=&#8220;4.23.4&#8243; _module_preset=&#8220;default&#8220; global_colors_info=&#8220;{}&#8220;][et_pb_text _builder_version=&#8220;4.24.3&#8243; _module_preset=&#8220;default&#8220; background_layout=&#8220;dark&#8220; header_3_font_size_tablet=&#8220;&#8220; header_3_font_size_phone=&#8220;&#8220; header_3_font_size_last_edited=&#8220;on|phone&#8220; global_colors_info=&#8220;{}&#8220;]<\/p>\n<h3>Lange Tafel: PARKS<\/h3>\n<h4>13:30 Uhr \u2013 Hallohalle<\/h4>\n<p>[\/et_pb_text][\/et_pb_column][\/et_pb_row][et_pb_row column_structure=&#8220;2_5,3_5&#8243; custom_padding_last_edited=&#8220;on|phone&#8220; module_class=&#8220;buttons-inline&#8220; _builder_version=&#8220;4.23.4&#8243; _module_preset=&#8220;default&#8220; width_tablet=&#8220;&#8220; width_phone=&#8220;85%&#8220; width_last_edited=&#8220;on|phone&#8220; custom_padding=&#8220;||||false|false&#8220; custom_padding_tablet=&#8220;15px||||false|false&#8220; custom_padding_phone=&#8220;5px||||false|false&#8220; global_colors_info=&#8220;{}&#8220;][et_pb_column type=&#8220;2_5&#8243; _builder_version=&#8220;4.23.4&#8243; _module_preset=&#8220;default&#8220; global_colors_info=&#8220;{}&#8220;][et_pb_gallery gallery_ids=&#8220;1153&#8243; fullwidth=&#8220;on&#8220; module_class=&#8220;events&#8220; _builder_version=&#8220;4.24.3&#8243; _module_preset=&#8220;default&#8220; background_layout=&#8220;dark&#8220; global_colors_info=&#8220;{}&#8220;][\/et_pb_gallery][\/et_pb_column][et_pb_column type=&#8220;3_5&#8243; _builder_version=&#8220;4.23.4&#8243; _module_preset=&#8220;default&#8220; global_colors_info=&#8220;{}&#8220;][et_pb_text _builder_version=&#8220;4.24.3&#8243; _module_preset=&#8220;default&#8220; background_layout=&#8220;dark&#8220; global_colors_info=&#8220;{}&#8220;]<\/p>\n<h5>PARKS mit der Er\u00f6ffnung der Saison<\/h5>\n<p>N\u00e4here Informationen folgen bald.<\/p>\n<p>[\/et_pb_text][\/et_pb_column][\/et_pb_row][\/et_pb_section][et_pb_section fb_built=&#8220;1&#8243; custom_padding_last_edited=&#8220;on|phone&#8220; admin_label=&#8220;Popup &#8211; #stand-halloradio&#8220; module_id=&#8220;stand-halloradio&#8220; module_class=&#8220;popup dark single&#8220; _builder_version=&#8220;4.24.2&#8243; _module_preset=&#8220;default&#8220; background_color=&#8220;#153A4C&#8220; max_width=&#8220;1200px&#8220; custom_padding=&#8220;40px||40px||true|false&#8220; custom_padding_tablet=&#8220;30px||0px||false|false&#8220; custom_padding_phone=&#8220;15px||||false|false&#8220; da_is_popup=&#8220;on&#8220; da_popup_slug=&#8220;stand-halloradio&#8220; da_disable_devices=&#8220;off|off|off&#8220; locked=&#8220;off&#8220; global_colors_info=&#8220;{}&#8220; da_exit_intent=&#8220;off&#8220; da_has_close=&#8220;on&#8220; da_alt_close=&#8220;off&#8220; da_dark_close=&#8220;on&#8220; da_not_modal=&#8220;on&#8220; da_is_singular=&#8220;on&#8220; da_with_loader=&#8220;off&#8220; da_has_shadow=&#8220;on&#8220;][et_pb_row _builder_version=&#8220;4.24.0&#8243; _module_preset=&#8220;default&#8220; width_tablet=&#8220;&#8220; width_phone=&#8220;85%&#8220; width_last_edited=&#8220;on|phone&#8220; custom_padding=&#8220;||0px||false|false&#8220; global_colors_info=&#8220;{}&#8220;][et_pb_column type=&#8220;4_4&#8243; _builder_version=&#8220;4.23.4&#8243; _module_preset=&#8220;default&#8220; global_colors_info=&#8220;{}&#8220;][et_pb_text _builder_version=&#8220;4.24.2&#8243; _module_preset=&#8220;default&#8220; background_layout=&#8220;dark&#8220; header_3_font_size_tablet=&#8220;&#8220; header_3_font_size_phone=&#8220;&#8220; header_3_font_size_last_edited=&#8220;on|phone&#8220; global_colors_info=&#8220;{}&#8220;]<\/p>\n<h3>Hallo: Radio<\/h3>\n<p>[\/et_pb_text][\/et_pb_column][\/et_pb_row][et_pb_row column_structure=&#8220;2_5,3_5&#8243; custom_padding_last_edited=&#8220;on|phone&#8220; module_class=&#8220;buttons-inline&#8220; _builder_version=&#8220;4.23.4&#8243; _module_preset=&#8220;default&#8220; width_tablet=&#8220;&#8220; width_phone=&#8220;85%&#8220; width_last_edited=&#8220;on|phone&#8220; custom_padding=&#8220;||||false|false&#8220; custom_padding_tablet=&#8220;15px||||false|false&#8220; custom_padding_phone=&#8220;5px||||false|false&#8220; global_colors_info=&#8220;{}&#8220;][et_pb_column type=&#8220;2_5&#8243; _builder_version=&#8220;4.23.4&#8243; _module_preset=&#8220;default&#8220; global_colors_info=&#8220;{}&#8220;][et_pb_gallery gallery_ids=&#8220;2315&#8243; fullwidth=&#8220;on&#8220; module_class=&#8220;events&#8220; _builder_version=&#8220;4.24.3&#8243; _module_preset=&#8220;default&#8220; background_layout=&#8220;dark&#8220; global_colors_info=&#8220;{}&#8220;][\/et_pb_gallery][\/et_pb_column][et_pb_column type=&#8220;3_5&#8243; _builder_version=&#8220;4.23.4&#8243; _module_preset=&#8220;default&#8220; global_colors_info=&#8220;{}&#8220;][et_pb_text _builder_version=&#8220;4.24.3&#8243; _module_preset=&#8220;default&#8220; background_layout=&#8220;dark&#8220; global_colors_info=&#8220;{}&#8220;]<\/p>\n<p>HALLO: Radio ist ein selbstorganisiertes Community-Radio und sendet seit 2019 w\u00f6chentlich live aus Hammerbrook.<\/p>\n<p>Zum Asphaltsprenger gibt es Radio zum Mitmachen:<\/p>\n<p>Es wird gemeinsam Musik gespielt, verschiedene Initiativen stellen sich vor und das Beste: Kindermitmachprogramm von 14\u201316 Uhr! Wir sind den ganzen Tag vor Ort im Radiocontainer und auf der Fl\u00e4che unterwegs, also kommt vorbei und sendet mit!<\/p>\n<p>[\/et_pb_text][et_pb_button button_url=&#8220;https:\/\/www.halloradio.net\/&#8220; url_new_window=&#8220;on&#8220; button_text=&#8220;Website&#8220; disabled_on=&#8220;off|off|off&#8220; _builder_version=&#8220;4.24.3&#8243; _module_preset=&#8220;45c9fbc4-8fa9-455f-93b5-96c41c77970a&#8220; button_icon=&#8220;&#xf101;||fa||900&#8243; button_icon_placement=&#8220;left&#8220; button_on_hover=&#8220;off&#8220; global_colors_info=&#8220;{}&#8220;][\/et_pb_button][et_pb_button button_url=&#8220;https:\/\/instagram.com\/hallo.radio&#8220; url_new_window=&#8220;on&#8220; button_text=&#8220;Instagram&#8220; disabled_on=&#8220;off|off|off&#8220; _builder_version=&#8220;4.24.2&#8243; _module_preset=&#8220;default&#8220; button_icon=&#8220;&#xf101;||fa||900&#8243; button_icon_placement=&#8220;left&#8220; button_on_hover=&#8220;off&#8220; global_colors_info=&#8220;{}&#8220;][\/et_pb_button][\/et_pb_column][\/et_pb_row][\/et_pb_section][et_pb_section fb_built=&#8220;1&#8243; custom_padding_last_edited=&#8220;on|phone&#8220; admin_label=&#8220;Popup &#8211; #vortrag-lt-hhgaerten&#8220; module_id=&#8220;vortrag-lt-hhgaerten&#8220; module_class=&#8220;popup dark single&#8220; _builder_version=&#8220;4.24.3&#8243; _module_preset=&#8220;default&#8220; background_color=&#8220;#153A4C&#8220; max_width=&#8220;1200px&#8220; custom_padding=&#8220;40px||40px||true|false&#8220; custom_padding_tablet=&#8220;30px||0px||false|false&#8220; custom_padding_phone=&#8220;15px||||false|false&#8220; da_is_popup=&#8220;on&#8220; da_popup_slug=&#8220;vortrag-lt-hhgaerten&#8220; da_disable_devices=&#8220;off|off|off&#8220; locked=&#8220;off&#8220; global_colors_info=&#8220;{}&#8220; da_exit_intent=&#8220;off&#8220; da_has_close=&#8220;on&#8220; da_alt_close=&#8220;off&#8220; da_dark_close=&#8220;on&#8220; da_not_modal=&#8220;on&#8220; da_is_singular=&#8220;on&#8220; da_with_loader=&#8220;off&#8220; da_has_shadow=&#8220;on&#8220;][et_pb_row _builder_version=&#8220;4.24.0&#8243; _module_preset=&#8220;default&#8220; width_tablet=&#8220;&#8220; width_phone=&#8220;85%&#8220; width_last_edited=&#8220;on|phone&#8220; custom_padding=&#8220;||0px||false|false&#8220; global_colors_info=&#8220;{}&#8220;][et_pb_column type=&#8220;4_4&#8243; _builder_version=&#8220;4.23.4&#8243; _module_preset=&#8220;default&#8220; global_colors_info=&#8220;{}&#8220;][et_pb_text _builder_version=&#8220;4.24.3&#8243; _module_preset=&#8220;default&#8220; background_layout=&#8220;dark&#8220; header_3_font_size_tablet=&#8220;&#8220; header_3_font_size_phone=&#8220;&#8220; header_3_font_size_last_edited=&#8220;on|phone&#8220; global_colors_info=&#8220;{}&#8220;]<\/p>\n<h3>Lange Tafel: Netzwerk Hamburgs G\u00e4rten<\/h3>\n<h4>14:15 Uhr \u2013 Hallohalle<\/h4>\n<p>[\/et_pb_text][\/et_pb_column][\/et_pb_row][et_pb_row column_structure=&#8220;2_5,3_5&#8243; custom_padding_last_edited=&#8220;on|phone&#8220; module_class=&#8220;buttons-inline&#8220; _builder_version=&#8220;4.23.4&#8243; _module_preset=&#8220;default&#8220; width_tablet=&#8220;&#8220; width_phone=&#8220;85%&#8220; width_last_edited=&#8220;on|phone&#8220; custom_padding=&#8220;||||false|false&#8220; custom_padding_tablet=&#8220;15px||||false|false&#8220; custom_padding_phone=&#8220;5px||||false|false&#8220; global_colors_info=&#8220;{}&#8220;][et_pb_column type=&#8220;2_5&#8243; _builder_version=&#8220;4.23.4&#8243; _module_preset=&#8220;default&#8220; global_colors_info=&#8220;{}&#8220;][et_pb_gallery gallery_ids=&#8220;1146&#8243; fullwidth=&#8220;on&#8220; module_class=&#8220;events&#8220; _builder_version=&#8220;4.24.3&#8243; _module_preset=&#8220;default&#8220; background_layout=&#8220;dark&#8220; global_colors_info=&#8220;{}&#8220;][\/et_pb_gallery][\/et_pb_column][et_pb_column type=&#8220;3_5&#8243; _builder_version=&#8220;4.23.4&#8243; _module_preset=&#8220;default&#8220; global_colors_info=&#8220;{}&#8220;][et_pb_text _builder_version=&#8220;4.24.3&#8243; _module_preset=&#8220;default&#8220; background_layout=&#8220;dark&#8220; global_colors_info=&#8220;{}&#8220;]<\/p>\n<h5>Hamburgs G\u00e4rten, B\u00fcndnis f\u00fcr urban Gardening<\/h5>\n<p>N\u00e4here Informationen folgen bald.<\/p>\n<p>[\/et_pb_text][\/et_pb_column][\/et_pb_row][\/et_pb_section][et_pb_section fb_built=&#8220;1&#8243; custom_padding_last_edited=&#8220;on|phone&#8220; admin_label=&#8220;Popup &#8211; #vortrag-bennurgenc&#8220; module_id=&#8220;vortrag-bennurgenc&#8220; module_class=&#8220;popup dark single&#8220; _builder_version=&#8220;4.24.3&#8243; _module_preset=&#8220;default&#8220; background_color=&#8220;#153A4C&#8220; max_width=&#8220;1200px&#8220; custom_padding=&#8220;40px||40px||true|false&#8220; custom_padding_tablet=&#8220;30px||0px||false|false&#8220; custom_padding_phone=&#8220;15px||||false|false&#8220; da_is_popup=&#8220;on&#8220; da_popup_slug=&#8220;vortrag-bennurgenc&#8220; da_disable_devices=&#8220;off|off|off&#8220; locked=&#8220;off&#8220; global_colors_info=&#8220;{}&#8220; da_exit_intent=&#8220;off&#8220; da_has_close=&#8220;on&#8220; da_alt_close=&#8220;off&#8220; da_dark_close=&#8220;on&#8220; da_not_modal=&#8220;on&#8220; da_is_singular=&#8220;on&#8220; da_with_loader=&#8220;off&#8220; da_has_shadow=&#8220;on&#8220;][et_pb_row _builder_version=&#8220;4.24.0&#8243; _module_preset=&#8220;default&#8220; width_tablet=&#8220;&#8220; width_phone=&#8220;85%&#8220; width_last_edited=&#8220;on|phone&#8220; custom_padding=&#8220;||0px||false|false&#8220; global_colors_info=&#8220;{}&#8220;][et_pb_column type=&#8220;4_4&#8243; _builder_version=&#8220;4.23.4&#8243; _module_preset=&#8220;default&#8220; global_colors_info=&#8220;{}&#8220;][et_pb_text _builder_version=&#8220;4.24.3&#8243; _module_preset=&#8220;default&#8220; background_layout=&#8220;dark&#8220; header_3_font_size_tablet=&#8220;&#8220; header_3_font_size_phone=&#8220;&#8220; header_3_font_size_last_edited=&#8220;on|phone&#8220; global_colors_info=&#8220;{}&#8220;]<\/p>\n<h3>Ben Nurgen\u00e7: Performativer Workshop<\/h3>\n<h4>15:00 Uhr \u2013 Hallohalle<\/h4>\n<p>[\/et_pb_text][\/et_pb_column][\/et_pb_row][et_pb_row column_structure=&#8220;2_5,3_5&#8243; custom_padding_last_edited=&#8220;on|phone&#8220; module_class=&#8220;buttons-inline&#8220; _builder_version=&#8220;4.23.4&#8243; _module_preset=&#8220;default&#8220; width_tablet=&#8220;&#8220; width_phone=&#8220;85%&#8220; width_last_edited=&#8220;on|phone&#8220; custom_padding=&#8220;||||false|false&#8220; custom_padding_tablet=&#8220;15px||||false|false&#8220; custom_padding_phone=&#8220;5px||||false|false&#8220; global_colors_info=&#8220;{}&#8220;][et_pb_column type=&#8220;2_5&#8243; _builder_version=&#8220;4.23.4&#8243; _module_preset=&#8220;default&#8220; global_colors_info=&#8220;{}&#8220;][et_pb_gallery gallery_ids=&#8220;2330&#8243; fullwidth=&#8220;on&#8220; module_class=&#8220;events&#8220; _builder_version=&#8220;4.24.3&#8243; _module_preset=&#8220;default&#8220; background_layout=&#8220;dark&#8220; global_colors_info=&#8220;{}&#8220;][\/et_pb_gallery][\/et_pb_column][et_pb_column type=&#8220;3_5&#8243; _builder_version=&#8220;4.23.4&#8243; _module_preset=&#8220;default&#8220; global_colors_info=&#8220;{}&#8220;][et_pb_text _builder_version=&#8220;4.25.0&#8243; _module_preset=&#8220;default&#8220; background_layout=&#8220;dark&#8220; global_colors_info=&#8220;{}&#8220;]<\/p>\n<p>Ben Nurgen\u00e7 l\u00e4dt ein zu einem performativen Workshop zur Erkundung der lokalen \u00d6kologie ein. Pilze, Flechten, Pflanzen und alles, was aus Betonritzen kriecht, wird unter die Lupe genommen. Ben bringt Interessierten die k\u00fcnstlerische Auseinandersetzung mit Lebewesen und deren Lebensraum n\u00e4her.<\/p>\n<p>[\/et_pb_text][et_pb_button button_url=&#8220;https:\/\/bnurgenc.com\/&#8220; url_new_window=&#8220;on&#8220; button_text=&#8220;Website&#8220; disabled_on=&#8220;off|off|off&#8220; _builder_version=&#8220;4.25.0&#8243; _module_preset=&#8220;default&#8220; button_icon=&#8220;&#xf101;||fa||900&#8243; button_icon_placement=&#8220;left&#8220; button_on_hover=&#8220;off&#8220; global_colors_info=&#8220;{}&#8220;][\/et_pb_button][et_pb_button button_url=&#8220;https:\/\/www.instagram.com\/ben_nurgenc&#8220; button_text=&#8220;Instagram&#8220; _builder_version=&#8220;4.25.0&#8243; _module_preset=&#8220;default&#8220; global_colors_info=&#8220;{}&#8220;][\/et_pb_button][\/et_pb_column][\/et_pb_row][\/et_pb_section][et_pb_section fb_built=&#8220;1&#8243; custom_padding_last_edited=&#8220;on|phone&#8220; admin_label=&#8220;Popup &#8211; #vortrag-lt-kebap&#8220; module_id=&#8220;vortrag-lt-kebap&#8220; module_class=&#8220;popup dark single&#8220; _builder_version=&#8220;4.24.3&#8243; _module_preset=&#8220;default&#8220; background_color=&#8220;#153A4C&#8220; max_width=&#8220;1200px&#8220; custom_padding=&#8220;40px||40px||true|false&#8220; custom_padding_tablet=&#8220;30px||0px||false|false&#8220; custom_padding_phone=&#8220;15px||||false|false&#8220; da_is_popup=&#8220;on&#8220; da_popup_slug=&#8220;vortrag-lt-kebap&#8220; da_disable_devices=&#8220;off|off|off&#8220; locked=&#8220;off&#8220; global_colors_info=&#8220;{}&#8220; da_exit_intent=&#8220;off&#8220; da_has_close=&#8220;on&#8220; da_alt_close=&#8220;off&#8220; da_dark_close=&#8220;on&#8220; da_not_modal=&#8220;on&#8220; da_is_singular=&#8220;on&#8220; da_with_loader=&#8220;off&#8220; da_has_shadow=&#8220;on&#8220;][et_pb_row _builder_version=&#8220;4.24.0&#8243; _module_preset=&#8220;default&#8220; width_tablet=&#8220;&#8220; width_phone=&#8220;85%&#8220; width_last_edited=&#8220;on|phone&#8220; custom_padding=&#8220;||0px||false|false&#8220; global_colors_info=&#8220;{}&#8220;][et_pb_column type=&#8220;4_4&#8243; _builder_version=&#8220;4.23.4&#8243; _module_preset=&#8220;default&#8220; global_colors_info=&#8220;{}&#8220;][et_pb_text _builder_version=&#8220;4.24.3&#8243; _module_preset=&#8220;default&#8220; background_layout=&#8220;dark&#8220; header_3_font_size_tablet=&#8220;&#8220; header_3_font_size_phone=&#8220;&#8220; header_3_font_size_last_edited=&#8220;on|phone&#8220; global_colors_info=&#8220;{}&#8220;]<\/p>\n<h3>Lange Tafel: KEBAP e.V.<\/h3>\n<h4>16:00 Uhr \u2013 Hallohalle<\/h4>\n<p>[\/et_pb_text][\/et_pb_column][\/et_pb_row][et_pb_row column_structure=&#8220;2_5,3_5&#8243; custom_padding_last_edited=&#8220;on|phone&#8220; module_class=&#8220;buttons-inline&#8220; _builder_version=&#8220;4.23.4&#8243; _module_preset=&#8220;default&#8220; width_tablet=&#8220;&#8220; width_phone=&#8220;85%&#8220; width_last_edited=&#8220;on|phone&#8220; custom_padding=&#8220;||||false|false&#8220; custom_padding_tablet=&#8220;15px||||false|false&#8220; custom_padding_phone=&#8220;5px||||false|false&#8220; global_colors_info=&#8220;{}&#8220;][et_pb_column type=&#8220;2_5&#8243; _builder_version=&#8220;4.23.4&#8243; _module_preset=&#8220;default&#8220; global_colors_info=&#8220;{}&#8220;][et_pb_gallery gallery_ids=&#8220;1145&#8243; fullwidth=&#8220;on&#8220; module_class=&#8220;events&#8220; _builder_version=&#8220;4.24.3&#8243; _module_preset=&#8220;default&#8220; background_layout=&#8220;dark&#8220; global_colors_info=&#8220;{}&#8220;][\/et_pb_gallery][\/et_pb_column][et_pb_column type=&#8220;3_5&#8243; _builder_version=&#8220;4.23.4&#8243; _module_preset=&#8220;default&#8220; global_colors_info=&#8220;{}&#8220;][et_pb_text _builder_version=&#8220;4.24.3&#8243; _module_preset=&#8220;default&#8220; background_layout=&#8220;dark&#8220; global_colors_info=&#8220;{}&#8220;]<\/p>\n<h5>KulturEnergieBunkerAltonaProjekt<\/h5>\n<p>N\u00e4here Informationen folgen bald.<\/p>\n<p>[\/et_pb_text][\/et_pb_column][\/et_pb_row][\/et_pb_section][et_pb_section fb_built=&#8220;1&#8243; custom_padding_last_edited=&#8220;on|phone&#8220; admin_label=&#8220;Popup &#8211; #vortrag-lt-botanischerverein&#8220; module_id=&#8220;vortrag-lt-botanischerverein&#8220; module_class=&#8220;popup dark single&#8220; _builder_version=&#8220;4.24.3&#8243; _module_preset=&#8220;default&#8220; background_color=&#8220;#153A4C&#8220; max_width=&#8220;1200px&#8220; custom_padding=&#8220;40px||40px||true|false&#8220; custom_padding_tablet=&#8220;30px||0px||false|false&#8220; custom_padding_phone=&#8220;15px||||false|false&#8220; da_is_popup=&#8220;on&#8220; da_popup_slug=&#8220;vortrag-lt-botanischerverein&#8220; da_disable_devices=&#8220;off|off|off&#8220; locked=&#8220;off&#8220; global_colors_info=&#8220;{}&#8220; da_exit_intent=&#8220;off&#8220; da_has_close=&#8220;on&#8220; da_alt_close=&#8220;off&#8220; da_dark_close=&#8220;on&#8220; da_not_modal=&#8220;on&#8220; da_is_singular=&#8220;on&#8220; da_with_loader=&#8220;off&#8220; da_has_shadow=&#8220;on&#8220;][et_pb_row _builder_version=&#8220;4.24.0&#8243; _module_preset=&#8220;default&#8220; width_tablet=&#8220;&#8220; width_phone=&#8220;85%&#8220; width_last_edited=&#8220;on|phone&#8220; custom_padding=&#8220;||0px||false|false&#8220; global_colors_info=&#8220;{}&#8220;][et_pb_column type=&#8220;4_4&#8243; _builder_version=&#8220;4.23.4&#8243; _module_preset=&#8220;default&#8220; global_colors_info=&#8220;{}&#8220;][et_pb_text _builder_version=&#8220;4.24.3&#8243; _module_preset=&#8220;default&#8220; background_layout=&#8220;dark&#8220; header_3_font_size_tablet=&#8220;&#8220; header_3_font_size_phone=&#8220;&#8220; header_3_font_size_last_edited=&#8220;on|phone&#8220; global_colors_info=&#8220;{}&#8220;]<\/p>\n<h3>Lange Tafel: Botanischer Verein<\/h3>\n<h4>16:30 Uhr \u2013 Hallohalle<\/h4>\n<p>[\/et_pb_text][\/et_pb_column][\/et_pb_row][et_pb_row column_structure=&#8220;2_5,3_5&#8243; custom_padding_last_edited=&#8220;on|phone&#8220; module_class=&#8220;buttons-inline&#8220; _builder_version=&#8220;4.23.4&#8243; _module_preset=&#8220;default&#8220; width_tablet=&#8220;&#8220; width_phone=&#8220;85%&#8220; width_last_edited=&#8220;on|phone&#8220; custom_padding=&#8220;||||false|false&#8220; custom_padding_tablet=&#8220;15px||||false|false&#8220; custom_padding_phone=&#8220;5px||||false|false&#8220; global_colors_info=&#8220;{}&#8220;][et_pb_column type=&#8220;2_5&#8243; _builder_version=&#8220;4.23.4&#8243; _module_preset=&#8220;default&#8220; global_colors_info=&#8220;{}&#8220;][et_pb_gallery gallery_ids=&#8220;1135&#8243; fullwidth=&#8220;on&#8220; module_class=&#8220;events&#8220; _builder_version=&#8220;4.24.3&#8243; _module_preset=&#8220;default&#8220; background_layout=&#8220;dark&#8220; global_colors_info=&#8220;{}&#8220;][\/et_pb_gallery][\/et_pb_column][et_pb_column type=&#8220;3_5&#8243; _builder_version=&#8220;4.23.4&#8243; _module_preset=&#8220;default&#8220; global_colors_info=&#8220;{}&#8220;][et_pb_text _builder_version=&#8220;4.24.3&#8243; _module_preset=&#8220;default&#8220; background_layout=&#8220;dark&#8220; global_colors_info=&#8220;{}&#8220;]<\/p>\n<h5>Biodiversit\u00e4t auf dem Mittelstreifen<\/h5>\n<p>N\u00e4here Informationen folgen bald.<\/p>\n<p>[\/et_pb_text][\/et_pb_column][\/et_pb_row][\/et_pb_section][et_pb_section fb_built=&#8220;1&#8243; custom_padding_last_edited=&#8220;on|phone&#8220; admin_label=&#8220;Popup &#8211; #vortrag-hereon&#8220; module_id=&#8220;vortrag-hereon&#8220; module_class=&#8220;popup dark single&#8220; _builder_version=&#8220;4.24.3&#8243; _module_preset=&#8220;default&#8220; background_color=&#8220;#153A4C&#8220; max_width=&#8220;1200px&#8220; custom_padding=&#8220;40px||40px||true|false&#8220; custom_padding_tablet=&#8220;30px||0px||false|false&#8220; custom_padding_phone=&#8220;15px||||false|false&#8220; da_is_popup=&#8220;on&#8220; da_popup_slug=&#8220;vortrag-hereon&#8220; da_disable_devices=&#8220;off|off|off&#8220; locked=&#8220;off&#8220; global_colors_info=&#8220;{}&#8220; da_exit_intent=&#8220;off&#8220; da_has_close=&#8220;on&#8220; da_alt_close=&#8220;off&#8220; da_dark_close=&#8220;on&#8220; da_not_modal=&#8220;on&#8220; da_is_singular=&#8220;on&#8220; da_with_loader=&#8220;off&#8220; da_has_shadow=&#8220;on&#8220;][et_pb_row _builder_version=&#8220;4.24.0&#8243; _module_preset=&#8220;default&#8220; width_tablet=&#8220;&#8220; width_phone=&#8220;85%&#8220; width_last_edited=&#8220;on|phone&#8220; custom_padding=&#8220;||0px||false|false&#8220; global_colors_info=&#8220;{}&#8220;][et_pb_column type=&#8220;4_4&#8243; _builder_version=&#8220;4.23.4&#8243; _module_preset=&#8220;default&#8220; global_colors_info=&#8220;{}&#8220;][et_pb_text _builder_version=&#8220;4.24.3&#8243; _module_preset=&#8220;default&#8220; background_layout=&#8220;dark&#8220; header_3_font_size_tablet=&#8220;&#8220; header_3_font_size_phone=&#8220;&#8220; header_3_font_size_last_edited=&#8220;on|phone&#8220; global_colors_info=&#8220;{}&#8220;]<\/p>\n<h3>Hereon meets Co-Creation &amp; Engagement Center (UHH)<\/h3>\n<h4>17:15 Uhr \u2013 Hallohalle<\/h4>\n<p>[\/et_pb_text][\/et_pb_column][\/et_pb_row][et_pb_row column_structure=&#8220;2_5,3_5&#8243; custom_padding_last_edited=&#8220;on|phone&#8220; module_class=&#8220;buttons-inline&#8220; _builder_version=&#8220;4.23.4&#8243; _module_preset=&#8220;default&#8220; width_tablet=&#8220;&#8220; width_phone=&#8220;85%&#8220; width_last_edited=&#8220;on|phone&#8220; custom_padding=&#8220;||||false|false&#8220; custom_padding_tablet=&#8220;15px||||false|false&#8220; custom_padding_phone=&#8220;5px||||false|false&#8220; global_colors_info=&#8220;{}&#8220;][et_pb_column type=&#8220;2_5&#8243; _builder_version=&#8220;4.23.4&#8243; _module_preset=&#8220;default&#8220; global_colors_info=&#8220;{}&#8220;][et_pb_gallery gallery_ids=&#8220;2265&#8243; fullwidth=&#8220;on&#8220; module_class=&#8220;events&#8220; _builder_version=&#8220;4.24.3&#8243; _module_preset=&#8220;default&#8220; background_layout=&#8220;dark&#8220; global_colors_info=&#8220;{}&#8220;][\/et_pb_gallery][\/et_pb_column][et_pb_column type=&#8220;3_5&#8243; _builder_version=&#8220;4.23.4&#8243; _module_preset=&#8220;default&#8220; global_colors_info=&#8220;{}&#8220;][et_pb_text _builder_version=&#8220;4.24.3&#8243; _module_preset=&#8220;default&#8220; background_layout=&#8220;dark&#8220; global_colors_info=&#8220;{}&#8220;]<\/p>\n<h5>Interaktive Auswertung der Citizen Sensing Workshops zur Feinstaubmessung!<\/h5>\n<p>Um 17:15 Uhr werten wir die Ergebnisse der Citizen Sensing Workshops zum Thema Luftqualit\u00e4t in Hamburg interaktiv aus. Wir erl\u00e4utern die Erkenntnisse anhand der notierten Beobachtungen der Teams, diskutieren gemeinsam \u00fcber Unterschiede zwischen gemessenen und modellierten Werten und hinterfragen, was dies f\u00fcr die Vorhersage von Luftqualit\u00e4t und Praktiken des Citizen Sensing bedeutet. Einzelne Themen k\u00f6nnen im Anschluss am Mitmachstand im Gespr\u00e4ch mit den Wissenschaftler:innen vertieft werden.<\/p>\n<p>[\/et_pb_text][et_pb_button button_url=&#8220;https:\/\/www.uni-hamburg.de\/co-creation-engagement-center.de&#8220; url_new_window=&#8220;on&#8220; button_text=&#8220;Uni Hamburg&#8220; disabled_on=&#8220;off|off|off&#8220; _builder_version=&#8220;4.24.3&#8243; _module_preset=&#8220;45c9fbc4-8fa9-455f-93b5-96c41c77970a&#8220; button_icon=&#8220;&#xf101;||fa||900&#8243; button_icon_placement=&#8220;left&#8220; button_on_hover=&#8220;off&#8220; global_colors_info=&#8220;{}&#8220;][\/et_pb_button][et_pb_button button_url=&#8220;https:\/\/www.hereon.de\/institutes\/coastal_environmental_chemistry\/chemistry_transport_modelling\/index.php.de&#8220; url_new_window=&#8220;on&#8220; button_text=&#8220;Hereon&#8220; disabled_on=&#8220;off|off|off&#8220; _builder_version=&#8220;4.24.3&#8243; _module_preset=&#8220;default&#8220; button_icon=&#8220;&#xf101;||fa||900&#8243; button_icon_placement=&#8220;left&#8220; button_on_hover=&#8220;off&#8220; global_colors_info=&#8220;{}&#8220;][\/et_pb_button][et_pb_button button_url=&#8220;https:\/\/hcdc.hereon.de\/urbanaqf\/&#8220; url_new_window=&#8220;on&#8220; button_text=&#8220;AQF&#8220; disabled_on=&#8220;off|off|off&#8220; _builder_version=&#8220;4.24.3&#8243; _module_preset=&#8220;default&#8220; button_icon=&#8220;&#xf101;||fa||900&#8243; button_icon_placement=&#8220;left&#8220; button_on_hover=&#8220;off&#8220; global_colors_info=&#8220;{}&#8220;][\/et_pb_button][et_pb_button button_url=&#8220;https:\/\/www.hereon.de\/innovation_transfer\/communication_media\/social_media\/index.php.de&#8220; url_new_window=&#8220;on&#8220; button_text=&#8220;Social Media&#8220; disabled_on=&#8220;off|off|off&#8220; _builder_version=&#8220;4.24.3&#8243; _module_preset=&#8220;default&#8220; button_icon=&#8220;&#xf101;||fa||900&#8243; button_icon_placement=&#8220;left&#8220; button_on_hover=&#8220;off&#8220; global_colors_info=&#8220;{}&#8220;][\/et_pb_button][\/et_pb_column][\/et_pb_row][\/et_pb_section][et_pb_section fb_built=&#8220;1&#8243; custom_padding_last_edited=&#8220;on|phone&#8220; admin_label=&#8220;Popup &#8211; #vortrag-lt-hafencityuni&#8220; module_id=&#8220;vortrag-lt-hafencityuni&#8220; module_class=&#8220;popup dark single&#8220; _builder_version=&#8220;4.24.3&#8243; _module_preset=&#8220;default&#8220; background_color=&#8220;#153A4C&#8220; max_width=&#8220;1200px&#8220; custom_padding=&#8220;40px||40px||true|false&#8220; custom_padding_tablet=&#8220;30px||0px||false|false&#8220; custom_padding_phone=&#8220;15px||||false|false&#8220; da_is_popup=&#8220;on&#8220; da_popup_slug=&#8220;vortrag-lt-hafencityuni&#8220; da_disable_devices=&#8220;off|off|off&#8220; locked=&#8220;off&#8220; global_colors_info=&#8220;{}&#8220; da_exit_intent=&#8220;off&#8220; da_has_close=&#8220;on&#8220; da_alt_close=&#8220;off&#8220; da_dark_close=&#8220;on&#8220; da_not_modal=&#8220;on&#8220; da_is_singular=&#8220;on&#8220; da_with_loader=&#8220;off&#8220; da_has_shadow=&#8220;on&#8220;][et_pb_row _builder_version=&#8220;4.24.0&#8243; _module_preset=&#8220;default&#8220; width_tablet=&#8220;&#8220; width_phone=&#8220;85%&#8220; width_last_edited=&#8220;on|phone&#8220; custom_padding=&#8220;||0px||false|false&#8220; global_colors_info=&#8220;{}&#8220;][et_pb_column type=&#8220;4_4&#8243; _builder_version=&#8220;4.23.4&#8243; _module_preset=&#8220;default&#8220; global_colors_info=&#8220;{}&#8220;][et_pb_text _builder_version=&#8220;4.24.3&#8243; _module_preset=&#8220;default&#8220; background_layout=&#8220;dark&#8220; header_3_font_size_tablet=&#8220;&#8220; header_3_font_size_phone=&#8220;&#8220; header_3_font_size_last_edited=&#8220;on|phone&#8220; global_colors_info=&#8220;{}&#8220;]<\/p>\n<h3>Lange Tafel: Hafencity Universit\u00e4t<\/h3>\n<h4>18:00 Uhr \u2013 Hallohalle<\/h4>\n<p>[\/et_pb_text][\/et_pb_column][\/et_pb_row][et_pb_row column_structure=&#8220;2_5,3_5&#8243; custom_padding_last_edited=&#8220;on|phone&#8220; module_class=&#8220;buttons-inline&#8220; _builder_version=&#8220;4.23.4&#8243; _module_preset=&#8220;default&#8220; width_tablet=&#8220;&#8220; width_phone=&#8220;85%&#8220; width_last_edited=&#8220;on|phone&#8220; custom_padding=&#8220;||||false|false&#8220; custom_padding_tablet=&#8220;15px||||false|false&#8220; custom_padding_phone=&#8220;5px||||false|false&#8220; global_colors_info=&#8220;{}&#8220;][et_pb_column type=&#8220;2_5&#8243; _builder_version=&#8220;4.23.4&#8243; _module_preset=&#8220;default&#8220; global_colors_info=&#8220;{}&#8220;][et_pb_gallery gallery_ids=&#8220;1149&#8243; fullwidth=&#8220;on&#8220; module_class=&#8220;events&#8220; _builder_version=&#8220;4.24.3&#8243; _module_preset=&#8220;default&#8220; background_layout=&#8220;dark&#8220; global_colors_info=&#8220;{}&#8220;][\/et_pb_gallery][\/et_pb_column][et_pb_column type=&#8220;3_5&#8243; _builder_version=&#8220;4.23.4&#8243; _module_preset=&#8220;default&#8220; global_colors_info=&#8220;{}&#8220;][et_pb_text _builder_version=&#8220;4.24.3&#8243; _module_preset=&#8220;default&#8220; background_layout=&#8220;dark&#8220; global_colors_info=&#8220;{}&#8220;]<\/p>\n<h5>Blaue Gr\u00fcne Infrastruktur<\/h5>\n<p>N\u00e4here Informationen folgen bald.<\/p>\n<p>[\/et_pb_text][\/et_pb_column][\/et_pb_row][\/et_pb_section][et_pb_section fb_built=&#8220;1&#8243; custom_padding_last_edited=&#8220;on|phone&#8220; admin_label=&#8220;Popup &#8211; #vortrag-lt-hsbk&#8220; module_id=&#8220;vortrag-lt-hsbk&#8220; module_class=&#8220;popup dark single&#8220; _builder_version=&#8220;4.24.3&#8243; _module_preset=&#8220;default&#8220; background_color=&#8220;#153A4C&#8220; max_width=&#8220;1200px&#8220; custom_padding=&#8220;40px||40px||true|false&#8220; custom_padding_tablet=&#8220;30px||0px||false|false&#8220; custom_padding_phone=&#8220;15px||||false|false&#8220; da_is_popup=&#8220;on&#8220; da_popup_slug=&#8220;vortrag-lt-hsbk&#8220; da_disable_devices=&#8220;off|off|off&#8220; locked=&#8220;off&#8220; global_colors_info=&#8220;{}&#8220; da_exit_intent=&#8220;off&#8220; da_has_close=&#8220;on&#8220; da_alt_close=&#8220;off&#8220; da_dark_close=&#8220;on&#8220; da_not_modal=&#8220;on&#8220; da_is_singular=&#8220;on&#8220; da_with_loader=&#8220;off&#8220; da_has_shadow=&#8220;on&#8220;][et_pb_row _builder_version=&#8220;4.24.0&#8243; _module_preset=&#8220;default&#8220; width_tablet=&#8220;&#8220; width_phone=&#8220;85%&#8220; width_last_edited=&#8220;on|phone&#8220; custom_padding=&#8220;||0px||false|false&#8220; global_colors_info=&#8220;{}&#8220;][et_pb_column type=&#8220;4_4&#8243; _builder_version=&#8220;4.23.4&#8243; _module_preset=&#8220;default&#8220; global_colors_info=&#8220;{}&#8220;][et_pb_text _builder_version=&#8220;4.24.3&#8243; _module_preset=&#8220;default&#8220; background_layout=&#8220;dark&#8220; header_3_font_size_tablet=&#8220;&#8220; header_3_font_size_phone=&#8220;&#8220; header_3_font_size_last_edited=&#8220;on|phone&#8220; global_colors_info=&#8220;{}&#8220;]<\/p>\n<h3>Lange Tafel: Hamburger Stiftung Baukultur<\/h3>\n<h4>18:30 Uhr \u2013 Hallohalle<\/h4>\n<p>[\/et_pb_text][\/et_pb_column][\/et_pb_row][et_pb_row column_structure=&#8220;2_5,3_5&#8243; custom_padding_last_edited=&#8220;on|phone&#8220; module_class=&#8220;buttons-inline&#8220; _builder_version=&#8220;4.23.4&#8243; _module_preset=&#8220;default&#8220; width_tablet=&#8220;&#8220; width_phone=&#8220;85%&#8220; width_last_edited=&#8220;on|phone&#8220; custom_padding=&#8220;||||false|false&#8220; custom_padding_tablet=&#8220;15px||||false|false&#8220; custom_padding_phone=&#8220;5px||||false|false&#8220; global_colors_info=&#8220;{}&#8220;][et_pb_column type=&#8220;2_5&#8243; _builder_version=&#8220;4.23.4&#8243; _module_preset=&#8220;default&#8220; global_colors_info=&#8220;{}&#8220;][et_pb_gallery gallery_ids=&#8220;1144&#8243; fullwidth=&#8220;on&#8220; module_class=&#8220;events&#8220; _builder_version=&#8220;4.24.3&#8243; _module_preset=&#8220;default&#8220; background_layout=&#8220;dark&#8220; global_colors_info=&#8220;{}&#8220;][\/et_pb_gallery][\/et_pb_column][et_pb_column type=&#8220;3_5&#8243; _builder_version=&#8220;4.23.4&#8243; _module_preset=&#8220;default&#8220; global_colors_info=&#8220;{}&#8220;][et_pb_text _builder_version=&#8220;4.24.3&#8243; _module_preset=&#8220;default&#8220; background_layout=&#8220;dark&#8220; global_colors_info=&#8220;{}&#8220;]<\/p>\n<h5>Abschluss Stadtnatur und Baukultur<\/h5>\n<p>N\u00e4here Informationen folgen bald.<\/p>\n<p>[\/et_pb_text][\/et_pb_column][\/et_pb_row][\/et_pb_section][et_pb_section fb_built=&#8220;1&#8243; custom_padding_last_edited=&#8220;off|phone&#8220; admin_label=&#8220;Popup &#8211; #musik-adaralfandari&#8220; module_id=&#8220;musik-adaralfandari&#8220; module_class=&#8220;popup dark single&#8220; _builder_version=&#8220;4.24.3&#8243; _module_preset=&#8220;default&#8220; background_color=&#8220;#153A4C&#8220; max_width=&#8220;1200px&#8220; custom_padding_tablet=&#8220;1.5em||0em||false|false&#8220; da_is_popup=&#8220;on&#8220; da_popup_slug=&#8220;musik-adaralfandari&#8220; da_disable_devices=&#8220;off|off|off&#8220; locked=&#8220;off&#8220; global_colors_info=&#8220;{}&#8220; da_exit_intent=&#8220;off&#8220; da_has_close=&#8220;on&#8220; da_alt_close=&#8220;off&#8220; da_dark_close=&#8220;on&#8220; da_not_modal=&#8220;on&#8220; da_is_singular=&#8220;on&#8220; da_with_loader=&#8220;off&#8220; da_has_shadow=&#8220;on&#8220;][et_pb_row _builder_version=&#8220;4.24.2&#8243; _module_preset=&#8220;default&#8220; width_tablet=&#8220;&#8220; width_phone=&#8220;85%&#8220; width_last_edited=&#8220;on|phone&#8220; custom_padding=&#8220;||0px||false|false&#8220; global_colors_info=&#8220;{}&#8220;][et_pb_column type=&#8220;4_4&#8243; _builder_version=&#8220;4.23.4&#8243; _module_preset=&#8220;default&#8220; global_colors_info=&#8220;{}&#8220;][et_pb_text _builder_version=&#8220;4.24.2&#8243; _module_preset=&#8220;default&#8220; background_layout=&#8220;dark&#8220; global_colors_info=&#8220;{}&#8220;]<\/p>\n<h3>Adar Alfandari<\/h3>\n<h4>14:00 Uhr \u2013 Musiklaster<\/h4>\n<p>[\/et_pb_text][\/et_pb_column][\/et_pb_row][et_pb_row column_structure=&#8220;2_5,3_5&#8243; custom_padding_last_edited=&#8220;on|phone&#8220; module_class=&#8220;buttons-inline&#8220; _builder_version=&#8220;4.23.4&#8243; _module_preset=&#8220;default&#8220; width_tablet=&#8220;&#8220; width_phone=&#8220;85%&#8220; width_last_edited=&#8220;on|phone&#8220; custom_padding=&#8220;||||false|false&#8220; custom_padding_tablet=&#8220;15px||||false|false&#8220; custom_padding_phone=&#8220;5px||||false|false&#8220; global_colors_info=&#8220;{}&#8220;][et_pb_column type=&#8220;2_5&#8243; _builder_version=&#8220;4.23.4&#8243; _module_preset=&#8220;default&#8220; global_colors_info=&#8220;{}&#8220;][et_pb_gallery gallery_ids=&#8220;2048,2049&#8243; fullwidth=&#8220;on&#8220; _builder_version=&#8220;4.24.3&#8243; _module_preset=&#8220;default&#8220; background_layout=&#8220;dark&#8220; global_colors_info=&#8220;{}&#8220;][\/et_pb_gallery][\/et_pb_column][et_pb_column type=&#8220;3_5&#8243; _builder_version=&#8220;4.23.4&#8243; _module_preset=&#8220;default&#8220; global_colors_info=&#8220;{}&#8220;][et_pb_text _builder_version=&#8220;4.24.3&#8243; _module_preset=&#8220;default&#8220; background_layout=&#8220;dark&#8220; global_colors_info=&#8220;{}&#8220;]<\/p>\n<p class=\"p1\">Der Singer\/Songwriter Adar Alfandari nimmt sein Publikum mit melancholischen Texten zur Gitarre mit in seine eigene, nachdenklich-sch\u00f6ne Fantasiewelt. Zeit lassen, genie\u00dfen \u2026<\/p>\n<p>Die Lasterb\u00fchne, auf der Adar spielt, stammt von dem Label Waldinsel Records, auf welchem seine Musik erscheint. So schlie\u00dft sich also der Kreis.<\/p>\n<p>[\/et_pb_text][et_pb_button button_url=&#8220;https:\/\/waldinsel.com\/&#8220; url_new_window=&#8220;on&#8220; button_text=&#8220;Waldinsel Records&#8220; disabled_on=&#8220;off|off|off&#8220; _builder_version=&#8220;4.24.3&#8243; _module_preset=&#8220;45c9fbc4-8fa9-455f-93b5-96c41c77970a&#8220; button_icon=&#8220;&#xf101;||fa||900&#8243; button_icon_placement=&#8220;left&#8220; button_on_hover=&#8220;off&#8220; global_colors_info=&#8220;{}&#8220;][\/et_pb_button][et_pb_button button_url=&#8220;https:\/\/www.instagram.com\/adaralfa&#8220; url_new_window=&#8220;on&#8220; button_text=&#8220;Instagram&#8220; _builder_version=&#8220;4.24.2&#8243; _module_preset=&#8220;default&#8220; button_icon=&#8220;&#xf101;||fa||900&#8243; button_icon_placement=&#8220;left&#8220; button_on_hover=&#8220;off&#8220; global_colors_info=&#8220;{}&#8220;][\/et_pb_button][\/et_pb_column][\/et_pb_row][\/et_pb_section][et_pb_section fb_built=&#8220;1&#8243; custom_padding_last_edited=&#8220;off|phone&#8220; admin_label=&#8220;Popup &#8211; #musik-saekokilly&#8220; module_id=&#8220;musik-saekokilly&#8220; module_class=&#8220;popup dark single&#8220; _builder_version=&#8220;4.24.2&#8243; _module_preset=&#8220;default&#8220; background_color=&#8220;#153A4C&#8220; max_width=&#8220;1200px&#8220; custom_padding_tablet=&#8220;1.5em||0em||false|false&#8220; da_is_popup=&#8220;on&#8220; da_popup_slug=&#8220;musik-saekokilly&#8220; da_disable_devices=&#8220;off|off|off&#8220; locked=&#8220;off&#8220; global_colors_info=&#8220;{}&#8220; da_exit_intent=&#8220;off&#8220; da_has_close=&#8220;on&#8220; da_alt_close=&#8220;off&#8220; da_dark_close=&#8220;on&#8220; da_not_modal=&#8220;on&#8220; da_is_singular=&#8220;on&#8220; da_with_loader=&#8220;off&#8220; da_has_shadow=&#8220;on&#8220;][et_pb_row _builder_version=&#8220;4.24.0&#8243; _module_preset=&#8220;default&#8220; width_tablet=&#8220;&#8220; width_phone=&#8220;85%&#8220; width_last_edited=&#8220;on|phone&#8220; custom_padding=&#8220;||0px||false|false&#8220; global_colors_info=&#8220;{}&#8220;][et_pb_column type=&#8220;4_4&#8243; _builder_version=&#8220;4.23.4&#8243; _module_preset=&#8220;default&#8220; global_colors_info=&#8220;{}&#8220;][et_pb_text _builder_version=&#8220;4.24.2&#8243; _module_preset=&#8220;default&#8220; background_layout=&#8220;dark&#8220; global_colors_info=&#8220;{}&#8220;]<\/p>\n<h3>Saeko Killy<\/h3>\n<h4>16:00 Uhr \u2013 Musiklaster<\/h4>\n<p>[\/et_pb_text][\/et_pb_column][\/et_pb_row][et_pb_row column_structure=&#8220;2_5,3_5&#8243; custom_padding_last_edited=&#8220;on|phone&#8220; module_class=&#8220;buttons-inline&#8220; _builder_version=&#8220;4.23.4&#8243; _module_preset=&#8220;default&#8220; width_tablet=&#8220;&#8220; width_phone=&#8220;85%&#8220; width_last_edited=&#8220;on|phone&#8220; custom_padding=&#8220;||||false|false&#8220; custom_padding_tablet=&#8220;15px||||false|false&#8220; custom_padding_phone=&#8220;5px||||false|false&#8220; global_colors_info=&#8220;{}&#8220;][et_pb_column type=&#8220;2_5&#8243; _builder_version=&#8220;4.23.4&#8243; _module_preset=&#8220;default&#8220; global_colors_info=&#8220;{}&#8220;][et_pb_gallery gallery_ids=&#8220;2185,2184&#8243; fullwidth=&#8220;on&#8220; _builder_version=&#8220;4.24.3&#8243; _module_preset=&#8220;default&#8220; background_layout=&#8220;dark&#8220; global_colors_info=&#8220;{}&#8220;][\/et_pb_gallery][\/et_pb_column][et_pb_column type=&#8220;3_5&#8243; _builder_version=&#8220;4.23.4&#8243; _module_preset=&#8220;default&#8220; global_colors_info=&#8220;{}&#8220;][et_pb_text _builder_version=&#8220;4.24.2&#8243; _module_preset=&#8220;default&#8220; background_layout=&#8220;dark&#8220; global_colors_info=&#8220;{}&#8220;]<\/p>\n<p class=\"p1\">Saeko Killy vereint m\u00fchelos Elemente von Dub, Post-Punk und Kraut mit elektronischen Beats, um ihre mal japanischen, mal englischen Texte zu performen. In den letzten Jahren konnte sie sich in der Berliner Szene rund um den Club Sameheads einen Namen als DJ und Live-K\u00fcnstlerin machen. 2023 ist auf Bureau B ihr Deb\u00fctalbum \u00bbMorphing Polaroids\u00ab erschienen.<\/p>\n<p>[\/et_pb_text][et_pb_button button_url=&#8220;https:\/\/soundcloud.com\/killy44&#8243; url_new_window=&#8220;on&#8220; button_text=&#8220;Website&#8220; disabled_on=&#8220;off|off|off&#8220; _builder_version=&#8220;4.24.2&#8243; _module_preset=&#8220;45c9fbc4-8fa9-455f-93b5-96c41c77970a&#8220; button_icon=&#8220;&#xf101;||fa||900&#8243; button_icon_placement=&#8220;left&#8220; button_on_hover=&#8220;off&#8220; global_colors_info=&#8220;{}&#8220;][\/et_pb_button][et_pb_button button_url=&#8220;https:\/\/www.instagram.com\/saekokilly&#8220; url_new_window=&#8220;on&#8220; button_text=&#8220;Instagram&#8220; _builder_version=&#8220;4.24.2&#8243; _module_preset=&#8220;default&#8220; button_icon=&#8220;&#xf101;||fa||900&#8243; button_icon_placement=&#8220;left&#8220; button_on_hover=&#8220;off&#8220; global_colors_info=&#8220;{}&#8220;][\/et_pb_button][\/et_pb_column][\/et_pb_row][\/et_pb_section][et_pb_section fb_built=&#8220;1&#8243; custom_padding_last_edited=&#8220;off|phone&#8220; admin_label=&#8220;Popup &#8211; #musik-mpclafote&#8220; module_id=&#8220;musik-mpclafote&#8220; module_class=&#8220;popup dark single&#8220; _builder_version=&#8220;4.24.2&#8243; _module_preset=&#8220;default&#8220; background_color=&#8220;#153A4C&#8220; max_width=&#8220;1200px&#8220; custom_padding_tablet=&#8220;1.5em||0em||false|false&#8220; da_is_popup=&#8220;on&#8220; da_popup_slug=&#8220;musik-mpclafote&#8220; da_disable_devices=&#8220;off|off|off&#8220; locked=&#8220;off&#8220; global_colors_info=&#8220;{}&#8220; da_exit_intent=&#8220;off&#8220; da_has_close=&#8220;on&#8220; da_alt_close=&#8220;off&#8220; da_dark_close=&#8220;on&#8220; da_not_modal=&#8220;on&#8220; da_is_singular=&#8220;on&#8220; da_with_loader=&#8220;off&#8220; da_has_shadow=&#8220;on&#8220;][et_pb_row _builder_version=&#8220;4.24.0&#8243; _module_preset=&#8220;default&#8220; width_tablet=&#8220;&#8220; width_phone=&#8220;85%&#8220; width_last_edited=&#8220;on|phone&#8220; custom_padding=&#8220;||0px||false|false&#8220; global_colors_info=&#8220;{}&#8220;][et_pb_column type=&#8220;4_4&#8243; _builder_version=&#8220;4.23.4&#8243; _module_preset=&#8220;default&#8220; global_colors_info=&#8220;{}&#8220;][et_pb_text _builder_version=&#8220;4.24.2&#8243; _module_preset=&#8220;default&#8220; background_layout=&#8220;dark&#8220; global_colors_info=&#8220;{}&#8220;]<\/p>\n<h3>MPC Lafote<\/h3>\n<h4>18:00 Uhr \u2013 Musiklaster<\/h4>\n<p>[\/et_pb_text][\/et_pb_column][\/et_pb_row][et_pb_row column_structure=&#8220;2_5,3_5&#8243; custom_padding_last_edited=&#8220;on|phone&#8220; module_class=&#8220;buttons-inline&#8220; _builder_version=&#8220;4.23.4&#8243; _module_preset=&#8220;default&#8220; width_tablet=&#8220;&#8220; width_phone=&#8220;85%&#8220; width_last_edited=&#8220;on|phone&#8220; custom_padding=&#8220;||||false|false&#8220; custom_padding_tablet=&#8220;15px||||false|false&#8220; custom_padding_phone=&#8220;5px||||false|false&#8220; global_colors_info=&#8220;{}&#8220;][et_pb_column type=&#8220;2_5&#8243; _builder_version=&#8220;4.23.4&#8243; _module_preset=&#8220;default&#8220; global_colors_info=&#8220;{}&#8220;][et_pb_gallery gallery_ids=&#8220;2191,2190&#8243; fullwidth=&#8220;on&#8220; _builder_version=&#8220;4.24.3&#8243; _module_preset=&#8220;default&#8220; background_layout=&#8220;dark&#8220; global_colors_info=&#8220;{}&#8220;][\/et_pb_gallery][\/et_pb_column][et_pb_column type=&#8220;3_5&#8243; _builder_version=&#8220;4.23.4&#8243; _module_preset=&#8220;default&#8220; global_colors_info=&#8220;{}&#8220;][et_pb_text _builder_version=&#8220;4.24.3&#8243; _module_preset=&#8220;default&#8220; background_layout=&#8220;dark&#8220; global_colors_info=&#8220;{}&#8220;]<\/p>\n<p class=\"p1\">MPC LAFOTE ist ein Post-Wave Act aus Hamburg. Harter Pop als Ergebnis ist die Weiterentwicklung der Post-Punk Band LAFOTE.<\/p>\n<p class=\"p1\">Das Zeug ist sehr, sehr, sehr tanzbar. Selbst Leute, die sonst nur mit dem kleinen Zeh wippen, wurden bei MPC Lafote Konzerten gesehen, die sich nicht mehr halten konnten.<\/p>\n<p>[\/et_pb_text][et_pb_button button_url=&#8220;https:\/\/www.instagram.com\/lafotefotos&#8220; url_new_window=&#8220;on&#8220; button_text=&#8220;Instagram&#8220; _builder_version=&#8220;4.24.2&#8243; _module_preset=&#8220;default&#8220; button_icon=&#8220;&#xf101;||fa||900&#8243; button_icon_placement=&#8220;left&#8220; button_on_hover=&#8220;off&#8220; global_colors_info=&#8220;{}&#8220;][\/et_pb_button][\/et_pb_column][\/et_pb_row][\/et_pb_section][et_pb_section fb_built=&#8220;1&#8243; custom_padding_last_edited=&#8220;on|phone&#8220; admin_label=&#8220;Popup &#8211; #rundgang-lss-botanik&#8220; module_id=&#8220;rundgang-lss-botanik&#8220; module_class=&#8220;popup dark single&#8220; _builder_version=&#8220;4.24.2&#8243; _module_preset=&#8220;default&#8220; background_color=&#8220;#153A4C&#8220; max_width=&#8220;1200px&#8220; custom_padding=&#8220;40px||40px||true|false&#8220; custom_padding_tablet=&#8220;30px||0px||false|false&#8220; custom_padding_phone=&#8220;15px||||false|false&#8220; da_is_popup=&#8220;on&#8220; da_popup_slug=&#8220;rundgang-lss-botanik&#8220; da_disable_devices=&#8220;off|off|off&#8220; locked=&#8220;off&#8220; global_colors_info=&#8220;{}&#8220; da_exit_intent=&#8220;off&#8220; da_has_close=&#8220;on&#8220; da_alt_close=&#8220;off&#8220; da_dark_close=&#8220;on&#8220; da_not_modal=&#8220;on&#8220; da_is_singular=&#8220;on&#8220; da_with_loader=&#8220;off&#8220; da_has_shadow=&#8220;on&#8220;][et_pb_row _builder_version=&#8220;4.24.0&#8243; _module_preset=&#8220;default&#8220; width_tablet=&#8220;&#8220; width_phone=&#8220;85%&#8220; width_last_edited=&#8220;on|phone&#8220; custom_padding=&#8220;||0px||false|false&#8220; global_colors_info=&#8220;{}&#8220;][et_pb_column type=&#8220;4_4&#8243; _builder_version=&#8220;4.23.4&#8243; _module_preset=&#8220;default&#8220; global_colors_info=&#8220;{}&#8220;][et_pb_text _builder_version=&#8220;4.24.2&#8243; _module_preset=&#8220;default&#8220; background_layout=&#8220;dark&#8220; header_3_font_size_tablet=&#8220;&#8220; header_3_font_size_phone=&#8220;&#8220; header_3_font_size_last_edited=&#8220;on|phone&#8220; global_colors_info=&#8220;{}&#8220;]<\/p>\n<h3>Loki Schmidt Stiftung: Botanische Exkursion<\/h3>\n<h4>15:30 Uhr \u2013 Ameise<\/h4>\n<p>[\/et_pb_text][\/et_pb_column][\/et_pb_row][et_pb_row column_structure=&#8220;2_5,3_5&#8243; custom_padding_last_edited=&#8220;on|phone&#8220; module_class=&#8220;buttons-inline&#8220; _builder_version=&#8220;4.23.4&#8243; _module_preset=&#8220;default&#8220; width_tablet=&#8220;&#8220; width_phone=&#8220;85%&#8220; width_last_edited=&#8220;on|phone&#8220; custom_padding=&#8220;||||false|false&#8220; custom_padding_tablet=&#8220;15px||||false|false&#8220; custom_padding_phone=&#8220;5px||||false|false&#8220; global_colors_info=&#8220;{}&#8220;][et_pb_column type=&#8220;2_5&#8243; _builder_version=&#8220;4.23.4&#8243; _module_preset=&#8220;default&#8220; global_colors_info=&#8220;{}&#8220;][et_pb_gallery gallery_ids=&#8220;2041&#8243; fullwidth=&#8220;on&#8220; module_class=&#8220;events&#8220; _builder_version=&#8220;4.24.3&#8243; _module_preset=&#8220;default&#8220; background_layout=&#8220;dark&#8220; global_colors_info=&#8220;{}&#8220;][\/et_pb_gallery][\/et_pb_column][et_pb_column type=&#8220;3_5&#8243; _builder_version=&#8220;4.23.4&#8243; _module_preset=&#8220;default&#8220; global_colors_info=&#8220;{}&#8220;][et_pb_text _builder_version=&#8220;4.25.0&#8243; _module_preset=&#8220;default&#8220; background_layout=&#8220;dark&#8220; global_colors_info=&#8220;{}&#8220;]<\/p>\n<p>Genie\u00dft einen entspannten Spaziergang \u00fcber das Gel\u00e4nde und entdeckt dabei botanische Kostbarkeiten. Entlang des Weges werden uns viele Wildpflanzen begegnen, die wir genauer unter die Lupe nehmen wollen.<\/p>\n<p>[\/et_pb_text][et_pb_button button_url=&#8220;https:\/\/loki-schmidt-stiftung.de\/&#8220; url_new_window=&#8220;on&#8220; button_text=&#8220;Website&#8220; disabled_on=&#8220;off|off|off&#8220; _builder_version=&#8220;4.24.2&#8243; _module_preset=&#8220;45c9fbc4-8fa9-455f-93b5-96c41c77970a&#8220; button_icon=&#8220;&#xf101;||fa||900&#8243; button_icon_placement=&#8220;left&#8220; button_on_hover=&#8220;off&#8220; global_colors_info=&#8220;{}&#8220;][\/et_pb_button][et_pb_button button_url=&#8220;https:\/\/instagram.com\/loki.schmidt.stiftung&#8220; url_new_window=&#8220;on&#8220; button_text=&#8220;Instagram&#8220; disabled_on=&#8220;off|off|off&#8220; _builder_version=&#8220;4.24.2&#8243; _module_preset=&#8220;default&#8220; button_icon=&#8220;&#xf101;||fa||900&#8243; button_icon_placement=&#8220;left&#8220; button_on_hover=&#8220;off&#8220; locked=&#8220;off&#8220; global_colors_info=&#8220;{}&#8220;][\/et_pb_button][\/et_pb_column][\/et_pb_row][\/et_pb_section][et_pb_section fb_built=&#8220;1&#8243; custom_padding_last_edited=&#8220;on|phone&#8220; admin_label=&#8220;Popup &#8211; #kids-rosita&#8220; module_id=&#8220;kids-rosita&#8220; module_class=&#8220;popup dark single&#8220; _builder_version=&#8220;4.24.3&#8243; _module_preset=&#8220;default&#8220; background_color=&#8220;#153A4C&#8220; max_width=&#8220;1200px&#8220; custom_padding=&#8220;40px||40px||true|false&#8220; custom_padding_tablet=&#8220;30px||0px||false|false&#8220; custom_padding_phone=&#8220;15px||||false|false&#8220; da_is_popup=&#8220;on&#8220; da_popup_slug=&#8220;kids-rosita&#8220; da_disable_devices=&#8220;off|off|off&#8220; locked=&#8220;off&#8220; global_colors_info=&#8220;{}&#8220; da_exit_intent=&#8220;off&#8220; da_has_close=&#8220;on&#8220; da_alt_close=&#8220;off&#8220; da_dark_close=&#8220;on&#8220; da_not_modal=&#8220;on&#8220; da_is_singular=&#8220;on&#8220; da_with_loader=&#8220;off&#8220; da_has_shadow=&#8220;on&#8220;][et_pb_row _builder_version=&#8220;4.24.2&#8243; _module_preset=&#8220;default&#8220; width_tablet=&#8220;&#8220; width_phone=&#8220;85%&#8220; width_last_edited=&#8220;on|phone&#8220; custom_margin=&#8220;||||false|false&#8220; custom_padding=&#8220;||0px||false|false&#8220; global_colors_info=&#8220;{}&#8220;][et_pb_column type=&#8220;4_4&#8243; _builder_version=&#8220;4.23.4&#8243; _module_preset=&#8220;default&#8220; global_colors_info=&#8220;{}&#8220;][et_pb_text _builder_version=&#8220;4.24.3&#8243; _module_preset=&#8220;default&#8220; background_layout=&#8220;dark&#8220; global_colors_info=&#8220;{}&#8220;]<\/p>\n<h3>Rositas Puppenb\u00fchne<\/h3>\n<h4>16:45 Uhr \u2013 Ameise<\/h4>\n<p>[\/et_pb_text][\/et_pb_column][\/et_pb_row][et_pb_row column_structure=&#8220;2_5,3_5&#8243; custom_padding_last_edited=&#8220;on|phone&#8220; module_class=&#8220;buttons-inline&#8220; _builder_version=&#8220;4.24.2&#8243; _module_preset=&#8220;default&#8220; width_tablet=&#8220;&#8220; width_phone=&#8220;85%&#8220; width_last_edited=&#8220;on|phone&#8220; custom_padding=&#8220;||||false|false&#8220; custom_padding_tablet=&#8220;15px||||false|false&#8220; custom_padding_phone=&#8220;5px||||false|false&#8220; global_colors_info=&#8220;{}&#8220;][et_pb_column type=&#8220;2_5&#8243; _builder_version=&#8220;4.23.4&#8243; _module_preset=&#8220;default&#8220; global_colors_info=&#8220;{}&#8220;][et_pb_gallery gallery_ids=&#8220;2056,2057&#8243; fullwidth=&#8220;on&#8220; module_class=&#8220;events&#8220; _builder_version=&#8220;4.24.3&#8243; _module_preset=&#8220;default&#8220; background_layout=&#8220;dark&#8220; global_colors_info=&#8220;{}&#8220;][\/et_pb_gallery][\/et_pb_column][et_pb_column type=&#8220;3_5&#8243; _builder_version=&#8220;4.23.4&#8243; _module_preset=&#8220;default&#8220; global_colors_info=&#8220;{}&#8220;][et_pb_text _builder_version=&#8220;4.24.3&#8243; _module_preset=&#8220;default&#8220; background_layout=&#8220;dark&#8220; global_colors_info=&#8220;{}&#8220;]<\/p>\n<p>+++ Die Auff\u00fchrung findet schr\u00e4g gegen\u00fcber von \u201eAmeise\u201c statt, in dem \u201eKinderzelt\u201c. Auf dem Timetable hatten wir einfach keinen Platz mehr. Das Zelt steht gegen\u00fcber von der gro\u00dfen \u201eLasterb\u00fchne\u201c am Hochwasserbassin. +++<\/p>\n<p>Seit fast 20 Jahren tourt Heike Kammer von der Menschenrechtsorganisation Peace Brigades International mit Rositas Puppenb\u00fchne durch Lateinamerika und den deutschsprachigen Raum.<\/p>\n<p>Bei der Puppentheater-Auff\u00fchrung \u201eEine Ostseefahrt ist lustig\u201c setzen sich die Kinder (ab 5 Jahre) mit Umweltschutzthemen auseinander. Gemeinsam mit Matea und Mattis machen sich die Kinder auf eine Reise durch die Meere, dabei lernen sie eine Prinzessin auf einer einsamen Insel kennen, die ihren M\u00fcll achtlos in das Meer wirft. Deswegen sterben die Fische. Sie lernen auch noch einen Fischerjungen kennen, der ganz traurig ist, weil er keine Fische mehr fangen kann. Gemeinsam mit den Kindern finden die vier Protagonist:innen eine L\u00f6sung, sodass der Fischersjunge wieder Fische f\u00e4ngt.<\/p>\n<p>Vor der Auff\u00fchrung k\u00f6nnen die Kids gemeinsam mit Heike aus alten Socken und Stoffen ihre eigenen Handpuppen basteln.<\/p>\n<p>F\u00fcr Kinder ab 5 Jahren<\/p>\n<p>[\/et_pb_text][et_pb_button button_url=&#8220;https:\/\/pbideutschland.de\/bildungsangebote\/kinder&#8220; url_new_window=&#8220;on&#8220; button_text=&#8220;Website&#8220; _builder_version=&#8220;4.24.3&#8243; _module_preset=&#8220;45c9fbc4-8fa9-455f-93b5-96c41c77970a&#8220; button_icon=&#8220;&#xf101;||fa||900&#8243; button_icon_placement=&#8220;left&#8220; button_on_hover=&#8220;off&#8220; global_colors_info=&#8220;{}&#8220;][\/et_pb_button][et_pb_button button_url=&#8220;https:\/\/instagram.com\/pbideutschland&#8220; url_new_window=&#8220;on&#8220; button_text=&#8220;Instagram&#8220; _builder_version=&#8220;4.24.3&#8243; _module_preset=&#8220;default&#8220; button_icon=&#8220;&#xf101;||fa||900&#8243; button_icon_placement=&#8220;left&#8220; button_on_hover=&#8220;off&#8220; global_colors_info=&#8220;{}&#8220;][\/et_pb_button][\/et_pb_column][\/et_pb_row][\/et_pb_section][et_pb_section fb_built=&#8220;1&#8243; custom_padding_last_edited=&#8220;off|phone&#8220; admin_label=&#8220;Popup &#8211; #musik-hvdn&#8220; module_id=&#8220;musik-hvdn&#8220; module_class=&#8220;popup dark single&#8220; _builder_version=&#8220;4.24.2&#8243; _module_preset=&#8220;default&#8220; background_color=&#8220;#153A4C&#8220; max_width=&#8220;1200px&#8220; custom_padding_tablet=&#8220;1.5em||0em||false|false&#8220; da_is_popup=&#8220;on&#8220; da_popup_slug=&#8220;musik-hvdn&#8220; da_disable_devices=&#8220;off|off|off&#8220; locked=&#8220;off&#8220; global_colors_info=&#8220;{}&#8220; da_exit_intent=&#8220;off&#8220; da_has_close=&#8220;on&#8220; da_alt_close=&#8220;off&#8220; da_dark_close=&#8220;on&#8220; da_not_modal=&#8220;on&#8220; da_is_singular=&#8220;on&#8220; da_with_loader=&#8220;off&#8220; da_has_shadow=&#8220;on&#8220;][et_pb_row _builder_version=&#8220;4.24.0&#8243; _module_preset=&#8220;default&#8220; width_tablet=&#8220;&#8220; width_phone=&#8220;85%&#8220; width_last_edited=&#8220;on|phone&#8220; custom_padding=&#8220;||0px||false|false&#8220; global_colors_info=&#8220;{}&#8220;][et_pb_column type=&#8220;4_4&#8243; _builder_version=&#8220;4.23.4&#8243; _module_preset=&#8220;default&#8220; global_colors_info=&#8220;{}&#8220;][et_pb_text _builder_version=&#8220;4.24.2&#8243; _module_preset=&#8220;default&#8220; background_layout=&#8220;dark&#8220; global_colors_info=&#8220;{}&#8220;]<\/p>\n<h3>HVDN<\/h3>\n<h4>17:00 Uhr \u2013 Ameise<\/h4>\n<p>[\/et_pb_text][\/et_pb_column][\/et_pb_row][et_pb_row column_structure=&#8220;2_5,3_5&#8243; custom_padding_last_edited=&#8220;on|phone&#8220; module_class=&#8220;buttons-inline&#8220; _builder_version=&#8220;4.23.4&#8243; _module_preset=&#8220;default&#8220; width_tablet=&#8220;&#8220; width_phone=&#8220;85%&#8220; width_last_edited=&#8220;on|phone&#8220; custom_padding=&#8220;||||false|false&#8220; custom_padding_tablet=&#8220;15px||||false|false&#8220; custom_padding_phone=&#8220;5px||||false|false&#8220; global_colors_info=&#8220;{}&#8220;][et_pb_column type=&#8220;2_5&#8243; _builder_version=&#8220;4.23.4&#8243; _module_preset=&#8220;default&#8220; global_colors_info=&#8220;{}&#8220;][et_pb_gallery gallery_ids=&#8220;1801,1800,1802&#8243; fullwidth=&#8220;on&#8220; _builder_version=&#8220;4.24.2&#8243; _module_preset=&#8220;default&#8220; background_layout=&#8220;dark&#8220; global_colors_info=&#8220;{}&#8220;][\/et_pb_gallery][\/et_pb_column][et_pb_column type=&#8220;3_5&#8243; _builder_version=&#8220;4.23.4&#8243; _module_preset=&#8220;default&#8220; global_colors_info=&#8220;{}&#8220;][et_pb_text _builder_version=&#8220;4.24.2&#8243; _module_preset=&#8220;default&#8220; background_layout=&#8220;dark&#8220; global_colors_info=&#8220;{}&#8220;]<\/p>\n<p>HVDN aus Hamburg macht Musik mit Synthesizern, Sampler, Laptop und Herz. Manchmal vertr\u00e4umt, manchmal tanzbar.<\/p>\n<p>Zum Asphaltsprenger Festival bringt er euch ein entspanntes Set f\u00fcr den Fr\u00fchling mit alten und neuen Tracks, live Sequencing und Natur Sounds.<\/p>\n<p>Freut euch auf elektronische Beats und chillige Vibes.<\/p>\n<p>[\/et_pb_text][et_pb_button button_url=&#8220;https:\/\/linktr.ee\/hvdn&#8220; url_new_window=&#8220;on&#8220; button_text=&#8220;Linktree&#8220; disabled_on=&#8220;off|off|off&#8220; _builder_version=&#8220;4.24.2&#8243; _module_preset=&#8220;45c9fbc4-8fa9-455f-93b5-96c41c77970a&#8220; button_icon=&#8220;&#xf101;||fa||900&#8243; button_icon_placement=&#8220;left&#8220; button_on_hover=&#8220;off&#8220; global_colors_info=&#8220;{}&#8220;][\/et_pb_button][et_pb_button button_url=&#8220;https:\/\/open.spotify.com\/intl-de\/artist\/2uHP59H5TXT5VPu26NaaFl&#8220; url_new_window=&#8220;on&#8220; button_text=&#8220;Spotify&#8220; _builder_version=&#8220;4.24.2&#8243; _module_preset=&#8220;default&#8220; button_icon=&#8220;&#xf101;||fa||900&#8243; button_icon_placement=&#8220;left&#8220; button_on_hover=&#8220;off&#8220; global_colors_info=&#8220;{}&#8220;][\/et_pb_button][et_pb_button button_url=&#8220;https:\/\/soundcloud.com\/afterhour-sounds\/hvdn-live-at-hoch-hinaus-mit-afterhour-sounds-klunkerkranich-live-special&#8220; url_new_window=&#8220;on&#8220; button_text=&#8220;Live set Klunerkranich Berlin&#8220; disabled_on=&#8220;off|off|off&#8220; _builder_version=&#8220;4.24.2&#8243; _module_preset=&#8220;default&#8220; button_icon=&#8220;&#xf101;||fa||900&#8243; button_icon_placement=&#8220;left&#8220; button_on_hover=&#8220;off&#8220; global_colors_info=&#8220;{}&#8220;][\/et_pb_button][\/et_pb_column][\/et_pb_row][\/et_pb_section][et_pb_section fb_built=&#8220;1&#8243; custom_padding_last_edited=&#8220;off|phone&#8220; admin_label=&#8220;Popup &#8211; #musik-wosto&#8220; module_id=&#8220;musik-wosto&#8220; module_class=&#8220;popup dark single&#8220; _builder_version=&#8220;4.24.2&#8243; _module_preset=&#8220;default&#8220; background_color=&#8220;#153A4C&#8220; max_width=&#8220;1200px&#8220; custom_padding_tablet=&#8220;1.5em||0em||false|false&#8220; da_is_popup=&#8220;on&#8220; da_popup_slug=&#8220;musik-wosto&#8220; da_disable_devices=&#8220;off|off|off&#8220; locked=&#8220;off&#8220; global_colors_info=&#8220;{}&#8220; da_exit_intent=&#8220;off&#8220; da_has_close=&#8220;on&#8220; da_alt_close=&#8220;off&#8220; da_dark_close=&#8220;on&#8220; da_not_modal=&#8220;on&#8220; da_is_singular=&#8220;on&#8220; da_with_loader=&#8220;off&#8220; da_has_shadow=&#8220;on&#8220;][et_pb_row _builder_version=&#8220;4.24.0&#8243; _module_preset=&#8220;default&#8220; width_tablet=&#8220;&#8220; width_phone=&#8220;85%&#8220; width_last_edited=&#8220;on|phone&#8220; custom_padding=&#8220;||0px||false|false&#8220; global_colors_info=&#8220;{}&#8220;][et_pb_column type=&#8220;4_4&#8243; _builder_version=&#8220;4.23.4&#8243; _module_preset=&#8220;default&#8220; global_colors_info=&#8220;{}&#8220;][et_pb_text _builder_version=&#8220;4.24.2&#8243; _module_preset=&#8220;default&#8220; background_layout=&#8220;dark&#8220; global_colors_info=&#8220;{}&#8220;]<\/p>\n<h3>Wosto<\/h3>\n<h4>ab 19:30 Uhr \u2013 Ameise<\/h4>\n<p>[\/et_pb_text][\/et_pb_column][\/et_pb_row][et_pb_row column_structure=&#8220;2_5,3_5&#8243; custom_padding_last_edited=&#8220;on|phone&#8220; module_class=&#8220;buttons-inline&#8220; _builder_version=&#8220;4.23.4&#8243; _module_preset=&#8220;default&#8220; width_tablet=&#8220;&#8220; width_phone=&#8220;85%&#8220; width_last_edited=&#8220;on|phone&#8220; custom_padding=&#8220;||||false|false&#8220; custom_padding_tablet=&#8220;15px||||false|false&#8220; custom_padding_phone=&#8220;5px||||false|false&#8220; global_colors_info=&#8220;{}&#8220;][et_pb_column type=&#8220;2_5&#8243; _builder_version=&#8220;4.23.4&#8243; _module_preset=&#8220;default&#8220; global_colors_info=&#8220;{}&#8220;][et_pb_gallery gallery_ids=&#8220;2182,2183&#8243; fullwidth=&#8220;on&#8220; _builder_version=&#8220;4.24.3&#8243; _module_preset=&#8220;default&#8220; background_layout=&#8220;dark&#8220; global_colors_info=&#8220;{}&#8220;][\/et_pb_gallery][\/et_pb_column][et_pb_column type=&#8220;3_5&#8243; _builder_version=&#8220;4.23.4&#8243; _module_preset=&#8220;default&#8220; global_colors_info=&#8220;{}&#8220;][et_pb_text _builder_version=&#8220;4.24.2&#8243; _module_preset=&#8220;default&#8220; background_layout=&#8220;dark&#8220; global_colors_info=&#8220;{}&#8220;]<\/p>\n<p>Wosto was born in 1980 in Geseke (a small town in \u201cWostfalia\u201d). As he would call himself an animal lover, he released all of the animals from Geseke in 1995 and rode a donkey through his hometown. The police came and arrested Wosto and his animal gang into a seperate district, where he still lives with them and plays records for them. To this day, many visitors come to see him playing and dancing and feed him with new music by throwing the records over the fence. It is said that there is a secret tunnel, so Wosto can escape from time to time and play some secret gigs outside.<\/p>\n<p>In 2013 Wosto and his best friend Kluentah founded FALLBEIL. So far they released many records on different labels all over the world. In 2017 Wosto and the two members of NOSTALGIE \u00c9TERNELLE started the trio SAUERSTOFFF. Wosto is also releasing solo records and is running his own vinyl label \u2013 TEERPAPPE<\/p>\n<p>[\/et_pb_text][et_pb_button button_url=&#8220;https:\/\/soundcloud.com\/wosto&#8220; url_new_window=&#8220;on&#8220; button_text=&#8220;Soundcloud&#8220; disabled_on=&#8220;off|off|off&#8220; _builder_version=&#8220;4.24.2&#8243; _module_preset=&#8220;default&#8220; button_icon=&#8220;&#xf101;||fa||900&#8243; button_icon_placement=&#8220;left&#8220; button_on_hover=&#8220;off&#8220; global_colors_info=&#8220;{}&#8220;][\/et_pb_button][\/et_pb_column][\/et_pb_row][\/et_pb_section][et_pb_section fb_built=&#8220;1&#8243; custom_padding_last_edited=&#8220;on|phone&#8220; admin_label=&#8220;Popup &#8211; #kids-theatermimekry&#8220; module_id=&#8220;kids-theatermimekry&#8220; module_class=&#8220;popup dark single&#8220; _builder_version=&#8220;4.24.2&#8243; _module_preset=&#8220;default&#8220; background_color=&#8220;#153A4C&#8220; max_width=&#8220;1200px&#8220; custom_padding=&#8220;40px||40px||true|false&#8220; custom_padding_tablet=&#8220;30px||0px||false|false&#8220; custom_padding_phone=&#8220;15px||||false|false&#8220; da_is_popup=&#8220;on&#8220; da_popup_slug=&#8220;kids-theatermimekry&#8220; da_disable_devices=&#8220;off|off|off&#8220; locked=&#8220;off&#8220; global_colors_info=&#8220;{}&#8220; da_exit_intent=&#8220;off&#8220; da_has_close=&#8220;on&#8220; da_alt_close=&#8220;off&#8220; da_dark_close=&#8220;on&#8220; da_not_modal=&#8220;on&#8220; da_is_singular=&#8220;on&#8220; da_with_loader=&#8220;off&#8220; da_has_shadow=&#8220;on&#8220;][et_pb_row _builder_version=&#8220;4.24.2&#8243; _module_preset=&#8220;default&#8220; width_tablet=&#8220;&#8220; width_phone=&#8220;85%&#8220; width_last_edited=&#8220;on|phone&#8220; custom_margin=&#8220;||||false|false&#8220; custom_padding=&#8220;||0px||false|false&#8220; global_colors_info=&#8220;{}&#8220;][et_pb_column type=&#8220;4_4&#8243; _builder_version=&#8220;4.23.4&#8243; _module_preset=&#8220;default&#8220; global_colors_info=&#8220;{}&#8220;][et_pb_text _builder_version=&#8220;4.24.3&#8243; _module_preset=&#8220;default&#8220; background_layout=&#8220;dark&#8220; global_colors_info=&#8220;{}&#8220;]<\/p>\n<h3>Theater MIMEKRY<\/h3>\n<h4>14:00 Uhr \u2013\u00a0M\u00e4rchenzelt<\/h4>\n<p>[\/et_pb_text][\/et_pb_column][\/et_pb_row][et_pb_row column_structure=&#8220;2_5,3_5&#8243; custom_padding_last_edited=&#8220;on|phone&#8220; module_class=&#8220;buttons-inline&#8220; _builder_version=&#8220;4.24.2&#8243; _module_preset=&#8220;default&#8220; width_tablet=&#8220;&#8220; width_phone=&#8220;85%&#8220; width_last_edited=&#8220;on|phone&#8220; custom_padding=&#8220;||||false|false&#8220; custom_padding_tablet=&#8220;15px||||false|false&#8220; custom_padding_phone=&#8220;5px||||false|false&#8220; global_colors_info=&#8220;{}&#8220;][et_pb_column type=&#8220;2_5&#8243; _builder_version=&#8220;4.23.4&#8243; _module_preset=&#8220;default&#8220; global_colors_info=&#8220;{}&#8220;][et_pb_gallery gallery_ids=&#8220;1743&#8243; fullwidth=&#8220;on&#8220; module_class=&#8220;events&#8220; _builder_version=&#8220;4.24.2&#8243; _module_preset=&#8220;default&#8220; background_layout=&#8220;dark&#8220; global_colors_info=&#8220;{}&#8220;][\/et_pb_gallery][\/et_pb_column][et_pb_column type=&#8220;3_5&#8243; _builder_version=&#8220;4.23.4&#8243; _module_preset=&#8220;default&#8220; global_colors_info=&#8220;{}&#8220;][et_pb_text _builder_version=&#8220;4.24.2&#8243; _module_preset=&#8220;default&#8220; background_layout=&#8220;dark&#8220; global_colors_info=&#8220;{}&#8220;]<\/p>\n<h5>DAS GROSSE GEWUSEL \u2013 unter Deinen F\u00fc\u00dfen<\/h5>\n<p>Eine Geschichte \u00fcber Lebewesen im Boden und das wahre Gold unserer Erde: Humus!<\/p>\n<p>F\u00fcr alle Menschen ab 4 Jahre<\/p>\n<p>Bei dieser BNE-Theatervorstellung lernen gro\u00dfe und kleine Zuschauer*innen auf fantasievolle und musikalische Weise die faszinierende Welt der Bodenlebewesen kennen: die Asseln, Tausendf\u00fc\u00dfer, Spinnen, Springschw\u00e4nze und Bakterien. Gemeinsam mit Regenwurm-Superstar sorgen sie f\u00fcr gesunden Boden. Und das ist auch \u00e4u\u00dferst klima-relevant. Durch den Aufbau von Humus kann Kohlendioxid wieder in den Boden gebracht werden.<\/p>\n<p>[\/et_pb_text][et_pb_button button_url=&#8220;https:\/\/www.mimekry.de\/&#8220; url_new_window=&#8220;on&#8220; button_text=&#8220;Website&#8220; _builder_version=&#8220;4.24.2&#8243; _module_preset=&#8220;45c9fbc4-8fa9-455f-93b5-96c41c77970a&#8220; button_icon=&#8220;&#xf101;||fa||900&#8243; button_icon_placement=&#8220;left&#8220; button_on_hover=&#8220;off&#8220; global_colors_info=&#8220;{}&#8220;][\/et_pb_button][\/et_pb_column][\/et_pb_row][\/et_pb_section][et_pb_section fb_built=&#8220;1&#8243; custom_padding_last_edited=&#8220;on|phone&#8220; admin_label=&#8220;Popup &#8211; #kids-elitacarstens&#8220; module_id=&#8220;kids-elitacarstens&#8220; module_class=&#8220;popup dark single&#8220; _builder_version=&#8220;4.24.2&#8243; _module_preset=&#8220;default&#8220; background_color=&#8220;#153A4C&#8220; max_width=&#8220;1200px&#8220; custom_padding=&#8220;40px||40px||true|false&#8220; custom_padding_tablet=&#8220;30px||0px||false|false&#8220; custom_padding_phone=&#8220;15px||||false|false&#8220; da_is_popup=&#8220;on&#8220; da_popup_slug=&#8220;kids-elitacarstens&#8220; da_disable_devices=&#8220;off|off|off&#8220; locked=&#8220;off&#8220; global_colors_info=&#8220;{}&#8220; da_exit_intent=&#8220;off&#8220; da_has_close=&#8220;on&#8220; da_alt_close=&#8220;off&#8220; da_dark_close=&#8220;on&#8220; da_not_modal=&#8220;on&#8220; da_is_singular=&#8220;on&#8220; da_with_loader=&#8220;off&#8220; da_has_shadow=&#8220;on&#8220;][et_pb_row _builder_version=&#8220;4.24.0&#8243; _module_preset=&#8220;default&#8220; width_tablet=&#8220;&#8220; width_phone=&#8220;85%&#8220; width_last_edited=&#8220;on|phone&#8220; custom_padding=&#8220;||0px||false|false&#8220; global_colors_info=&#8220;{}&#8220;][et_pb_column type=&#8220;4_4&#8243; _builder_version=&#8220;4.23.4&#8243; _module_preset=&#8220;default&#8220; global_colors_info=&#8220;{}&#8220;][et_pb_text _builder_version=&#8220;4.24.3&#8243; _module_preset=&#8220;default&#8220; background_layout=&#8220;dark&#8220; global_colors_info=&#8220;{}&#8220;]<\/p>\n<h3>Elita Carstens \u2013 M\u00e4rchen\u00aderz\u00e4hlerin<\/h3>\n<h4>15:00 Uhr \u2013 M\u00e4rchenzelt<\/h4>\n<p>[\/et_pb_text][\/et_pb_column][\/et_pb_row][et_pb_row column_structure=&#8220;2_5,3_5&#8243; custom_padding_last_edited=&#8220;on|phone&#8220; module_class=&#8220;buttons-inline&#8220; _builder_version=&#8220;4.23.4&#8243; _module_preset=&#8220;default&#8220; width_tablet=&#8220;&#8220; width_phone=&#8220;85%&#8220; width_last_edited=&#8220;on|phone&#8220; custom_padding=&#8220;||||false|false&#8220; custom_padding_tablet=&#8220;15px||||false|false&#8220; custom_padding_phone=&#8220;5px||||false|false&#8220; global_colors_info=&#8220;{}&#8220;][et_pb_column type=&#8220;2_5&#8243; _builder_version=&#8220;4.23.4&#8243; _module_preset=&#8220;default&#8220; global_colors_info=&#8220;{}&#8220;][et_pb_gallery gallery_ids=&#8220;2216&#8243; fullwidth=&#8220;on&#8220; module_class=&#8220;events&#8220; _builder_version=&#8220;4.24.3&#8243; _module_preset=&#8220;default&#8220; background_layout=&#8220;dark&#8220; global_colors_info=&#8220;{}&#8220;][\/et_pb_gallery][\/et_pb_column][et_pb_column type=&#8220;3_5&#8243; _builder_version=&#8220;4.23.4&#8243; _module_preset=&#8220;default&#8220; global_colors_info=&#8220;{}&#8220;][et_pb_text _builder_version=&#8220;4.24.2&#8243; _module_preset=&#8220;default&#8220; background_layout=&#8220;dark&#8220; global_colors_info=&#8220;{}&#8220;]<\/p>\n<p>Fr\u00fcher gab es zwar noch keinen Asphalt, aber Steine, viele Steine, Auf den Feldern, an den Wegen, in den W\u00e4ldern. Von den kleinen Kieselsteinen bis hin zu gro\u00dfen Felsbrocken. Die meisten waren ganz gew\u00f6hnlich, aber es gab auch immer wieder besondere, solche, die lebendig werden konnten oder solche, in die Menschen hineinverwandelt worden waren. Ob das so blieb oder wie das weiterging; davon erz\u00e4hlt, frei und lebendig, die M\u00e4rchenerz\u00e4hlerin Elita Carstens \u2013 M\u00e4rchen aus verschiedenen Kulturen, kommt mit auf die Reise zu den besonderen Steinen!<\/p>\n<p>M\u00e4rchen f\u00fcr kleine und gro\u00dfe Menschen ab 4 Jahren<\/p>\n<p>[\/et_pb_text][et_pb_button button_url=&#8220;http:\/\/www.elitacarstens.de\/%20&#8243; url_new_window=&#8220;on&#8220; button_text=&#8220;Website&#8220; _builder_version=&#8220;4.24.2&#8243; _module_preset=&#8220;45c9fbc4-8fa9-455f-93b5-96c41c77970a&#8220; button_icon=&#8220;&#xf101;||fa||900&#8243; button_icon_placement=&#8220;left&#8220; button_on_hover=&#8220;off&#8220; global_colors_info=&#8220;{}&#8220;][\/et_pb_button][\/et_pb_column][\/et_pb_row][\/et_pb_section][et_pb_section fb_built=&#8220;1&#8243; custom_padding_last_edited=&#8220;on|phone&#8220; admin_label=&#8220;Popup &#8211; #kids-martinverg&#8220; module_id=&#8220;kids-martinverg&#8220; module_class=&#8220;popup dark single&#8220; _builder_version=&#8220;4.24.2&#8243; _module_preset=&#8220;default&#8220; background_color=&#8220;#153A4C&#8220; max_width=&#8220;1200px&#8220; custom_padding=&#8220;40px||40px||true|false&#8220; custom_padding_tablet=&#8220;30px||0px||false|false&#8220; custom_padding_phone=&#8220;15px||||false|false&#8220; da_is_popup=&#8220;on&#8220; da_popup_slug=&#8220;kids-martinverg&#8220; da_disable_devices=&#8220;off|off|off&#8220; locked=&#8220;off&#8220; global_colors_info=&#8220;{}&#8220; da_exit_intent=&#8220;off&#8220; da_has_close=&#8220;on&#8220; da_alt_close=&#8220;off&#8220; da_dark_close=&#8220;on&#8220; da_not_modal=&#8220;on&#8220; da_is_singular=&#8220;on&#8220; da_with_loader=&#8220;off&#8220; da_has_shadow=&#8220;on&#8220;][et_pb_row _builder_version=&#8220;4.24.0&#8243; _module_preset=&#8220;default&#8220; width_tablet=&#8220;&#8220; width_phone=&#8220;85%&#8220; width_last_edited=&#8220;on|phone&#8220; custom_padding=&#8220;||0px||false|false&#8220; global_colors_info=&#8220;{}&#8220;][et_pb_column type=&#8220;4_4&#8243; _builder_version=&#8220;4.23.4&#8243; _module_preset=&#8220;default&#8220; global_colors_info=&#8220;{}&#8220;][et_pb_text _builder_version=&#8220;4.24.3&#8243; _module_preset=&#8220;default&#8220; background_layout=&#8220;dark&#8220; global_colors_info=&#8220;{}&#8220;]<\/p>\n<h3>Martin Verg \u2013 Kinder\u00adbuch\u00ad\u00adlesung \u201eWas\u00a0macht die Eintags\u00adfliege morgen?\u201c<\/h3>\n<h4>16:00 Uhr \u2013\u00a0M\u00e4rchenzelt<\/h4>\n<p>[\/et_pb_text][\/et_pb_column][\/et_pb_row][et_pb_row column_structure=&#8220;2_5,3_5&#8243; custom_padding_last_edited=&#8220;on|phone&#8220; module_class=&#8220;buttons-inline&#8220; _builder_version=&#8220;4.23.4&#8243; _module_preset=&#8220;default&#8220; width_tablet=&#8220;&#8220; width_phone=&#8220;85%&#8220; width_last_edited=&#8220;on|phone&#8220; custom_padding=&#8220;||||false|false&#8220; custom_padding_tablet=&#8220;15px||||false|false&#8220; custom_padding_phone=&#8220;5px||||false|false&#8220; global_colors_info=&#8220;{}&#8220;][et_pb_column type=&#8220;2_5&#8243; _builder_version=&#8220;4.23.4&#8243; _module_preset=&#8220;default&#8220; global_colors_info=&#8220;{}&#8220;][et_pb_gallery gallery_ids=&#8220;2207,2206&#8243; fullwidth=&#8220;on&#8220; module_class=&#8220;events&#8220; _builder_version=&#8220;4.24.3&#8243; _module_preset=&#8220;default&#8220; background_layout=&#8220;dark&#8220; global_colors_info=&#8220;{}&#8220;][\/et_pb_gallery][\/et_pb_column][et_pb_column type=&#8220;3_5&#8243; _builder_version=&#8220;4.23.4&#8243; _module_preset=&#8220;default&#8220; global_colors_info=&#8220;{}&#8220;][et_pb_text _builder_version=&#8220;4.24.2&#8243; _module_preset=&#8220;default&#8220; background_layout=&#8220;dark&#8220; global_colors_info=&#8220;{}&#8220;]<\/p>\n<p>Ja, was macht die Eintagsfliege denn morgen? Diese und 120 weitere Fragen erkundet Martin Verg in seinem gleichnamigen Buch. Er nimmt seine jungen Leserinnen und Leser mit auf einen abenteuerlichen Streifzug in den Wald, auf die Wiese, ans Wasser. Unterwegs haben sie die erstaunlichsten Begegnungen mit Tieren und Pflanzen, erfahren allerlei \u00dcberraschendes und Aufschlussreiches \u00fcber die verschiedenen Lebensr\u00e4ume \u2013 und auch dar\u00fcber, wie der Mensch sie ver\u00e4ndert, bedroht oder gar erst erschaffen hat. Und hinterher wissen auch alle, warum manche Eintagsfliege ihren Namen v\u00f6llig zu unrecht tr\u00e4gt \u2026<\/p>\n<p>F\u00fcr Familien und Kinder ab neun Jahren<\/p>\n<p>[\/et_pb_text][et_pb_button button_url=&#8220;https:\/\/www.martinverg.de\/&#8220; url_new_window=&#8220;on&#8220; button_text=&#8220;Website&#8220; _builder_version=&#8220;4.24.2&#8243; _module_preset=&#8220;45c9fbc4-8fa9-455f-93b5-96c41c77970a&#8220; button_icon=&#8220;&#xf101;||fa||900&#8243; button_icon_placement=&#8220;left&#8220; button_on_hover=&#8220;off&#8220; global_colors_info=&#8220;{}&#8220;][\/et_pb_button][et_pb_button button_url=&#8220;https:\/\/instagram.com\/martin.verg&#8220; url_new_window=&#8220;on&#8220; button_text=&#8220;Instagram&#8220; _builder_version=&#8220;4.24.2&#8243; _module_preset=&#8220;default&#8220; button_icon=&#8220;&#xf101;||fa||900&#8243; button_icon_placement=&#8220;left&#8220; button_on_hover=&#8220;off&#8220; locked=&#8220;off&#8220; global_colors_info=&#8220;{}&#8220;][\/et_pb_button][\/et_pb_column][\/et_pb_row][\/et_pb_section][et_pb_section fb_built=&#8220;1&#8243; custom_padding_last_edited=&#8220;off|phone&#8220; admin_label=&#8220;Popup &#8211; #musik-rikafolkharp&#8220; module_id=&#8220;musik-rikafolkharp&#8220; module_class=&#8220;popup dark single&#8220; _builder_version=&#8220;4.24.2&#8243; _module_preset=&#8220;default&#8220; background_color=&#8220;#153A4C&#8220; max_width=&#8220;1200px&#8220; custom_padding_tablet=&#8220;1.5em||0em||false|false&#8220; da_is_popup=&#8220;on&#8220; da_popup_slug=&#8220;musik-rikafolkharp&#8220; da_disable_devices=&#8220;off|off|off&#8220; locked=&#8220;off&#8220; global_colors_info=&#8220;{}&#8220; da_exit_intent=&#8220;off&#8220; da_has_close=&#8220;on&#8220; da_alt_close=&#8220;off&#8220; da_dark_close=&#8220;on&#8220; da_not_modal=&#8220;on&#8220; da_is_singular=&#8220;on&#8220; da_with_loader=&#8220;off&#8220; da_has_shadow=&#8220;on&#8220;][et_pb_row _builder_version=&#8220;4.24.0&#8243; _module_preset=&#8220;default&#8220; width_tablet=&#8220;&#8220; width_phone=&#8220;85%&#8220; width_last_edited=&#8220;on|phone&#8220; custom_padding=&#8220;||0px||false|false&#8220; global_colors_info=&#8220;{}&#8220;][et_pb_column type=&#8220;4_4&#8243; _builder_version=&#8220;4.23.4&#8243; _module_preset=&#8220;default&#8220; global_colors_info=&#8220;{}&#8220;][et_pb_text _builder_version=&#8220;4.24.3&#8243; _module_preset=&#8220;default&#8220; background_layout=&#8220;dark&#8220; global_colors_info=&#8220;{}&#8220;]<\/p>\n<h3>RIKA \u2013 folkharp<\/h3>\n<h4>17:00 Uhr \u2013 M\u00e4rchenzelt\u200b<\/h4>\n<p>[\/et_pb_text][\/et_pb_column][\/et_pb_row][et_pb_row column_structure=&#8220;2_5,3_5&#8243; custom_padding_last_edited=&#8220;on|phone&#8220; module_class=&#8220;buttons-inline&#8220; _builder_version=&#8220;4.23.4&#8243; _module_preset=&#8220;default&#8220; width_tablet=&#8220;&#8220; width_phone=&#8220;85%&#8220; width_last_edited=&#8220;on|phone&#8220; custom_padding=&#8220;||||false|false&#8220; custom_padding_tablet=&#8220;15px||||false|false&#8220; custom_padding_phone=&#8220;5px||||false|false&#8220; global_colors_info=&#8220;{}&#8220;][et_pb_column type=&#8220;2_5&#8243; _builder_version=&#8220;4.23.4&#8243; _module_preset=&#8220;default&#8220; global_colors_info=&#8220;{}&#8220;][et_pb_gallery gallery_ids=&#8220;2186,2187,2188&#8243; fullwidth=&#8220;on&#8220; _builder_version=&#8220;4.24.3&#8243; _module_preset=&#8220;default&#8220; background_layout=&#8220;dark&#8220; global_colors_info=&#8220;{}&#8220;][\/et_pb_gallery][\/et_pb_column][et_pb_column type=&#8220;3_5&#8243; _builder_version=&#8220;4.23.4&#8243; _module_preset=&#8220;default&#8220; global_colors_info=&#8220;{}&#8220;][et_pb_text _builder_version=&#8220;4.24.2&#8243; _module_preset=&#8220;default&#8220; background_layout=&#8220;dark&#8220; global_colors_info=&#8220;{}&#8220;]<\/p>\n<p class=\"p1\">Instrumentale Harfenmusik zum Tr\u00e4umen. Rika nimmt euch mit in die keltische, mystische Klangwelt. Begleitet wird sie von ihrem Duopartner Joseph Hanopol an der Gitarre und den Percussions. Sanfte Melodien strahlen eine vertr\u00e4umte Grundstimmung aus, die von rhythmischen Elementen umspielt wird. Die Harfenmelodien erz\u00e4hlen M\u00e4rchen und lassen innere Bilder von moosbewachsenen B\u00e4umen, verwunschenen W\u00e4ldern, Nebel behangenen Bergen und glasklaren Seen entstehen.<\/p>\n<p>[\/et_pb_text][et_pb_button button_url=&#8220;https:\/\/www.folkharp.de&#8220; url_new_window=&#8220;on&#8220; button_text=&#8220;Website&#8220; disabled_on=&#8220;off|off|off&#8220; _builder_version=&#8220;4.24.2&#8243; _module_preset=&#8220;45c9fbc4-8fa9-455f-93b5-96c41c77970a&#8220; button_icon=&#8220;&#xf101;||fa||900&#8243; button_icon_placement=&#8220;left&#8220; button_on_hover=&#8220;off&#8220; global_colors_info=&#8220;{}&#8220;][\/et_pb_button][et_pb_button button_url=&#8220;https:\/\/www.instagram.com\/folkharp&#8220; url_new_window=&#8220;on&#8220; button_text=&#8220;Instagram&#8220; _builder_version=&#8220;4.24.2&#8243; _module_preset=&#8220;default&#8220; button_icon=&#8220;&#xf101;||fa||900&#8243; button_icon_placement=&#8220;left&#8220; button_on_hover=&#8220;off&#8220; global_colors_info=&#8220;{}&#8220;][\/et_pb_button][\/et_pb_column][\/et_pb_row][\/et_pb_section]<\/p>\n","protected":false},"excerpt":{"rendered":"<p>Timetable 2024Zeit1314151617181920Billeb\u00fchne#Krautschau Rundgang 13:00 UhrHei\u00dfes Pflaster Rundgang ab 14:00 UhrHochwasserbassin Rundgang ab 14:30 UhrDan &amp; Dora Kammermusik 15:00 UhrAndreas Dorau Rundgang 16:00 UhrRen\u00e9 Tenenjou &amp; Band Afro-Latino-Jazz 17:00 UhrDrei S\u00e4cke Bauschutt Postpunk 19:00 UhrHallohalleLange Tafel: PARKS 13:30 UhrHALLO: Radio ab 14:00 UhrLange Tafel: Hamburgs G\u00e4rten 14:15 UhrBen Nurgen\u00e7: Performativer Workshop ab 15:00 UhrLange Tafel: KEBAP\u00a0e.V. [&hellip;]<\/p>\n","protected":false},"author":1,"featured_media":0,"parent":0,"menu_order":0,"comment_status":"closed","ping_status":"closed","template":"","meta":{"_et_pb_use_builder":"on","_et_pb_old_content":"","_et_gb_content_width":"","footnotes":""},"class_list":["post-3308","page","type-page","status-publish","hentry"],"_links":{"self":[{"href":"https:\/\/www.asphaltsprenger.de\/en\/wp-json\/wp\/v2\/pages\/3308","targetHints":{"allow":["GET"]}}],"collection":[{"href":"https:\/\/www.asphaltsprenger.de\/en\/wp-json\/wp\/v2\/pages"}],"about":[{"href":"https:\/\/www.asphaltsprenger.de\/en\/wp-json\/wp\/v2\/types\/page"}],"author":[{"embeddable":true,"href":"https:\/\/www.asphaltsprenger.de\/en\/wp-json\/wp\/v2\/users\/1"}],"replies":[{"embeddable":true,"href":"https:\/\/www.asphaltsprenger.de\/en\/wp-json\/wp\/v2\/comments?post=3308"}],"version-history":[{"count":3,"href":"https:\/\/www.asphaltsprenger.de\/en\/wp-json\/wp\/v2\/pages\/3308\/revisions"}],"predecessor-version":[{"id":3564,"href":"https:\/\/www.asphaltsprenger.de\/en\/wp-json\/wp\/v2\/pages\/3308\/revisions\/3564"}],"wp:attachment":[{"href":"https:\/\/www.asphaltsprenger.de\/en\/wp-json\/wp\/v2\/media?parent=3308"}],"curies":[{"name":"wp","href":"https:\/\/api.w.org\/{rel}","templated":true}]}}